{"id":57169,"date":"2026-03-19T17:16:09","date_gmt":"2026-03-19T20:16:09","guid":{"rendered":"https:\/\/projetopack.com.br\/?post_type=agenda&#038;p=57169"},"modified":"2026-03-19T17:16:09","modified_gmt":"2026-03-19T20:16:09","slug":"fce-pharma-fce-cosmetique","status":"publish","type":"agenda","link":"https:\/\/projetopack.com.br\/en\/agenda\/fce-pharma-fce-cosmetique\/","title":{"rendered":"FCE Pharma &#038; FCE Cosmetique"},"content":{"rendered":"<div class=\"elementor-element elementor-element-8348932 elementor-widget elementor-widget-heading\" data-id=\"8348932\" data-element_type=\"widget\" data-e-type=\"widget\" data-widget_type=\"heading.default\">\n<div class=\"elementor-widget-container\">\n<h2 class=\"elementor-heading-title elementor-size-default\">A Aurora da Beleza do Bem-Estar<\/h2>\n<\/div>\n<\/div>\n<div class=\"elementor-element elementor-element-e67e64c elementor-widget elementor-widget-text-editor\" data-id=\"e67e64c\" data-element_type=\"widget\" data-e-type=\"widget\" data-widget_type=\"text-editor.default\">\n<div class=\"elementor-widget-container\">\n<p>A FCE Cosmetique faz parte do ecossistema\u00a0<a href=\"https:\/\/nm-brasil.com.br\/\" target=\"_blank\" rel=\"noopener\">N\u00fcrnbergMesse Brasil<\/a>, conectando marcas, profissionais e tend\u00eancias ao longo de todo o ano. Inspirados pelo\u00a0<a href=\"https:\/\/www.talkscience.com.br\/industria-cosmetica\/fce-pharma-cosmetique-2026-a-nova-era-da-saude-e-beleza\" target=\"_blank\" rel=\"noopener\">conceito Belloris Futuris<\/a>, promovemos experi\u00eancias que unem inova\u00e7\u00e3o, sensibilidade e express\u00e3o, fortalecendo relacionamentos e impulsionando neg\u00f3cios em toda a cadeia cosm\u00e9tica.<\/p>\n<\/div>\n<\/div>","protected":false},"excerpt":{"rendered":"<p>A Aurora da Beleza do Bem-Estar A FCE Cosmetique faz parte do ecossistema\u00a0N\u00fcrnbergMesse Brasil, conectando marcas, profissionais e tend\u00eancias ao longo de todo o ano. Inspirados pelo\u00a0conceito Belloris Futuris, promovemos experi\u00eancias que unem inova\u00e7\u00e3o, sensibilidade e express\u00e3o, fortalecendo relacionamentos e impulsionando neg\u00f3cios em toda a cadeia cosm\u00e9tica.<\/p>","protected":false},"featured_media":57170,"template":"","tags":[1167],"class_list":["post-57169","agenda","type-agenda","status-publish","has-post-thumbnail","hentry","tag-fce-cosmetique"],"yoast_head":"<!-- This site is optimized with the Yoast SEO Premium plugin v27.1 (Yoast SEO v27.1.1) - https:\/\/yoast.com\/product\/yoast-seo-premium-wordpress\/ -->\n<title>FCE Pharma &amp; FCE Cosmetique - ProjetoPack<\/title>\n<meta name=\"robots\" content=\"index, follow, max-snippet:-1, max-image-preview:large, max-video-preview:-1\" \/>\n<link rel=\"canonical\" href=\"https:\/\/projetopack.com.br\/en\/agenda\/fce-pharma-fce-cosmetique\/\" \/>\n<meta property=\"og:locale\" content=\"en_US\" \/>\n<meta property=\"og:type\" content=\"article\" \/>\n<meta property=\"og:title\" content=\"FCE Pharma &amp; FCE Cosmetique\" \/>\n<meta property=\"og:description\" content=\"A Aurora da Beleza do Bem-Estar A FCE Cosmetique faz parte do ecossistema\u00a0N\u00fcrnbergMesse Brasil, conectando marcas, profissionais e tend\u00eancias ao longo de todo o ano. Inspirados pelo\u00a0conceito Belloris Futuris, promovemos experi\u00eancias que unem inova\u00e7\u00e3o, sensibilidade e express\u00e3o, fortalecendo relacionamentos e impulsionando neg\u00f3cios em toda a cadeia cosm\u00e9tica.\" \/>\n<meta property=\"og:url\" content=\"https:\/\/projetopack.com.br\/en\/agenda\/fce-pharma-fce-cosmetique\/\" \/>\n<meta property=\"og:site_name\" content=\"ProjetoPack\" \/>\n<meta property=\"og:image\" content=\"https:\/\/projetopack.com.br\/wp-content\/uploads\/2026\/03\/fce-cosmetique.jpg\" \/>\n\t<meta property=\"og:image:width\" content=\"474\" \/>\n\t<meta property=\"og:image:height\" content=\"79\" \/>\n\t<meta property=\"og:image:type\" content=\"image\/jpeg\" \/>\n<meta name=\"twitter:card\" content=\"summary_large_image\" \/>\n<meta name=\"twitter:site\" content=\"@ProjetoPack\" \/>\n<meta name=\"twitter:label1\" content=\"Est. reading time\" \/>\n\t<meta name=\"twitter:data1\" content=\"1 minute\" \/>\n<script type=\"application\/ld+json\" class=\"yoast-schema-graph\">{\"@context\":\"https:\/\/schema.org\",\"@graph\":[{\"@type\":\"WebPage\",\"@id\":\"https:\/\/projetopack.com.br\/agenda\/fce-pharma-fce-cosmetique\/\",\"url\":\"https:\/\/projetopack.com.br\/agenda\/fce-pharma-fce-cosmetique\/\",\"name\":\"FCE Pharma & FCE Cosmetique - ProjetoPack\",\"isPartOf\":{\"@id\":\"https:\/\/projetopack.com.br\/#website\"},\"primaryImageOfPage\":{\"@id\":\"https:\/\/projetopack.com.br\/agenda\/fce-pharma-fce-cosmetique\/#primaryimage\"},\"image\":{\"@id\":\"https:\/\/projetopack.com.br\/agenda\/fce-pharma-fce-cosmetique\/#primaryimage\"},\"thumbnailUrl\":\"https:\/\/projetopack.com.br\/wp-content\/uploads\/2026\/03\/fce-cosmetique.jpg\",\"datePublished\":\"2026-03-19T20:16:09+00:00\",\"breadcrumb\":{\"@id\":\"https:\/\/projetopack.com.br\/agenda\/fce-pharma-fce-cosmetique\/#breadcrumb\"},\"inLanguage\":\"en-US\",\"potentialAction\":[{\"@type\":\"ReadAction\",\"target\":[\"https:\/\/projetopack.com.br\/agenda\/fce-pharma-fce-cosmetique\/\"]}]},{\"@type\":\"ImageObject\",\"inLanguage\":\"en-US\",\"@id\":\"https:\/\/projetopack.com.br\/agenda\/fce-pharma-fce-cosmetique\/#primaryimage\",\"url\":\"https:\/\/projetopack.com.br\/wp-content\/uploads\/2026\/03\/fce-cosmetique.jpg\",\"contentUrl\":\"https:\/\/projetopack.com.br\/wp-content\/uploads\/2026\/03\/fce-cosmetique.jpg\",\"width\":474,\"height\":79},{\"@type\":\"BreadcrumbList\",\"@id\":\"https:\/\/projetopack.com.br\/agenda\/fce-pharma-fce-cosmetique\/#breadcrumb\",\"itemListElement\":[{\"@type\":\"ListItem\",\"position\":1,\"name\":\"P\u00e1gina Inicial\",\"item\":\"https:\/\/projetopack.com.br\/\"},{\"@type\":\"ListItem\",\"position\":2,\"name\":\"Evento\",\"item\":\"https:\/\/projetopack.com.br\/agenda\/\"},{\"@type\":\"ListItem\",\"position\":3,\"name\":\"FCE Pharma &#038; FCE Cosmetique\"}]},{\"@type\":\"WebSite\",\"@id\":\"https:\/\/projetopack.com.br\/#website\",\"url\":\"https:\/\/projetopack.com.br\/\",\"name\":\"ProjetoPack\",\"description\":\"Consultoria e servi\u00e7os para embalagens, r\u00f3tulos, etiquetas e processos de impress\u00e3o\",\"publisher\":{\"@id\":\"https:\/\/projetopack.com.br\/#organization\"},\"potentialAction\":[{\"@type\":\"SearchAction\",\"target\":{\"@type\":\"EntryPoint\",\"urlTemplate\":\"https:\/\/projetopack.com.br\/?s={search_term_string}\"},\"query-input\":{\"@type\":\"PropertyValueSpecification\",\"valueRequired\":true,\"valueName\":\"search_term_string\"}}],\"inLanguage\":\"en-US\"},{\"@type\":\"Organization\",\"@id\":\"https:\/\/projetopack.com.br\/#organization\",\"name\":\"ProjetoPack & Associados\",\"url\":\"https:\/\/projetopack.com.br\/\",\"logo\":{\"@type\":\"ImageObject\",\"inLanguage\":\"en-US\",\"@id\":\"https:\/\/projetopack.com.br\/#\/schema\/logo\/image\/\",\"url\":\"https:\/\/projetopack.com.br\/wp-content\/uploads\/2020\/09\/projetopack.png\",\"contentUrl\":\"https:\/\/projetopack.com.br\/wp-content\/uploads\/2020\/09\/projetopack.png\",\"width\":200,\"height\":200,\"caption\":\"ProjetoPack & Associados\"},\"image\":{\"@id\":\"https:\/\/projetopack.com.br\/#\/schema\/logo\/image\/\"},\"sameAs\":[\"https:\/\/x.com\/ProjetoPack\",\"https:\/\/www.linkedin.com\/company\/projetopack\/\"]}]}<\/script>\n<!-- \/ Yoast SEO Premium plugin. -->","yoast_head_json":{"title":"FCE Pharma & FCE Cosmetique - ProjetoPack","robots":{"index":"index","follow":"follow","max-snippet":"max-snippet:-1","max-image-preview":"max-image-preview:large","max-video-preview":"max-video-preview:-1"},"canonical":"https:\/\/projetopack.com.br\/en\/agenda\/fce-pharma-fce-cosmetique\/","og_locale":"en_US","og_type":"article","og_title":"FCE Pharma & FCE Cosmetique","og_description":"A Aurora da Beleza do Bem-Estar A FCE Cosmetique faz parte do ecossistema\u00a0N\u00fcrnbergMesse Brasil, conectando marcas, profissionais e tend\u00eancias ao longo de todo o ano. Inspirados pelo\u00a0conceito Belloris Futuris, promovemos experi\u00eancias que unem inova\u00e7\u00e3o, sensibilidade e express\u00e3o, fortalecendo relacionamentos e impulsionando neg\u00f3cios em toda a cadeia cosm\u00e9tica.","og_url":"https:\/\/projetopack.com.br\/en\/agenda\/fce-pharma-fce-cosmetique\/","og_site_name":"ProjetoPack","og_image":[{"width":474,"height":79,"url":"https:\/\/projetopack.com.br\/wp-content\/uploads\/2026\/03\/fce-cosmetique.jpg","type":"image\/jpeg"}],"twitter_card":"summary_large_image","twitter_site":"@ProjetoPack","twitter_misc":{"Est. reading time":"1 minute"},"schema":{"@context":"https:\/\/schema.org","@graph":[{"@type":"WebPage","@id":"https:\/\/projetopack.com.br\/agenda\/fce-pharma-fce-cosmetique\/","url":"https:\/\/projetopack.com.br\/agenda\/fce-pharma-fce-cosmetique\/","name":"FCE Pharma & FCE Cosmetique - ProjetoPack","isPartOf":{"@id":"https:\/\/projetopack.com.br\/#website"},"primaryImageOfPage":{"@id":"https:\/\/projetopack.com.br\/agenda\/fce-pharma-fce-cosmetique\/#primaryimage"},"image":{"@id":"https:\/\/projetopack.com.br\/agenda\/fce-pharma-fce-cosmetique\/#primaryimage"},"thumbnailUrl":"https:\/\/projetopack.com.br\/wp-content\/uploads\/2026\/03\/fce-cosmetique.jpg","datePublished":"2026-03-19T20:16:09+00:00","breadcrumb":{"@id":"https:\/\/projetopack.com.br\/agenda\/fce-pharma-fce-cosmetique\/#breadcrumb"},"inLanguage":"en-US","potentialAction":[{"@type":"ReadAction","target":["https:\/\/projetopack.com.br\/agenda\/fce-pharma-fce-cosmetique\/"]}]},{"@type":"ImageObject","inLanguage":"en-US","@id":"https:\/\/projetopack.com.br\/agenda\/fce-pharma-fce-cosmetique\/#primaryimage","url":"https:\/\/projetopack.com.br\/wp-content\/uploads\/2026\/03\/fce-cosmetique.jpg","contentUrl":"https:\/\/projetopack.com.br\/wp-content\/uploads\/2026\/03\/fce-cosmetique.jpg","width":474,"height":79},{"@type":"BreadcrumbList","@id":"https:\/\/projetopack.com.br\/agenda\/fce-pharma-fce-cosmetique\/#breadcrumb","itemListElement":[{"@type":"ListItem","position":1,"name":"P\u00e1gina Inicial","item":"https:\/\/projetopack.com.br\/"},{"@type":"ListItem","position":2,"name":"Evento","item":"https:\/\/projetopack.com.br\/agenda\/"},{"@type":"ListItem","position":3,"name":"FCE Pharma &#038; FCE Cosmetique"}]},{"@type":"WebSite","@id":"https:\/\/projetopack.com.br\/#website","url":"https:\/\/projetopack.com.br\/","name":"ProjetoPack","description":"Consultoria e servi\u00e7os para embalagens, r\u00f3tulos, etiquetas e processos de impress\u00e3o","publisher":{"@id":"https:\/\/projetopack.com.br\/#organization"},"potentialAction":[{"@type":"SearchAction","target":{"@type":"EntryPoint","urlTemplate":"https:\/\/projetopack.com.br\/?s={search_term_string}"},"query-input":{"@type":"PropertyValueSpecification","valueRequired":true,"valueName":"search_term_string"}}],"inLanguage":"en-US"},{"@type":"Organization","@id":"https:\/\/projetopack.com.br\/#organization","name":"ProjetoPack & Associados","url":"https:\/\/projetopack.com.br\/","logo":{"@type":"ImageObject","inLanguage":"en-US","@id":"https:\/\/projetopack.com.br\/#\/schema\/logo\/image\/","url":"https:\/\/projetopack.com.br\/wp-content\/uploads\/2020\/09\/projetopack.png","contentUrl":"https:\/\/projetopack.com.br\/wp-content\/uploads\/2020\/09\/projetopack.png","width":200,"height":200,"caption":"ProjetoPack & Associados"},"image":{"@id":"https:\/\/projetopack.com.br\/#\/schema\/logo\/image\/"},"sameAs":["https:\/\/x.com\/ProjetoPack","https:\/\/www.linkedin.com\/company\/projetopack\/"]}]}},"_links":{"self":[{"href":"https:\/\/projetopack.com.br\/en\/wp-json\/wp\/v2\/agenda\/57169","targetHints":{"allow":["GET"]}}],"collection":[{"href":"https:\/\/projetopack.com.br\/en\/wp-json\/wp\/v2\/agenda"}],"about":[{"href":"https:\/\/projetopack.com.br\/en\/wp-json\/wp\/v2\/types\/agenda"}],"wp:featuredmedia":[{"embeddable":true,"href":"https:\/\/projetopack.com.br\/en\/wp-json\/wp\/v2\/media\/57170"}],"wp:attachment":[{"href":"https:\/\/projetopack.com.br\/en\/wp-json\/wp\/v2\/media?parent=57169"}],"wp:term":[{"taxonomy":"post_tag","embeddable":true,"href":"https:\/\/projetopack.com.br\/en\/wp-json\/wp\/v2\/tags?post=57169"}],"curies":[{"name":"wp","href":"https:\/\/api.w.org\/{rel}","templated":true}]}}