{"id":57181,"date":"2026-03-19T18:00:17","date_gmt":"2026-03-19T21:00:17","guid":{"rendered":"https:\/\/projetopack.com.br\/?post_type=agenda&#038;p=57181"},"modified":"2026-03-19T18:05:01","modified_gmt":"2026-03-19T21:05:01","slug":"label-expo-americas-2026","status":"publish","type":"agenda","link":"https:\/\/projetopack.com.br\/en\/agenda\/label-expo-americas-2026\/","title":{"rendered":"Label Expo Americas 2026"},"content":{"rendered":"<p><span dir=\"auto\">LOUPE Americas \u00e9 o maior evento da Am\u00e9rica do Norte dedicado \u00e0 impress\u00e3o de r\u00f3tulos e embalagens. Anteriormente conhecida como Labelexpo, a feira evoluiu com o setor e adotou uma perspectiva mais ampla, abrangendo embalagens flex\u00edveis e tecnologia de convers\u00e3o de caixas dobr\u00e1veis, sem deixar de ser o centro da inova\u00e7\u00e3o em r\u00f3tulos.<\/span><\/p>\n<p><span dir=\"auto\">O evento apresenta centenas de demonstra\u00e7\u00f5es ao vivo e lan\u00e7amentos de produtos de fabricantes globais. Os participantes vivenciam as tecnologias mais recentes em a\u00e7\u00e3o, comparam solu\u00e7\u00f5es em toda a cadeia de suprimentos e exploram os avan\u00e7os que moldam a produ\u00e7\u00e3o, o design e o engajamento com a marca.<\/span><\/p>","protected":false},"excerpt":{"rendered":"<p>LOUPE Americas \u00e9 o maior evento da Am\u00e9rica do Norte dedicado \u00e0 impress\u00e3o de r\u00f3tulos e embalagens. Anteriormente conhecida como Labelexpo, a feira evoluiu com o setor e adotou uma perspectiva mais ampla, abrangendo embalagens flex\u00edveis e tecnologia de convers\u00e3o de caixas dobr\u00e1veis, sem deixar de ser o centro da inova\u00e7\u00e3o em r\u00f3tulos. O evento [&hellip;]<\/p>\n","protected":false},"featured_media":57182,"template":"","tags":[1171],"class_list":["post-57181","agenda","type-agenda","status-publish","has-post-thumbnail","hentry","tag-label-expo"],"yoast_head":"<!-- This site is optimized with the Yoast SEO Premium plugin v27.1 (Yoast SEO v27.1.1) - https:\/\/yoast.com\/product\/yoast-seo-premium-wordpress\/ -->\n<title>Label Expo Americas 2026 - ProjetoPack<\/title>\n<meta name=\"robots\" content=\"index, follow, max-snippet:-1, max-image-preview:large, max-video-preview:-1\" \/>\n<link rel=\"canonical\" href=\"https:\/\/projetopack.com.br\/en\/agenda\/label-expo-americas-2026\/\" \/>\n<meta property=\"og:locale\" content=\"en_US\" \/>\n<meta property=\"og:type\" content=\"article\" \/>\n<meta property=\"og:title\" content=\"Label Expo Americas 2026\" \/>\n<meta property=\"og:description\" content=\"LOUPE Americas \u00e9 o maior evento da Am\u00e9rica do Norte dedicado \u00e0 impress\u00e3o de r\u00f3tulos e embalagens. Anteriormente conhecida como Labelexpo, a feira evoluiu com o setor e adotou uma perspectiva mais ampla, abrangendo embalagens flex\u00edveis e tecnologia de convers\u00e3o de caixas dobr\u00e1veis, sem deixar de ser o centro da inova\u00e7\u00e3o em r\u00f3tulos. O evento [&hellip;]\" \/>\n<meta property=\"og:url\" content=\"https:\/\/projetopack.com.br\/en\/agenda\/label-expo-americas-2026\/\" \/>\n<meta property=\"og:site_name\" content=\"ProjetoPack\" \/>\n<meta property=\"article:modified_time\" content=\"2026-03-19T21:05:01+00:00\" \/>\n<meta property=\"og:image\" content=\"https:\/\/projetopack.com.br\/wp-content\/uploads\/2026\/03\/download.jpg\" \/>\n\t<meta property=\"og:image:width\" content=\"318\" \/>\n\t<meta property=\"og:image:height\" content=\"159\" \/>\n\t<meta property=\"og:image:type\" content=\"image\/jpeg\" \/>\n<meta name=\"twitter:card\" content=\"summary_large_image\" \/>\n<meta name=\"twitter:site\" content=\"@ProjetoPack\" \/>\n<meta name=\"twitter:label1\" content=\"Est. reading time\" \/>\n\t<meta name=\"twitter:data1\" content=\"1 minute\" \/>\n<script type=\"application\/ld+json\" class=\"yoast-schema-graph\">{\"@context\":\"https:\/\/schema.org\",\"@graph\":[{\"@type\":\"WebPage\",\"@id\":\"https:\/\/projetopack.com.br\/agenda\/label-expo-americas-2026\/\",\"url\":\"https:\/\/projetopack.com.br\/agenda\/label-expo-americas-2026\/\",\"name\":\"Label Expo Americas 2026 - ProjetoPack\",\"isPartOf\":{\"@id\":\"https:\/\/projetopack.com.br\/#website\"},\"primaryImageOfPage\":{\"@id\":\"https:\/\/projetopack.com.br\/agenda\/label-expo-americas-2026\/#primaryimage\"},\"image\":{\"@id\":\"https:\/\/projetopack.com.br\/agenda\/label-expo-americas-2026\/#primaryimage\"},\"thumbnailUrl\":\"https:\/\/projetopack.com.br\/wp-content\/uploads\/2026\/03\/download.jpg\",\"datePublished\":\"2026-03-19T21:00:17+00:00\",\"dateModified\":\"2026-03-19T21:05:01+00:00\",\"breadcrumb\":{\"@id\":\"https:\/\/projetopack.com.br\/agenda\/label-expo-americas-2026\/#breadcrumb\"},\"inLanguage\":\"en-US\",\"potentialAction\":[{\"@type\":\"ReadAction\",\"target\":[\"https:\/\/projetopack.com.br\/agenda\/label-expo-americas-2026\/\"]}]},{\"@type\":\"ImageObject\",\"inLanguage\":\"en-US\",\"@id\":\"https:\/\/projetopack.com.br\/agenda\/label-expo-americas-2026\/#primaryimage\",\"url\":\"https:\/\/projetopack.com.br\/wp-content\/uploads\/2026\/03\/download.jpg\",\"contentUrl\":\"https:\/\/projetopack.com.br\/wp-content\/uploads\/2026\/03\/download.jpg\",\"width\":318,\"height\":159},{\"@type\":\"BreadcrumbList\",\"@id\":\"https:\/\/projetopack.com.br\/agenda\/label-expo-americas-2026\/#breadcrumb\",\"itemListElement\":[{\"@type\":\"ListItem\",\"position\":1,\"name\":\"P\u00e1gina Inicial\",\"item\":\"https:\/\/projetopack.com.br\/\"},{\"@type\":\"ListItem\",\"position\":2,\"name\":\"Evento\",\"item\":\"https:\/\/projetopack.com.br\/agenda\/\"},{\"@type\":\"ListItem\",\"position\":3,\"name\":\"Label Expo Americas 2026\"}]},{\"@type\":\"WebSite\",\"@id\":\"https:\/\/projetopack.com.br\/#website\",\"url\":\"https:\/\/projetopack.com.br\/\",\"name\":\"ProjetoPack\",\"description\":\"Consultoria e servi\u00e7os para embalagens, r\u00f3tulos, etiquetas e processos de impress\u00e3o\",\"publisher\":{\"@id\":\"https:\/\/projetopack.com.br\/#organization\"},\"potentialAction\":[{\"@type\":\"SearchAction\",\"target\":{\"@type\":\"EntryPoint\",\"urlTemplate\":\"https:\/\/projetopack.com.br\/?s={search_term_string}\"},\"query-input\":{\"@type\":\"PropertyValueSpecification\",\"valueRequired\":true,\"valueName\":\"search_term_string\"}}],\"inLanguage\":\"en-US\"},{\"@type\":\"Organization\",\"@id\":\"https:\/\/projetopack.com.br\/#organization\",\"name\":\"ProjetoPack & Associados\",\"url\":\"https:\/\/projetopack.com.br\/\",\"logo\":{\"@type\":\"ImageObject\",\"inLanguage\":\"en-US\",\"@id\":\"https:\/\/projetopack.com.br\/#\/schema\/logo\/image\/\",\"url\":\"https:\/\/projetopack.com.br\/wp-content\/uploads\/2020\/09\/projetopack.png\",\"contentUrl\":\"https:\/\/projetopack.com.br\/wp-content\/uploads\/2020\/09\/projetopack.png\",\"width\":200,\"height\":200,\"caption\":\"ProjetoPack & Associados\"},\"image\":{\"@id\":\"https:\/\/projetopack.com.br\/#\/schema\/logo\/image\/\"},\"sameAs\":[\"https:\/\/x.com\/ProjetoPack\",\"https:\/\/www.linkedin.com\/company\/projetopack\/\"]}]}<\/script>\n<!-- \/ Yoast SEO Premium plugin. -->","yoast_head_json":{"title":"Label Expo Americas 2026 - ProjetoPack","robots":{"index":"index","follow":"follow","max-snippet":"max-snippet:-1","max-image-preview":"max-image-preview:large","max-video-preview":"max-video-preview:-1"},"canonical":"https:\/\/projetopack.com.br\/en\/agenda\/label-expo-americas-2026\/","og_locale":"en_US","og_type":"article","og_title":"Label Expo Americas 2026","og_description":"LOUPE Americas \u00e9 o maior evento da Am\u00e9rica do Norte dedicado \u00e0 impress\u00e3o de r\u00f3tulos e embalagens. Anteriormente conhecida como Labelexpo, a feira evoluiu com o setor e adotou uma perspectiva mais ampla, abrangendo embalagens flex\u00edveis e tecnologia de convers\u00e3o de caixas dobr\u00e1veis, sem deixar de ser o centro da inova\u00e7\u00e3o em r\u00f3tulos. O evento [&hellip;]","og_url":"https:\/\/projetopack.com.br\/en\/agenda\/label-expo-americas-2026\/","og_site_name":"ProjetoPack","article_modified_time":"2026-03-19T21:05:01+00:00","og_image":[{"width":318,"height":159,"url":"https:\/\/projetopack.com.br\/wp-content\/uploads\/2026\/03\/download.jpg","type":"image\/jpeg"}],"twitter_card":"summary_large_image","twitter_site":"@ProjetoPack","twitter_misc":{"Est. reading time":"1 minute"},"schema":{"@context":"https:\/\/schema.org","@graph":[{"@type":"WebPage","@id":"https:\/\/projetopack.com.br\/agenda\/label-expo-americas-2026\/","url":"https:\/\/projetopack.com.br\/agenda\/label-expo-americas-2026\/","name":"Label Expo Americas 2026 - ProjetoPack","isPartOf":{"@id":"https:\/\/projetopack.com.br\/#website"},"primaryImageOfPage":{"@id":"https:\/\/projetopack.com.br\/agenda\/label-expo-americas-2026\/#primaryimage"},"image":{"@id":"https:\/\/projetopack.com.br\/agenda\/label-expo-americas-2026\/#primaryimage"},"thumbnailUrl":"https:\/\/projetopack.com.br\/wp-content\/uploads\/2026\/03\/download.jpg","datePublished":"2026-03-19T21:00:17+00:00","dateModified":"2026-03-19T21:05:01+00:00","breadcrumb":{"@id":"https:\/\/projetopack.com.br\/agenda\/label-expo-americas-2026\/#breadcrumb"},"inLanguage":"en-US","potentialAction":[{"@type":"ReadAction","target":["https:\/\/projetopack.com.br\/agenda\/label-expo-americas-2026\/"]}]},{"@type":"ImageObject","inLanguage":"en-US","@id":"https:\/\/projetopack.com.br\/agenda\/label-expo-americas-2026\/#primaryimage","url":"https:\/\/projetopack.com.br\/wp-content\/uploads\/2026\/03\/download.jpg","contentUrl":"https:\/\/projetopack.com.br\/wp-content\/uploads\/2026\/03\/download.jpg","width":318,"height":159},{"@type":"BreadcrumbList","@id":"https:\/\/projetopack.com.br\/agenda\/label-expo-americas-2026\/#breadcrumb","itemListElement":[{"@type":"ListItem","position":1,"name":"P\u00e1gina Inicial","item":"https:\/\/projetopack.com.br\/"},{"@type":"ListItem","position":2,"name":"Evento","item":"https:\/\/projetopack.com.br\/agenda\/"},{"@type":"ListItem","position":3,"name":"Label Expo Americas 2026"}]},{"@type":"WebSite","@id":"https:\/\/projetopack.com.br\/#website","url":"https:\/\/projetopack.com.br\/","name":"ProjetoPack","description":"Consultoria e servi\u00e7os para embalagens, r\u00f3tulos, etiquetas e processos de impress\u00e3o","publisher":{"@id":"https:\/\/projetopack.com.br\/#organization"},"potentialAction":[{"@type":"SearchAction","target":{"@type":"EntryPoint","urlTemplate":"https:\/\/projetopack.com.br\/?s={search_term_string}"},"query-input":{"@type":"PropertyValueSpecification","valueRequired":true,"valueName":"search_term_string"}}],"inLanguage":"en-US"},{"@type":"Organization","@id":"https:\/\/projetopack.com.br\/#organization","name":"ProjetoPack & Associados","url":"https:\/\/projetopack.com.br\/","logo":{"@type":"ImageObject","inLanguage":"en-US","@id":"https:\/\/projetopack.com.br\/#\/schema\/logo\/image\/","url":"https:\/\/projetopack.com.br\/wp-content\/uploads\/2020\/09\/projetopack.png","contentUrl":"https:\/\/projetopack.com.br\/wp-content\/uploads\/2020\/09\/projetopack.png","width":200,"height":200,"caption":"ProjetoPack & Associados"},"image":{"@id":"https:\/\/projetopack.com.br\/#\/schema\/logo\/image\/"},"sameAs":["https:\/\/x.com\/ProjetoPack","https:\/\/www.linkedin.com\/company\/projetopack\/"]}]}},"_links":{"self":[{"href":"https:\/\/projetopack.com.br\/en\/wp-json\/wp\/v2\/agenda\/57181","targetHints":{"allow":["GET"]}}],"collection":[{"href":"https:\/\/projetopack.com.br\/en\/wp-json\/wp\/v2\/agenda"}],"about":[{"href":"https:\/\/projetopack.com.br\/en\/wp-json\/wp\/v2\/types\/agenda"}],"wp:featuredmedia":[{"embeddable":true,"href":"https:\/\/projetopack.com.br\/en\/wp-json\/wp\/v2\/media\/57182"}],"wp:attachment":[{"href":"https:\/\/projetopack.com.br\/en\/wp-json\/wp\/v2\/media?parent=57181"}],"wp:term":[{"taxonomy":"post_tag","embeddable":true,"href":"https:\/\/projetopack.com.br\/en\/wp-json\/wp\/v2\/tags?post=57181"}],"curies":[{"name":"wp","href":"https:\/\/api.w.org\/{rel}","templated":true}]}}