{"id":57191,"date":"2026-03-19T18:34:37","date_gmt":"2026-03-19T21:34:37","guid":{"rendered":"https:\/\/projetopack.com.br\/?post_type=agenda&#038;p=57191"},"modified":"2026-03-19T18:43:27","modified_gmt":"2026-03-19T21:43:27","slug":"pack-to-the-future-2026","status":"publish","type":"agenda","link":"https:\/\/projetopack.com.br\/en\/agenda\/pack-to-the-future-2026\/","title":{"rendered":"Pack to the Future 2026"},"content":{"rendered":"<p data-start=\"217\" data-end=\"472\">O <strong data-start=\"219\" data-end=\"246\">Pack to the Future 2026<\/strong> \u00e9 o principal encontro estrat\u00e9gico da ind\u00fastria de embalagens, r\u00f3tulos e convers\u00e3o no Brasil \u2014 um evento criado pela ProjetoPack para conectar l\u00edderes, antecipar tend\u00eancias e impulsionar decis\u00f5es que moldam o futuro do setor.<\/p>\n<p data-start=\"474\" data-end=\"739\">Muito al\u00e9m de um evento t\u00e9cnico, o Pack to the Future \u00e9 uma experi\u00eancia imersiva que re\u00fane CEOs, diretores, especialistas e fornecedores-chave da cadeia produtiva em um ambiente de alto n\u00edvel, voltado \u00e0 troca qualificada, gera\u00e7\u00e3o de neg\u00f3cios e vis\u00e3o de longo prazo.<\/p>\n<p data-start=\"741\" data-end=\"897\">A edi\u00e7\u00e3o de 2026 chega ainda mais robusta, com uma curadoria aprofundada de conte\u00fados que abordam os principais vetores de transforma\u00e7\u00e3o da ind\u00fastria, como:<\/p>\n<ul data-start=\"898\" data-end=\"1157\">\n<li data-section-id=\"4g8vsg\" data-start=\"898\" data-end=\"940\">\n<p data-start=\"900\" data-end=\"940\">Digitaliza\u00e7\u00e3o e automa\u00e7\u00e3o de processos<\/p>\n<\/li>\n<li data-section-id=\"198tul5\" data-start=\"941\" data-end=\"998\">\n<p data-start=\"943\" data-end=\"998\">Avan\u00e7os em flexografia, inkjet e tecnologias h\u00edbridas<\/p>\n<\/li>\n<li data-section-id=\"15d5ums\" data-start=\"999\" data-end=\"1051\">\n<p data-start=\"1001\" data-end=\"1051\">Sustentabilidade e novas exig\u00eancias regulat\u00f3rias<\/p>\n<\/li>\n<li data-section-id=\"1frsuza\" data-start=\"1052\" data-end=\"1106\">\n<p data-start=\"1054\" data-end=\"1106\">Intelig\u00eancia de mercado e reprecifica\u00e7\u00e3o da cadeia<\/p>\n<\/li>\n<li data-section-id=\"lklm4n\" data-start=\"1107\" data-end=\"1157\">\n<p data-start=\"1109\" data-end=\"1157\">Design preditivo e comportamento do consumidor<\/p>\n<\/li>\n<\/ul>\n<p data-start=\"1159\" data-end=\"1225\">Com um formato din\u00e2mico e altamente selecionado, o evento combina:<\/p>\n<ul data-start=\"1226\" data-end=\"1493\">\n<li data-section-id=\"yhvor3\" data-start=\"1226\" data-end=\"1294\">\n<p data-start=\"1228\" data-end=\"1294\">Palestras e pain\u00e9is com especialistas nacionais e internacionais<\/p>\n<\/li>\n<li data-section-id=\"hg1htd\" data-start=\"1295\" data-end=\"1352\">\n<p data-start=\"1297\" data-end=\"1352\">Conte\u00fados estrat\u00e9gicos orientados \u00e0 tomada de decis\u00e3o<\/p>\n<\/li>\n<li data-section-id=\"eoabaf\" data-start=\"1353\" data-end=\"1406\">\n<p data-start=\"1355\" data-end=\"1406\">Experi\u00eancias exclusivas de networking qualificado<\/p>\n<\/li>\n<li data-section-id=\"gtqt4r\" data-start=\"1407\" data-end=\"1493\">\n<p data-start=\"1409\" data-end=\"1493\">Ambientes pensados para intera\u00e7\u00e3o, relacionamento e gera\u00e7\u00e3o de oportunidades reais<\/p>\n<\/li>\n<\/ul>\n<p data-start=\"1495\" data-end=\"1684\">O Pack to the Future se consolida, ano ap\u00f3s ano, como uma plataforma de conte\u00fado, conex\u00e3o e neg\u00f3cios \u2014 onde o presente \u00e9 analisado com profundidade e o futuro \u00e9 constru\u00eddo com intelig\u00eancia.<\/p>","protected":false},"excerpt":{"rendered":"<p>O Pack to the Future 2026 \u00e9 o principal encontro estrat\u00e9gico da ind\u00fastria de embalagens, r\u00f3tulos e convers\u00e3o no Brasil \u2014 um evento criado pela ProjetoPack para conectar l\u00edderes, antecipar tend\u00eancias e impulsionar decis\u00f5es que moldam o futuro do setor. Muito al\u00e9m de um evento t\u00e9cnico, o Pack to the Future \u00e9 uma experi\u00eancia imersiva [&hellip;]<\/p>\n","protected":false},"featured_media":57192,"template":"","tags":[1174],"class_list":["post-57191","agenda","type-agenda","status-publish","has-post-thumbnail","hentry","tag-pack-to-the-future"],"yoast_head":"<!-- This site is optimized with the Yoast SEO Premium plugin v27.1 (Yoast SEO v27.1.1) - https:\/\/yoast.com\/product\/yoast-seo-premium-wordpress\/ -->\n<title>Pack to the Future 2026 - ProjetoPack<\/title>\n<meta name=\"robots\" content=\"index, follow, max-snippet:-1, max-image-preview:large, max-video-preview:-1\" \/>\n<link rel=\"canonical\" href=\"https:\/\/projetopack.com.br\/en\/agenda\/pack-to-the-future-2026\/\" \/>\n<meta property=\"og:locale\" content=\"en_US\" \/>\n<meta property=\"og:type\" content=\"article\" \/>\n<meta property=\"og:title\" content=\"Pack to the Future 2026\" \/>\n<meta property=\"og:description\" content=\"O Pack to the Future 2026 \u00e9 o principal encontro estrat\u00e9gico da ind\u00fastria de embalagens, r\u00f3tulos e convers\u00e3o no Brasil \u2014 um evento criado pela ProjetoPack para conectar l\u00edderes, antecipar tend\u00eancias e impulsionar decis\u00f5es que moldam o futuro do setor. Muito al\u00e9m de um evento t\u00e9cnico, o Pack to the Future \u00e9 uma experi\u00eancia imersiva [&hellip;]\" \/>\n<meta property=\"og:url\" content=\"https:\/\/projetopack.com.br\/en\/agenda\/pack-to-the-future-2026\/\" \/>\n<meta property=\"og:site_name\" content=\"ProjetoPack\" \/>\n<meta property=\"article:modified_time\" content=\"2026-03-19T21:43:27+00:00\" \/>\n<meta property=\"og:image\" content=\"https:\/\/projetopack.com.br\/wp-content\/uploads\/2026\/03\/Logo-Pack-to-the-Future-2026-RGB.webp\" \/>\n\t<meta property=\"og:image:width\" content=\"1600\" \/>\n\t<meta property=\"og:image:height\" content=\"900\" \/>\n\t<meta property=\"og:image:type\" content=\"image\/webp\" \/>\n<meta name=\"twitter:card\" content=\"summary_large_image\" \/>\n<meta name=\"twitter:site\" content=\"@ProjetoPack\" \/>\n<meta name=\"twitter:label1\" content=\"Est. reading time\" \/>\n\t<meta name=\"twitter:data1\" content=\"2 minutes\" \/>\n<script type=\"application\/ld+json\" class=\"yoast-schema-graph\">{\"@context\":\"https:\/\/schema.org\",\"@graph\":[{\"@type\":\"WebPage\",\"@id\":\"https:\/\/projetopack.com.br\/agenda\/pack-to-the-future-2026\/\",\"url\":\"https:\/\/projetopack.com.br\/agenda\/pack-to-the-future-2026\/\",\"name\":\"Pack to the Future 2026 - ProjetoPack\",\"isPartOf\":{\"@id\":\"https:\/\/projetopack.com.br\/#website\"},\"primaryImageOfPage\":{\"@id\":\"https:\/\/projetopack.com.br\/agenda\/pack-to-the-future-2026\/#primaryimage\"},\"image\":{\"@id\":\"https:\/\/projetopack.com.br\/agenda\/pack-to-the-future-2026\/#primaryimage\"},\"thumbnailUrl\":\"https:\/\/projetopack.com.br\/wp-content\/uploads\/2026\/03\/Logo-Pack-to-the-Future-2026-RGB.webp\",\"datePublished\":\"2026-03-19T21:34:37+00:00\",\"dateModified\":\"2026-03-19T21:43:27+00:00\",\"breadcrumb\":{\"@id\":\"https:\/\/projetopack.com.br\/agenda\/pack-to-the-future-2026\/#breadcrumb\"},\"inLanguage\":\"en-US\",\"potentialAction\":[{\"@type\":\"ReadAction\",\"target\":[\"https:\/\/projetopack.com.br\/agenda\/pack-to-the-future-2026\/\"]}]},{\"@type\":\"ImageObject\",\"inLanguage\":\"en-US\",\"@id\":\"https:\/\/projetopack.com.br\/agenda\/pack-to-the-future-2026\/#primaryimage\",\"url\":\"https:\/\/projetopack.com.br\/wp-content\/uploads\/2026\/03\/Logo-Pack-to-the-Future-2026-RGB.webp\",\"contentUrl\":\"https:\/\/projetopack.com.br\/wp-content\/uploads\/2026\/03\/Logo-Pack-to-the-Future-2026-RGB.webp\",\"width\":1600,\"height\":900},{\"@type\":\"BreadcrumbList\",\"@id\":\"https:\/\/projetopack.com.br\/agenda\/pack-to-the-future-2026\/#breadcrumb\",\"itemListElement\":[{\"@type\":\"ListItem\",\"position\":1,\"name\":\"P\u00e1gina Inicial\",\"item\":\"https:\/\/projetopack.com.br\/\"},{\"@type\":\"ListItem\",\"position\":2,\"name\":\"Evento\",\"item\":\"https:\/\/projetopack.com.br\/agenda\/\"},{\"@type\":\"ListItem\",\"position\":3,\"name\":\"Pack to the Future 2026\"}]},{\"@type\":\"WebSite\",\"@id\":\"https:\/\/projetopack.com.br\/#website\",\"url\":\"https:\/\/projetopack.com.br\/\",\"name\":\"ProjetoPack\",\"description\":\"Consultoria e servi\u00e7os para embalagens, r\u00f3tulos, etiquetas e processos de impress\u00e3o\",\"publisher\":{\"@id\":\"https:\/\/projetopack.com.br\/#organization\"},\"potentialAction\":[{\"@type\":\"SearchAction\",\"target\":{\"@type\":\"EntryPoint\",\"urlTemplate\":\"https:\/\/projetopack.com.br\/?s={search_term_string}\"},\"query-input\":{\"@type\":\"PropertyValueSpecification\",\"valueRequired\":true,\"valueName\":\"search_term_string\"}}],\"inLanguage\":\"en-US\"},{\"@type\":\"Organization\",\"@id\":\"https:\/\/projetopack.com.br\/#organization\",\"name\":\"ProjetoPack & Associados\",\"url\":\"https:\/\/projetopack.com.br\/\",\"logo\":{\"@type\":\"ImageObject\",\"inLanguage\":\"en-US\",\"@id\":\"https:\/\/projetopack.com.br\/#\/schema\/logo\/image\/\",\"url\":\"https:\/\/projetopack.com.br\/wp-content\/uploads\/2020\/09\/projetopack.png\",\"contentUrl\":\"https:\/\/projetopack.com.br\/wp-content\/uploads\/2020\/09\/projetopack.png\",\"width\":200,\"height\":200,\"caption\":\"ProjetoPack & Associados\"},\"image\":{\"@id\":\"https:\/\/projetopack.com.br\/#\/schema\/logo\/image\/\"},\"sameAs\":[\"https:\/\/x.com\/ProjetoPack\",\"https:\/\/www.linkedin.com\/company\/projetopack\/\"]}]}<\/script>\n<!-- \/ Yoast SEO Premium plugin. -->","yoast_head_json":{"title":"Pack to the Future 2026 - ProjetoPack","robots":{"index":"index","follow":"follow","max-snippet":"max-snippet:-1","max-image-preview":"max-image-preview:large","max-video-preview":"max-video-preview:-1"},"canonical":"https:\/\/projetopack.com.br\/en\/agenda\/pack-to-the-future-2026\/","og_locale":"en_US","og_type":"article","og_title":"Pack to the Future 2026","og_description":"O Pack to the Future 2026 \u00e9 o principal encontro estrat\u00e9gico da ind\u00fastria de embalagens, r\u00f3tulos e convers\u00e3o no Brasil \u2014 um evento criado pela ProjetoPack para conectar l\u00edderes, antecipar tend\u00eancias e impulsionar decis\u00f5es que moldam o futuro do setor. Muito al\u00e9m de um evento t\u00e9cnico, o Pack to the Future \u00e9 uma experi\u00eancia imersiva [&hellip;]","og_url":"https:\/\/projetopack.com.br\/en\/agenda\/pack-to-the-future-2026\/","og_site_name":"ProjetoPack","article_modified_time":"2026-03-19T21:43:27+00:00","og_image":[{"width":1600,"height":900,"url":"https:\/\/projetopack.com.br\/wp-content\/uploads\/2026\/03\/Logo-Pack-to-the-Future-2026-RGB.webp","type":"image\/webp"}],"twitter_card":"summary_large_image","twitter_site":"@ProjetoPack","twitter_misc":{"Est. reading time":"2 minutes"},"schema":{"@context":"https:\/\/schema.org","@graph":[{"@type":"WebPage","@id":"https:\/\/projetopack.com.br\/agenda\/pack-to-the-future-2026\/","url":"https:\/\/projetopack.com.br\/agenda\/pack-to-the-future-2026\/","name":"Pack to the Future 2026 - ProjetoPack","isPartOf":{"@id":"https:\/\/projetopack.com.br\/#website"},"primaryImageOfPage":{"@id":"https:\/\/projetopack.com.br\/agenda\/pack-to-the-future-2026\/#primaryimage"},"image":{"@id":"https:\/\/projetopack.com.br\/agenda\/pack-to-the-future-2026\/#primaryimage"},"thumbnailUrl":"https:\/\/projetopack.com.br\/wp-content\/uploads\/2026\/03\/Logo-Pack-to-the-Future-2026-RGB.webp","datePublished":"2026-03-19T21:34:37+00:00","dateModified":"2026-03-19T21:43:27+00:00","breadcrumb":{"@id":"https:\/\/projetopack.com.br\/agenda\/pack-to-the-future-2026\/#breadcrumb"},"inLanguage":"en-US","potentialAction":[{"@type":"ReadAction","target":["https:\/\/projetopack.com.br\/agenda\/pack-to-the-future-2026\/"]}]},{"@type":"ImageObject","inLanguage":"en-US","@id":"https:\/\/projetopack.com.br\/agenda\/pack-to-the-future-2026\/#primaryimage","url":"https:\/\/projetopack.com.br\/wp-content\/uploads\/2026\/03\/Logo-Pack-to-the-Future-2026-RGB.webp","contentUrl":"https:\/\/projetopack.com.br\/wp-content\/uploads\/2026\/03\/Logo-Pack-to-the-Future-2026-RGB.webp","width":1600,"height":900},{"@type":"BreadcrumbList","@id":"https:\/\/projetopack.com.br\/agenda\/pack-to-the-future-2026\/#breadcrumb","itemListElement":[{"@type":"ListItem","position":1,"name":"P\u00e1gina Inicial","item":"https:\/\/projetopack.com.br\/"},{"@type":"ListItem","position":2,"name":"Evento","item":"https:\/\/projetopack.com.br\/agenda\/"},{"@type":"ListItem","position":3,"name":"Pack to the Future 2026"}]},{"@type":"WebSite","@id":"https:\/\/projetopack.com.br\/#website","url":"https:\/\/projetopack.com.br\/","name":"ProjetoPack","description":"Consultoria e servi\u00e7os para embalagens, r\u00f3tulos, etiquetas e processos de impress\u00e3o","publisher":{"@id":"https:\/\/projetopack.com.br\/#organization"},"potentialAction":[{"@type":"SearchAction","target":{"@type":"EntryPoint","urlTemplate":"https:\/\/projetopack.com.br\/?s={search_term_string}"},"query-input":{"@type":"PropertyValueSpecification","valueRequired":true,"valueName":"search_term_string"}}],"inLanguage":"en-US"},{"@type":"Organization","@id":"https:\/\/projetopack.com.br\/#organization","name":"ProjetoPack & Associados","url":"https:\/\/projetopack.com.br\/","logo":{"@type":"ImageObject","inLanguage":"en-US","@id":"https:\/\/projetopack.com.br\/#\/schema\/logo\/image\/","url":"https:\/\/projetopack.com.br\/wp-content\/uploads\/2020\/09\/projetopack.png","contentUrl":"https:\/\/projetopack.com.br\/wp-content\/uploads\/2020\/09\/projetopack.png","width":200,"height":200,"caption":"ProjetoPack & Associados"},"image":{"@id":"https:\/\/projetopack.com.br\/#\/schema\/logo\/image\/"},"sameAs":["https:\/\/x.com\/ProjetoPack","https:\/\/www.linkedin.com\/company\/projetopack\/"]}]}},"_links":{"self":[{"href":"https:\/\/projetopack.com.br\/en\/wp-json\/wp\/v2\/agenda\/57191","targetHints":{"allow":["GET"]}}],"collection":[{"href":"https:\/\/projetopack.com.br\/en\/wp-json\/wp\/v2\/agenda"}],"about":[{"href":"https:\/\/projetopack.com.br\/en\/wp-json\/wp\/v2\/types\/agenda"}],"wp:featuredmedia":[{"embeddable":true,"href":"https:\/\/projetopack.com.br\/en\/wp-json\/wp\/v2\/media\/57192"}],"wp:attachment":[{"href":"https:\/\/projetopack.com.br\/en\/wp-json\/wp\/v2\/media?parent=57191"}],"wp:term":[{"taxonomy":"post_tag","embeddable":true,"href":"https:\/\/projetopack.com.br\/en\/wp-json\/wp\/v2\/tags?post=57191"}],"curies":[{"name":"wp","href":"https:\/\/api.w.org\/{rel}","templated":true}]}}