{"id":52900,"date":"2025-08-27T16:50:29","date_gmt":"2025-08-27T19:50:29","guid":{"rendered":"https:\/\/an1-homologacao.com.br\/projetopack\/?post_type=depoimentos&#038;p=52900"},"modified":"2025-08-27T17:44:09","modified_gmt":"2025-08-27T20:44:09","slug":"ricardo-vieira-da-silva-cgs-filmes-tecnicos","status":"publish","type":"depoimentos","link":"https:\/\/projetopack.com.br\/en\/depoimentos\/ricardo-vieira-da-silva-cgs-filmes-tecnicos\/","title":{"rendered":"Ricardo Vieira da Silva, CGS Filmes T\u00e9cnicos"},"content":{"rendered":"<p>Aislan \u00e9 um grande conhecedor do segmento gr\u00e1fico de embalagens, com uma grande facilidade na transmiss\u00e3o de conhecimento. Aplicou dois treinamentos na CGS Filmes T\u00e9cnicos, com grande simplicidade, na linguagem de ch\u00e3o de f\u00e1brica, facilitando o entendimento e despertando o interesse dos profissionais.<\/p>","protected":false},"featured_media":0,"template":"","class_list":["post-52900","depoimentos","type-depoimentos","status-publish","hentry"],"yoast_head":"<!-- This site is optimized with the Yoast SEO Premium plugin v27.1 (Yoast SEO v27.1.1) - https:\/\/yoast.com\/product\/yoast-seo-premium-wordpress\/ -->\n<title>Ricardo Vieira da Silva, CGS Filmes T\u00e9cnicos - ProjetoPack<\/title>\n<meta name=\"robots\" content=\"index, follow, max-snippet:-1, max-image-preview:large, max-video-preview:-1\" \/>\n<link rel=\"canonical\" href=\"https:\/\/projetopack.com.br\/en\/depoimentos\/ricardo-vieira-da-silva-cgs-filmes-tecnicos\/\" \/>\n<meta property=\"og:locale\" content=\"en_US\" \/>\n<meta property=\"og:type\" content=\"article\" \/>\n<meta property=\"og:title\" content=\"Ricardo Vieira da Silva, CGS Filmes T\u00e9cnicos\" \/>\n<meta property=\"og:description\" content=\"Aislan \u00e9 um grande conhecedor do segmento gr\u00e1fico de embalagens, com uma grande facilidade na transmiss\u00e3o de conhecimento. Aplicou dois treinamentos na CGS Filmes T\u00e9cnicos, com grande simplicidade, na linguagem de ch\u00e3o de f\u00e1brica, facilitando o entendimento e despertando o interesse dos profissionais.\" \/>\n<meta property=\"og:url\" content=\"https:\/\/projetopack.com.br\/en\/depoimentos\/ricardo-vieira-da-silva-cgs-filmes-tecnicos\/\" \/>\n<meta property=\"og:site_name\" content=\"ProjetoPack\" \/>\n<meta property=\"article:modified_time\" content=\"2025-08-27T20:44:09+00:00\" \/>\n<meta property=\"og:image\" content=\"https:\/\/projetopack.com.br\/wp-content\/uploads\/2020\/06\/Capa-1200x630-1.png\" \/>\n\t<meta property=\"og:image:width\" content=\"1200\" \/>\n\t<meta property=\"og:image:height\" content=\"630\" \/>\n\t<meta property=\"og:image:type\" content=\"image\/png\" \/>\n<meta name=\"twitter:card\" content=\"summary_large_image\" \/>\n<meta name=\"twitter:site\" content=\"@ProjetoPack\" \/>\n<meta name=\"twitter:label1\" content=\"Est. reading time\" \/>\n\t<meta name=\"twitter:data1\" content=\"1 minute\" \/>\n<script type=\"application\/ld+json\" class=\"yoast-schema-graph\">{\"@context\":\"https:\/\/schema.org\",\"@graph\":[{\"@type\":\"WebPage\",\"@id\":\"https:\/\/projetopack.com.br\/depoimentos\/ricardo-vieira-da-silva-cgs-filmes-tecnicos\/\",\"url\":\"https:\/\/projetopack.com.br\/depoimentos\/ricardo-vieira-da-silva-cgs-filmes-tecnicos\/\",\"name\":\"Ricardo Vieira da Silva, CGS Filmes T\u00e9cnicos - ProjetoPack\",\"isPartOf\":{\"@id\":\"https:\/\/projetopack.com.br\/#website\"},\"datePublished\":\"2025-08-27T19:50:29+00:00\",\"dateModified\":\"2025-08-27T20:44:09+00:00\",\"breadcrumb\":{\"@id\":\"https:\/\/projetopack.com.br\/depoimentos\/ricardo-vieira-da-silva-cgs-filmes-tecnicos\/#breadcrumb\"},\"inLanguage\":\"en-US\",\"potentialAction\":[{\"@type\":\"ReadAction\",\"target\":[\"https:\/\/projetopack.com.br\/depoimentos\/ricardo-vieira-da-silva-cgs-filmes-tecnicos\/\"]}]},{\"@type\":\"BreadcrumbList\",\"@id\":\"https:\/\/projetopack.com.br\/depoimentos\/ricardo-vieira-da-silva-cgs-filmes-tecnicos\/#breadcrumb\",\"itemListElement\":[{\"@type\":\"ListItem\",\"position\":1,\"name\":\"P\u00e1gina Inicial\",\"item\":\"https:\/\/projetopack.com.br\/\"},{\"@type\":\"ListItem\",\"position\":2,\"name\":\"Depoimentos\",\"item\":\"https:\/\/projetopack.com.br\/depoimentos\/\"},{\"@type\":\"ListItem\",\"position\":3,\"name\":\"Ricardo Vieira da Silva, CGS Filmes T\u00e9cnicos\"}]},{\"@type\":\"WebSite\",\"@id\":\"https:\/\/projetopack.com.br\/#website\",\"url\":\"https:\/\/projetopack.com.br\/\",\"name\":\"ProjetoPack\",\"description\":\"Consultoria e servi\u00e7os para embalagens, r\u00f3tulos, etiquetas e processos de impress\u00e3o\",\"publisher\":{\"@id\":\"https:\/\/projetopack.com.br\/#organization\"},\"potentialAction\":[{\"@type\":\"SearchAction\",\"target\":{\"@type\":\"EntryPoint\",\"urlTemplate\":\"https:\/\/projetopack.com.br\/?s={search_term_string}\"},\"query-input\":{\"@type\":\"PropertyValueSpecification\",\"valueRequired\":true,\"valueName\":\"search_term_string\"}}],\"inLanguage\":\"en-US\"},{\"@type\":\"Organization\",\"@id\":\"https:\/\/projetopack.com.br\/#organization\",\"name\":\"ProjetoPack & Associados\",\"url\":\"https:\/\/projetopack.com.br\/\",\"logo\":{\"@type\":\"ImageObject\",\"inLanguage\":\"en-US\",\"@id\":\"https:\/\/projetopack.com.br\/#\/schema\/logo\/image\/\",\"url\":\"https:\/\/projetopack.com.br\/wp-content\/uploads\/2020\/09\/projetopack.png\",\"contentUrl\":\"https:\/\/projetopack.com.br\/wp-content\/uploads\/2020\/09\/projetopack.png\",\"width\":200,\"height\":200,\"caption\":\"ProjetoPack & Associados\"},\"image\":{\"@id\":\"https:\/\/projetopack.com.br\/#\/schema\/logo\/image\/\"},\"sameAs\":[\"https:\/\/x.com\/ProjetoPack\",\"https:\/\/www.linkedin.com\/company\/projetopack\/\"]}]}<\/script>\n<!-- \/ Yoast SEO Premium plugin. -->","yoast_head_json":{"title":"Ricardo Vieira da Silva, CGS Filmes T\u00e9cnicos - ProjetoPack","robots":{"index":"index","follow":"follow","max-snippet":"max-snippet:-1","max-image-preview":"max-image-preview:large","max-video-preview":"max-video-preview:-1"},"canonical":"https:\/\/projetopack.com.br\/en\/depoimentos\/ricardo-vieira-da-silva-cgs-filmes-tecnicos\/","og_locale":"en_US","og_type":"article","og_title":"Ricardo Vieira da Silva, CGS Filmes T\u00e9cnicos","og_description":"Aislan \u00e9 um grande conhecedor do segmento gr\u00e1fico de embalagens, com uma grande facilidade na transmiss\u00e3o de conhecimento. Aplicou dois treinamentos na CGS Filmes T\u00e9cnicos, com grande simplicidade, na linguagem de ch\u00e3o de f\u00e1brica, facilitando o entendimento e despertando o interesse dos profissionais.","og_url":"https:\/\/projetopack.com.br\/en\/depoimentos\/ricardo-vieira-da-silva-cgs-filmes-tecnicos\/","og_site_name":"ProjetoPack","article_modified_time":"2025-08-27T20:44:09+00:00","og_image":[{"width":1200,"height":630,"url":"https:\/\/projetopack.com.br\/wp-content\/uploads\/2020\/06\/Capa-1200x630-1.png","type":"image\/png"}],"twitter_card":"summary_large_image","twitter_site":"@ProjetoPack","twitter_misc":{"Est. reading time":"1 minute"},"schema":{"@context":"https:\/\/schema.org","@graph":[{"@type":"WebPage","@id":"https:\/\/projetopack.com.br\/depoimentos\/ricardo-vieira-da-silva-cgs-filmes-tecnicos\/","url":"https:\/\/projetopack.com.br\/depoimentos\/ricardo-vieira-da-silva-cgs-filmes-tecnicos\/","name":"Ricardo Vieira da Silva, CGS Filmes T\u00e9cnicos - ProjetoPack","isPartOf":{"@id":"https:\/\/projetopack.com.br\/#website"},"datePublished":"2025-08-27T19:50:29+00:00","dateModified":"2025-08-27T20:44:09+00:00","breadcrumb":{"@id":"https:\/\/projetopack.com.br\/depoimentos\/ricardo-vieira-da-silva-cgs-filmes-tecnicos\/#breadcrumb"},"inLanguage":"en-US","potentialAction":[{"@type":"ReadAction","target":["https:\/\/projetopack.com.br\/depoimentos\/ricardo-vieira-da-silva-cgs-filmes-tecnicos\/"]}]},{"@type":"BreadcrumbList","@id":"https:\/\/projetopack.com.br\/depoimentos\/ricardo-vieira-da-silva-cgs-filmes-tecnicos\/#breadcrumb","itemListElement":[{"@type":"ListItem","position":1,"name":"P\u00e1gina Inicial","item":"https:\/\/projetopack.com.br\/"},{"@type":"ListItem","position":2,"name":"Depoimentos","item":"https:\/\/projetopack.com.br\/depoimentos\/"},{"@type":"ListItem","position":3,"name":"Ricardo Vieira da Silva, CGS Filmes T\u00e9cnicos"}]},{"@type":"WebSite","@id":"https:\/\/projetopack.com.br\/#website","url":"https:\/\/projetopack.com.br\/","name":"ProjetoPack","description":"Consultoria e servi\u00e7os para embalagens, r\u00f3tulos, etiquetas e processos de impress\u00e3o","publisher":{"@id":"https:\/\/projetopack.com.br\/#organization"},"potentialAction":[{"@type":"SearchAction","target":{"@type":"EntryPoint","urlTemplate":"https:\/\/projetopack.com.br\/?s={search_term_string}"},"query-input":{"@type":"PropertyValueSpecification","valueRequired":true,"valueName":"search_term_string"}}],"inLanguage":"en-US"},{"@type":"Organization","@id":"https:\/\/projetopack.com.br\/#organization","name":"ProjetoPack & Associados","url":"https:\/\/projetopack.com.br\/","logo":{"@type":"ImageObject","inLanguage":"en-US","@id":"https:\/\/projetopack.com.br\/#\/schema\/logo\/image\/","url":"https:\/\/projetopack.com.br\/wp-content\/uploads\/2020\/09\/projetopack.png","contentUrl":"https:\/\/projetopack.com.br\/wp-content\/uploads\/2020\/09\/projetopack.png","width":200,"height":200,"caption":"ProjetoPack & Associados"},"image":{"@id":"https:\/\/projetopack.com.br\/#\/schema\/logo\/image\/"},"sameAs":["https:\/\/x.com\/ProjetoPack","https:\/\/www.linkedin.com\/company\/projetopack\/"]}]}},"_links":{"self":[{"href":"https:\/\/projetopack.com.br\/en\/wp-json\/wp\/v2\/depoimentos\/52900","targetHints":{"allow":["GET"]}}],"collection":[{"href":"https:\/\/projetopack.com.br\/en\/wp-json\/wp\/v2\/depoimentos"}],"about":[{"href":"https:\/\/projetopack.com.br\/en\/wp-json\/wp\/v2\/types\/depoimentos"}],"wp:attachment":[{"href":"https:\/\/projetopack.com.br\/en\/wp-json\/wp\/v2\/media?parent=52900"}],"curies":[{"name":"wp","href":"https:\/\/api.w.org\/{rel}","templated":true}]}}