{"id":7214,"date":"2020-09-15T12:40:52","date_gmt":"2020-09-15T15:40:52","guid":{"rendered":"https:\/\/www.projetopack.com.br\/2020\/wp-content\/uploads\/2020\/09\/Resina-PE-da-Braskem.-4.jpg"},"modified":"2020-09-15T12:40:52","modified_gmt":"2020-09-15T15:40:52","slug":"paulinia","status":"inherit","type":"attachment","link":"https:\/\/projetopack.com.br\/en\/retomada-do-mercado-faz-braskem-ter-recorde-de-venda-em-volume-e-normalizar-taxa-de-utilizacao-das-fabricas\/paulinia\/","title":{"rendered":"Paul\u00ednia"},"author":18,"featured_media":0,"comment_status":"open","ping_status":"closed","template":"","meta":[],"class_list":["post-7214","attachment","type-attachment","status-inherit","hentry"],"yoast_head":"<!-- This site is optimized with the Yoast SEO Premium plugin v27.1 (Yoast SEO v27.1.1) - https:\/\/yoast.com\/product\/yoast-seo-premium-wordpress\/ -->\n<title>Paul\u00ednia - ProjetoPack<\/title>\n<meta name=\"robots\" content=\"index, follow, max-snippet:-1, max-image-preview:large, max-video-preview:-1\" \/>\n<link rel=\"canonical\" href=\"https:\/\/projetopack.com.br\/wp-content\/uploads\/2020\/09\/Resina-PE-da-Braskem.-4-scaled.jpg\" \/>\n<meta property=\"og:locale\" content=\"en_US\" \/>\n<meta property=\"og:type\" content=\"article\" \/>\n<meta property=\"og:title\" content=\"Paul\u00ednia - ProjetoPack\" \/>\n<meta property=\"og:description\" content=\"Data: 05.12.2016 Local: Paul\u00ednia, S\u00e3o Paulo Cliente: Braskem \u00c1rea: Resinas Pl\u00e1sticas Unidade: Plantas industriais Localidade: Paul\u00ednia Assunto: Fotos na area de ensaque e armazenagem de big bag da planta de Paul\u00ednia. 1.3.3. Assistente: Luiz Michelini Foto: Bitenka\" \/>\n<meta property=\"og:url\" content=\"https:\/\/projetopack.com.br\/wp-content\/uploads\/2020\/09\/Resina-PE-da-Braskem.-4-scaled.jpg\" \/>\n<meta property=\"og:site_name\" content=\"ProjetoPack\" \/>\n<meta property=\"og:image\" content=\"https:\/\/projetopack.com.br\/wp-content\/uploads\/2020\/09\/Resina-PE-da-Braskem.-4-scaled.jpg\" \/>\n\t<meta property=\"og:image:width\" content=\"2048\" \/>\n\t<meta property=\"og:image:height\" content=\"1366\" \/>\n\t<meta property=\"og:image:type\" content=\"image\/jpeg\" \/>\n<meta name=\"twitter:card\" content=\"summary_large_image\" \/>\n<meta name=\"twitter:site\" content=\"@ProjetoPack\" \/>\n<script type=\"application\/ld+json\" class=\"yoast-schema-graph\">{\"@context\":\"https:\/\/schema.org\",\"@graph\":[{\"@type\":\"WebPage\",\"@id\":\"https:\/\/projetopack.com.br\/wp-content\/uploads\/2020\/09\/Resina-PE-da-Braskem.-4-scaled.jpg\",\"url\":\"https:\/\/projetopack.com.br\/wp-content\/uploads\/2020\/09\/Resina-PE-da-Braskem.-4-scaled.jpg\",\"name\":\"Paul\u00ednia - ProjetoPack\",\"isPartOf\":{\"@id\":\"https:\/\/projetopack.com.br\/#website\"},\"datePublished\":\"2020-09-15T15:40:52+00:00\",\"breadcrumb\":{\"@id\":\"https:\/\/projetopack.com.br\/wp-content\/uploads\/2020\/09\/Resina-PE-da-Braskem.-4-scaled.jpg#breadcrumb\"},\"inLanguage\":\"en-US\",\"potentialAction\":[{\"@type\":\"ReadAction\",\"target\":[\"https:\/\/projetopack.com.br\/wp-content\/uploads\/2020\/09\/Resina-PE-da-Braskem.-4-scaled.jpg\"]}]},{\"@type\":\"BreadcrumbList\",\"@id\":\"https:\/\/projetopack.com.br\/wp-content\/uploads\/2020\/09\/Resina-PE-da-Braskem.-4-scaled.jpg#breadcrumb\",\"itemListElement\":[{\"@type\":\"ListItem\",\"position\":1,\"name\":\"P\u00e1gina Inicial\",\"item\":\"https:\/\/projetopack.com.br\/\"},{\"@type\":\"ListItem\",\"position\":2,\"name\":\"Lan\u00e7amentos\",\"item\":\"https:\/\/projetopack.com.br\/category\/lancamentos\/\"},{\"@type\":\"ListItem\",\"position\":3,\"name\":\"Retomada do mercado faz Braskem ter recorde de venda em volume e normalizar taxa de utiliza\u00e7\u00e3o das f\u00e1bricas\",\"item\":\"https:\/\/projetopack.com.br\/en\/retomada-do-mercado-faz-braskem-ter-recorde-de-venda-em-volume-e-normalizar-taxa-de-utilizacao-das-fabricas\/\"},{\"@type\":\"ListItem\",\"position\":4,\"name\":\"Paul\u00ednia\"}]},{\"@type\":\"WebSite\",\"@id\":\"https:\/\/projetopack.com.br\/#website\",\"url\":\"https:\/\/projetopack.com.br\/\",\"name\":\"ProjetoPack\",\"description\":\"Consultoria e servi\u00e7os para embalagens, r\u00f3tulos, etiquetas e processos de impress\u00e3o\",\"publisher\":{\"@id\":\"https:\/\/projetopack.com.br\/#organization\"},\"potentialAction\":[{\"@type\":\"SearchAction\",\"target\":{\"@type\":\"EntryPoint\",\"urlTemplate\":\"https:\/\/projetopack.com.br\/?s={search_term_string}\"},\"query-input\":{\"@type\":\"PropertyValueSpecification\",\"valueRequired\":true,\"valueName\":\"search_term_string\"}}],\"inLanguage\":\"en-US\"},{\"@type\":\"Organization\",\"@id\":\"https:\/\/projetopack.com.br\/#organization\",\"name\":\"ProjetoPack & Associados\",\"url\":\"https:\/\/projetopack.com.br\/\",\"logo\":{\"@type\":\"ImageObject\",\"inLanguage\":\"en-US\",\"@id\":\"https:\/\/projetopack.com.br\/#\/schema\/logo\/image\/\",\"url\":\"https:\/\/projetopack.com.br\/wp-content\/uploads\/2020\/09\/projetopack.png\",\"contentUrl\":\"https:\/\/projetopack.com.br\/wp-content\/uploads\/2020\/09\/projetopack.png\",\"width\":200,\"height\":200,\"caption\":\"ProjetoPack & Associados\"},\"image\":{\"@id\":\"https:\/\/projetopack.com.br\/#\/schema\/logo\/image\/\"},\"sameAs\":[\"https:\/\/x.com\/ProjetoPack\",\"https:\/\/www.linkedin.com\/company\/projetopack\/\"]}]}<\/script>\n<!-- \/ Yoast SEO Premium plugin. -->","yoast_head_json":{"title":"Paul\u00ednia - ProjetoPack","robots":{"index":"index","follow":"follow","max-snippet":"max-snippet:-1","max-image-preview":"max-image-preview:large","max-video-preview":"max-video-preview:-1"},"canonical":"https:\/\/projetopack.com.br\/wp-content\/uploads\/2020\/09\/Resina-PE-da-Braskem.-4-scaled.jpg","og_locale":"en_US","og_type":"article","og_title":"Paul\u00ednia - ProjetoPack","og_description":"Data: 05.12.2016 Local: Paul\u00ednia, S\u00e3o Paulo Cliente: Braskem \u00c1rea: Resinas Pl\u00e1sticas Unidade: Plantas industriais Localidade: Paul\u00ednia Assunto: Fotos na area de ensaque e armazenagem de big bag da planta de Paul\u00ednia. 1.3.3. Assistente: Luiz Michelini Foto: Bitenka","og_url":"https:\/\/projetopack.com.br\/wp-content\/uploads\/2020\/09\/Resina-PE-da-Braskem.-4-scaled.jpg","og_site_name":"ProjetoPack","og_image":[{"width":2048,"height":1366,"url":"https:\/\/projetopack.com.br\/wp-content\/uploads\/2020\/09\/Resina-PE-da-Braskem.-4-scaled.jpg","type":"image\/jpeg"}],"twitter_card":"summary_large_image","twitter_site":"@ProjetoPack","schema":{"@context":"https:\/\/schema.org","@graph":[{"@type":"WebPage","@id":"https:\/\/projetopack.com.br\/wp-content\/uploads\/2020\/09\/Resina-PE-da-Braskem.-4-scaled.jpg","url":"https:\/\/projetopack.com.br\/wp-content\/uploads\/2020\/09\/Resina-PE-da-Braskem.-4-scaled.jpg","name":"Paul\u00ednia - ProjetoPack","isPartOf":{"@id":"https:\/\/projetopack.com.br\/#website"},"datePublished":"2020-09-15T15:40:52+00:00","breadcrumb":{"@id":"https:\/\/projetopack.com.br\/wp-content\/uploads\/2020\/09\/Resina-PE-da-Braskem.-4-scaled.jpg#breadcrumb"},"inLanguage":"en-US","potentialAction":[{"@type":"ReadAction","target":["https:\/\/projetopack.com.br\/wp-content\/uploads\/2020\/09\/Resina-PE-da-Braskem.-4-scaled.jpg"]}]},{"@type":"BreadcrumbList","@id":"https:\/\/projetopack.com.br\/wp-content\/uploads\/2020\/09\/Resina-PE-da-Braskem.-4-scaled.jpg#breadcrumb","itemListElement":[{"@type":"ListItem","position":1,"name":"P\u00e1gina Inicial","item":"https:\/\/projetopack.com.br\/"},{"@type":"ListItem","position":2,"name":"Lan\u00e7amentos","item":"https:\/\/projetopack.com.br\/category\/lancamentos\/"},{"@type":"ListItem","position":3,"name":"Retomada do mercado faz Braskem ter recorde de venda em volume e normalizar taxa de utiliza\u00e7\u00e3o das f\u00e1bricas","item":"https:\/\/projetopack.com.br\/en\/retomada-do-mercado-faz-braskem-ter-recorde-de-venda-em-volume-e-normalizar-taxa-de-utilizacao-das-fabricas\/"},{"@type":"ListItem","position":4,"name":"Paul\u00ednia"}]},{"@type":"WebSite","@id":"https:\/\/projetopack.com.br\/#website","url":"https:\/\/projetopack.com.br\/","name":"ProjetoPack","description":"Consultoria e servi\u00e7os para embalagens, r\u00f3tulos, etiquetas e processos de impress\u00e3o","publisher":{"@id":"https:\/\/projetopack.com.br\/#organization"},"potentialAction":[{"@type":"SearchAction","target":{"@type":"EntryPoint","urlTemplate":"https:\/\/projetopack.com.br\/?s={search_term_string}"},"query-input":{"@type":"PropertyValueSpecification","valueRequired":true,"valueName":"search_term_string"}}],"inLanguage":"en-US"},{"@type":"Organization","@id":"https:\/\/projetopack.com.br\/#organization","name":"ProjetoPack & Associados","url":"https:\/\/projetopack.com.br\/","logo":{"@type":"ImageObject","inLanguage":"en-US","@id":"https:\/\/projetopack.com.br\/#\/schema\/logo\/image\/","url":"https:\/\/projetopack.com.br\/wp-content\/uploads\/2020\/09\/projetopack.png","contentUrl":"https:\/\/projetopack.com.br\/wp-content\/uploads\/2020\/09\/projetopack.png","width":200,"height":200,"caption":"ProjetoPack & Associados"},"image":{"@id":"https:\/\/projetopack.com.br\/#\/schema\/logo\/image\/"},"sameAs":["https:\/\/x.com\/ProjetoPack","https:\/\/www.linkedin.com\/company\/projetopack\/"]}]}},"description":{"rendered":"<p class=\"attachment\"><a href='https:\/\/projetopack.com.br\/wp-content\/uploads\/2020\/09\/Resina-PE-da-Braskem.-4-scaled.jpg'><img fetchpriority=\"high\" decoding=\"async\" width=\"300\" height=\"200\" src=\"https:\/\/projetopack.com.br\/wp-content\/uploads\/2020\/09\/Resina-PE-da-Braskem.-4-300x200.jpg\" class=\"attachment-medium size-medium\" alt=\"\" srcset=\"https:\/\/projetopack.com.br\/wp-content\/uploads\/2020\/09\/Resina-PE-da-Braskem.-4-300x200.jpg 300w, https:\/\/projetopack.com.br\/wp-content\/uploads\/2020\/09\/Resina-PE-da-Braskem.-4-scaled-600x400.jpg 600w, https:\/\/projetopack.com.br\/wp-content\/uploads\/2020\/09\/Resina-PE-da-Braskem.-4-1024x683.jpg 1024w, https:\/\/projetopack.com.br\/wp-content\/uploads\/2020\/09\/Resina-PE-da-Braskem.-4-768x512.jpg 768w, https:\/\/projetopack.com.br\/wp-content\/uploads\/2020\/09\/Resina-PE-da-Braskem.-4-1536x1024.jpg 1536w, https:\/\/projetopack.com.br\/wp-content\/uploads\/2020\/09\/Resina-PE-da-Braskem.-4-scaled.jpg 2048w\" sizes=\"(max-width: 300px) 100vw, 300px\" \/><\/a><\/p>\n"},"caption":{"rendered":"<p>Data: 05.12.2016<br \/>\nLocal: Paul\u00ednia, S\u00e3o Paulo<br \/>\nCliente: Braskem<br \/>\n\u00c1rea: Resinas Pl\u00e1sticas<br \/>\nUnidade: Plantas industriais<br \/>\nLocalidade: Paul\u00ednia<br \/>\nAssunto: Fotos na area de ensaque e armazenagem de big bag da planta de Paul\u00ednia.<br \/>\n1.3.3.<br \/>\nAssistente: Luiz Michelini<br \/>\nFoto: Bitenka<\/p>\n"},"alt_text":"","media_type":"image","mime_type":"image\/jpeg","media_details":{"width":2048,"height":1366,"file":"2020\/09\/Resina-PE-da-Braskem.-4-scaled.jpg","filesize":204469,"sizes":{"woocommerce_thumbnail":{"file":"Resina-PE-da-Braskem.-4-scaled-300x200.jpg","width":300,"height":200,"filesize":16822,"uncropped":true,"mime_type":"image\/jpeg","source_url":"https:\/\/projetopack.com.br\/wp-content\/uploads\/2020\/09\/Resina-PE-da-Braskem.-4-scaled-300x200.jpg"},"woocommerce_gallery_thumbnail":{"file":"Resina-PE-da-Braskem.-4-scaled-100x100.jpg","width":100,"height":100,"filesize":4146,"mime_type":"image\/jpeg","source_url":"https:\/\/projetopack.com.br\/wp-content\/uploads\/2020\/09\/Resina-PE-da-Braskem.-4-scaled-100x100.jpg"},"woocommerce_single":{"file":"Resina-PE-da-Braskem.-4-scaled-600x400.jpg","width":600,"height":400,"filesize":48884,"mime_type":"image\/jpeg","source_url":"https:\/\/projetopack.com.br\/wp-content\/uploads\/2020\/09\/Resina-PE-da-Braskem.-4-scaled-600x400.jpg"},"medium":{"file":"Resina-PE-da-Braskem.-4-300x200.jpg","width":300,"height":200,"mime_type":"image\/jpeg","source_url":"https:\/\/projetopack.com.br\/wp-content\/uploads\/2020\/09\/Resina-PE-da-Braskem.-4-300x200.jpg"},"large":{"file":"Resina-PE-da-Braskem.-4-1024x683.jpg","width":1024,"height":683,"mime_type":"image\/jpeg","source_url":"https:\/\/projetopack.com.br\/wp-content\/uploads\/2020\/09\/Resina-PE-da-Braskem.-4-1024x683.jpg"},"thumbnail":{"file":"Resina-PE-da-Braskem.-4-150x150.jpg","width":150,"height":150,"mime_type":"image\/jpeg","source_url":"https:\/\/projetopack.com.br\/wp-content\/uploads\/2020\/09\/Resina-PE-da-Braskem.-4-150x150.jpg"},"medium_large":{"file":"Resina-PE-da-Braskem.-4-768x512.jpg","width":768,"height":512,"mime_type":"image\/jpeg","source_url":"https:\/\/projetopack.com.br\/wp-content\/uploads\/2020\/09\/Resina-PE-da-Braskem.-4-768x512.jpg"},"1536x1536":{"file":"Resina-PE-da-Braskem.-4-1536x1024.jpg","width":1536,"height":1024,"mime_type":"image\/jpeg","source_url":"https:\/\/projetopack.com.br\/wp-content\/uploads\/2020\/09\/Resina-PE-da-Braskem.-4-1536x1024.jpg"},"2048x2048":{"file":"Resina-PE-da-Braskem.-4-2048x1365.jpg","width":2048,"height":1365,"mime_type":"image\/jpeg","source_url":"https:\/\/projetopack.com.br\/wp-content\/uploads\/2020\/09\/Resina-PE-da-Braskem.-4-2048x1365.jpg"},"quadrada":{"file":"Resina-PE-da-Braskem.-4-600x600.jpg","width":600,"height":600,"mime_type":"image\/jpeg","source_url":"https:\/\/projetopack.com.br\/wp-content\/uploads\/2020\/09\/Resina-PE-da-Braskem.-4-600x600.jpg"},"full":{"file":"Resina-PE-da-Braskem.-4-scaled.jpg","width":2048,"height":1366,"mime_type":"image\/jpeg","source_url":"https:\/\/projetopack.com.br\/wp-content\/uploads\/2020\/09\/Resina-PE-da-Braskem.-4-scaled.jpg"}},"image_meta":{"aperture":"0","credit":"","camera":"","caption":"","created_timestamp":"0","copyright":"","focal_length":"0","iso":"0","shutter_speed":"0","title":"","orientation":"0","keywords":[]}},"post":7213,"source_url":"https:\/\/projetopack.com.br\/wp-content\/uploads\/2020\/09\/Resina-PE-da-Braskem.-4-scaled.jpg","_links":{"self":[{"href":"https:\/\/projetopack.com.br\/en\/wp-json\/wp\/v2\/media\/7214","targetHints":{"allow":["GET"]}}],"collection":[{"href":"https:\/\/projetopack.com.br\/en\/wp-json\/wp\/v2\/media"}],"about":[{"href":"https:\/\/projetopack.com.br\/en\/wp-json\/wp\/v2\/types\/attachment"}],"author":[{"embeddable":true,"href":"https:\/\/projetopack.com.br\/en\/wp-json\/wp\/v2\/users\/18"}],"replies":[{"embeddable":true,"href":"https:\/\/projetopack.com.br\/en\/wp-json\/wp\/v2\/comments?post=7214"}],"wp:attached-to":[{"embeddable":true,"post_type":"post","id":7213,"href":"https:\/\/projetopack.com.br\/en\/wp-json\/wp\/v2\/posts\/7213"}],"curies":[{"name":"wp","href":"https:\/\/api.w.org\/{rel}","templated":true}]}}