{"id":4337,"date":"2020-03-20T18:45:57","date_gmt":"2020-03-20T21:45:57","guid":{"rendered":"http:\/\/www.projetopack.com.br\/2020\/?page_id=4337"},"modified":"2025-11-10T09:27:33","modified_gmt":"2025-11-10T12:27:33","slug":"insights","status":"publish","type":"page","link":"https:\/\/projetopack.com.br\/en\/insights\/","title":{"rendered":"Insights"},"content":{"rendered":"\t\t<div data-elementor-type=\"wp-page\" data-elementor-id=\"4337\" class=\"elementor elementor-4337\" data-elementor-post-type=\"page\">\n\t\t\t\t<div class=\"elementor-element elementor-element-cb9d5bd e-flex e-con-boxed e-con e-parent\" data-id=\"cb9d5bd\" data-element_type=\"container\" data-e-type=\"container\" data-settings=\"{&quot;jet_parallax_layout_list&quot;:[]}\">\n\t\t\t\t\t<div class=\"e-con-inner\">\n\t\t\t\t<div class=\"elementor-element elementor-element-a3e07bf elementor-widget elementor-widget-heading\" data-id=\"a3e07bf\" data-element_type=\"widget\" data-e-type=\"widget\" data-widget_type=\"heading.default\">\n\t\t\t\t\t<h1 class=\"elementor-heading-title elementor-size-default\">BLOG<\/h1>\t\t\t\t<\/div>\n\t\t\t\t<div class=\"elementor-element elementor-element-de673d5 elementor-widget__width-initial elementor-widget elementor-widget-heading\" data-id=\"de673d5\" data-element_type=\"widget\" data-e-type=\"widget\" data-widget_type=\"heading.default\">\n\t\t\t\t\t<h2 class=\"elementor-heading-title elementor-size-default\">Conte\u00fados exclusivos sobre o mundo gr\u00e1fico <\/h2>\t\t\t\t<\/div>\n\t\t\t\t<div class=\"elementor-element elementor-element-2b24f04 elementor-widget__width-initial elementor-widget elementor-widget-text-editor\" data-id=\"2b24f04\" data-element_type=\"widget\" data-e-type=\"widget\" data-widget_type=\"text-editor.default\">\n\t\t\t\t\t\t\t\t\t<p><strong>Hub de Conhecimento | Projeto Pack<\/strong><\/p><p>\u00a0<br \/>A sua fonte de conte\u00fado exclusivo e aprofundado. Acesse an\u00e1lises de mercado, tend\u00eancias e os melhores insights da nossa Revista e Podcast sobre embalagens, impress\u00e3o e convers\u00e3o.<\/p>\t\t\t\t\t\t\t\t<\/div>\n\t\t\t\t<div class=\"elementor-element elementor-element-c4dc6e0 elementor-widget elementor-widget-search\" data-id=\"c4dc6e0\" data-element_type=\"widget\" data-e-type=\"widget\" data-settings=\"{&quot;submit_trigger&quot;:&quot;both&quot;,&quot;pagination_type_options&quot;:&quot;none&quot;}\" data-widget_type=\"search.default\">\n\t\t\t\t\t\t\t<search class=\"e-search hidden\" role=\"search\">\n\t\t\t<form class=\"e-search-form\" action=\"https:\/\/projetopack.com.br\/en\/\" method=\"get\">\n\n\t\t\t\t\n\t\t\t\t<label class=\"e-search-label\" for=\"search-c4dc6e0\">\n\t\t\t\t\t<span class=\"elementor-screen-only\">\n\t\t\t\t\t\tSearch\t\t\t\t\t<\/span>\n\t\t\t\t\t\t\t\t\t<\/label>\n\n\t\t\t\t<div class=\"e-search-input-wrapper\">\n\t\t\t\t\t<input id=\"search-c4dc6e0\" placeholder=\"Buscar assunto\" class=\"e-search-input\" type=\"search\" name=\"s\" value=\"\" autocomplete=\"off\" role=\"combobox\" aria-autocomplete=\"list\" aria-expanded=\"false\" aria-controls=\"results-c4dc6e0\" aria-haspopup=\"listbox\">\n\t\t\t\t\t<svg aria-hidden=\"true\" class=\"e-font-icon-svg e-fas-times\" viewBox=\"0 0 352 512\" xmlns=\"http:\/\/www.w3.org\/2000\/svg\"><path d=\"M242.72 256l100.07-100.07c12.28-12.28 12.28-32.19 0-44.48l-22.24-22.24c-12.28-12.28-32.19-12.28-44.48 0L176 189.28 75.93 89.21c-12.28-12.28-32.19-12.28-44.48 0L9.21 111.45c-12.28 12.28-12.28 32.19 0 44.48L109.28 256 9.21 356.07c-12.28 12.28-12.28 32.19 0 44.48l22.24 22.24c12.28 12.28 32.2 12.28 44.48 0L176 322.72l100.07 100.07c12.28 12.28 32.2 12.28 44.48 0l22.24-22.24c12.28-12.28 12.28-32.19 0-44.48L242.72 256z\"><\/path><\/svg>\t\t\t\t\t\t\t\t\t\t<output id=\"results-c4dc6e0\" class=\"e-search-results-container hide-loader\" aria-live=\"polite\" aria-atomic=\"true\" aria-label=\"Results for search\" tabindex=\"0\">\n\t\t\t\t\t\t<div class=\"e-search-results\"><\/div>\n\t\t\t\t\t\t\t\t\t\t\t<\/output>\n\t\t\t\t\t\t\t\t\t<\/div>\n\t\t\t\t\n\t\t\t\t\n\t\t\t\t<button class=\"e-search-submit  \" type=\"submit\" aria-label=\"Search\">\n\t\t\t\t\t<svg aria-hidden=\"true\" class=\"e-font-icon-svg e-fas-search\" viewBox=\"0 0 512 512\" xmlns=\"http:\/\/www.w3.org\/2000\/svg\"><path d=\"M505 442.7L405.3 343c-4.5-4.5-10.6-7-17-7H372c27.6-35.3 44-79.7 44-128C416 93.1 322.9 0 208 0S0 93.1 0 208s93.1 208 208 208c48.3 0 92.7-16.4 128-44v16.3c0 6.4 2.5 12.5 7 17l99.7 99.7c9.4 9.4 24.6 9.4 33.9 0l28.3-28.3c9.4-9.4 9.4-24.6.1-34zM208 336c-70.7 0-128-57.2-128-128 0-70.7 57.2-128 128-128 70.7 0 128 57.2 128 128 0 70.7-57.2 128-128 128z\"><\/path><\/svg>\n\t\t\t\t\t\t\t\t\t<\/button>\n\t\t\t\t<input type=\"hidden\" name=\"e_search_props\" value=\"c4dc6e0-4337\">\n\t\t\t<\/form>\n\t\t<\/search>\n\t\t\t\t\t\t<\/div>\n\t\t\t\t\t<\/div>\n\t\t\t\t<\/div>\n\t\t<div class=\"elementor-element elementor-element-9d15814 e-flex e-con-boxed e-con e-parent\" data-id=\"9d15814\" data-element_type=\"container\" data-e-type=\"container\" data-settings=\"{&quot;jet_parallax_layout_list&quot;:[]}\">\n\t\t\t\t\t<div class=\"e-con-inner\">\n\t\t<div class=\"elementor-element elementor-element-1010be0 e-con-full e-flex e-con e-child\" data-id=\"1010be0\" data-element_type=\"container\" data-e-type=\"container\" data-settings=\"{&quot;jet_parallax_layout_list&quot;:[]}\">\n\t\t\t\t<div class=\"elementor-element elementor-element-4ad23f4 elementor-widget elementor-widget-jet-listing-grid\" data-id=\"4ad23f4\" data-element_type=\"widget\" data-e-type=\"widget\" data-settings=\"{&quot;columns&quot;:&quot;1&quot;}\" data-widget_type=\"jet-listing-grid.default\">\n\t\t\t\t\t<div class=\"jet-listing-grid jet-listing\"><div class=\"jet-listing-grid__items grid-col-desk-1 grid-col-tablet-1 grid-col-mobile-1 jet-listing-grid--53470\" data-queried-id=\"4337|WP_Post\" data-nav=\"{&quot;enabled&quot;:false,&quot;type&quot;:null,&quot;more_el&quot;:null,&quot;query&quot;:[],&quot;widget_settings&quot;:{&quot;lisitng_id&quot;:53470,&quot;posts_num&quot;:1,&quot;columns&quot;:1,&quot;columns_tablet&quot;:1,&quot;columns_mobile&quot;:1,&quot;column_min_width&quot;:240,&quot;column_min_width_tablet&quot;:240,&quot;column_min_width_mobile&quot;:240,&quot;inline_columns_css&quot;:false,&quot;is_archive_template&quot;:&quot;&quot;,&quot;post_status&quot;:[&quot;publish&quot;],&quot;use_random_posts_num&quot;:&quot;&quot;,&quot;max_posts_num&quot;:9,&quot;not_found_message&quot;:&quot;No data was found&quot;,&quot;is_masonry&quot;:false,&quot;equal_columns_height&quot;:&quot;&quot;,&quot;use_load_more&quot;:&quot;&quot;,&quot;load_more_id&quot;:&quot;&quot;,&quot;load_more_type&quot;:&quot;click&quot;,&quot;load_more_offset&quot;:{&quot;unit&quot;:&quot;px&quot;,&quot;size&quot;:0,&quot;sizes&quot;:[]},&quot;use_custom_post_types&quot;:&quot;&quot;,&quot;custom_post_types&quot;:[],&quot;hide_widget_if&quot;:&quot;&quot;,&quot;carousel_enabled&quot;:&quot;&quot;,&quot;slides_to_scroll&quot;:&quot;1&quot;,&quot;arrows&quot;:&quot;true&quot;,&quot;arrow_icon&quot;:&quot;fa fa-angle-left&quot;,&quot;dots&quot;:&quot;&quot;,&quot;autoplay&quot;:&quot;true&quot;,&quot;pause_on_hover&quot;:&quot;true&quot;,&quot;autoplay_speed&quot;:5000,&quot;infinite&quot;:&quot;true&quot;,&quot;center_mode&quot;:&quot;&quot;,&quot;effect&quot;:&quot;slide&quot;,&quot;speed&quot;:500,&quot;inject_alternative_items&quot;:&quot;&quot;,&quot;injection_items&quot;:[],&quot;scroll_slider_enabled&quot;:&quot;&quot;,&quot;scroll_slider_on&quot;:[&quot;desktop&quot;,&quot;tablet&quot;,&quot;mobile&quot;],&quot;custom_query&quot;:false,&quot;custom_query_id&quot;:&quot;&quot;,&quot;_element_id&quot;:&quot;&quot;,&quot;collapse_first_last_gap&quot;:false,&quot;list_tag_selection&quot;:&quot;&quot;,&quot;list_items_wrapper_tag&quot;:&quot;div&quot;,&quot;list_item_tag&quot;:&quot;div&quot;,&quot;empty_items_wrapper_tag&quot;:&quot;div&quot;}}\" data-page=\"1\" data-pages=\"619\" data-listing-source=\"posts\" data-listing-id=\"53470\" data-query-id=\"\"><div class=\"jet-listing-grid__item jet-listing-dynamic-post-57571\" data-post-id=\"57571\"  ><style type=\"text\/css\">.jet-listing-dynamic-post-57571 .elementor-element.elementor-element-543f118:not(.elementor-motion-effects-element-type-background), .jet-listing-dynamic-post-57571 .elementor-element.elementor-element-543f118 > .elementor-motion-effects-container > .elementor-motion-effects-layer{background-image:url(\"https:\/\/projetopack.com.br\/wp-content\/uploads\/2026\/04\/INTRALOG-2025_3-scaled.jpg\");}<\/style>\t\t<div data-elementor-type=\"jet-listing-items\" data-elementor-id=\"53470\" class=\"elementor elementor-53470\" data-elementor-post-type=\"jet-engine\">\n\t\t\t\t<div class=\"elementor-element elementor-element-543f118 e-flex e-con-boxed e-con e-parent\" data-id=\"543f118\" data-element_type=\"container\" data-e-type=\"container\" data-settings=\"{&quot;jet_parallax_layout_list&quot;:[],&quot;background_background&quot;:&quot;classic&quot;}\">\n\t\t\t\t\t<div class=\"e-con-inner\">\n\t\t\t\t<div class=\"elementor-element elementor-element-4486c38 elementor-widget__width-auto elementor-absolute elementor-widget elementor-widget-heading\" data-id=\"4486c38\" data-element_type=\"widget\" data-e-type=\"widget\" data-settings=\"{&quot;_position&quot;:&quot;absolute&quot;}\" data-widget_type=\"heading.default\">\n\t\t\t\t\t<h2 class=\"elementor-heading-title elementor-size-default\">Artigos<\/h2>\t\t\t\t<\/div>\n\t\t\t\t<div class=\"elementor-element elementor-element-9eafaa9 elementor-widget elementor-widget-heading\" data-id=\"9eafaa9\" data-element_type=\"widget\" data-e-type=\"widget\" data-widget_type=\"heading.default\">\n\t\t\t\t\t<h2 class=\"elementor-heading-title elementor-size-default\">Feira INTRA-LOG Expo dobra de tamanho em 2026 e traz como marca registrada tecnologia em automa\u00e7\u00e3o e embalagens industriais<\/h2>\t\t\t\t<\/div>\n\t\t\t\t<div class=\"elementor-element elementor-element-8e9ae2e elementor-widget elementor-widget-jet-listing-dynamic-field\" data-id=\"8e9ae2e\" data-element_type=\"widget\" data-e-type=\"widget\" data-widget_type=\"jet-listing-dynamic-field.default\">\n\t\t\t\t\t<div class=\"jet-listing jet-listing-dynamic-field display-inline\"><div class=\"jet-listing-dynamic-field__inline-wrap\"><div class=\"jet-listing-dynamic-field__content\" ><\/div><\/div><\/div>\t\t\t\t<\/div>\n\t\t\t\t<div class=\"elementor-element elementor-element-9404259 elementor-align-left elementor-widget elementor-widget-button\" data-id=\"9404259\" data-element_type=\"widget\" data-e-type=\"widget\" data-widget_type=\"button.default\">\n\t\t\t\t\t\t\t\t\t\t<a class=\"elementor-button elementor-button-link elementor-size-sm\" href=\"https:\/\/projetopack.com.br\/en\/feira-intra-log-expo-dobra-de-tamanho-em-2026-e-traz-como-marca-registrada-tecnologia-em-automacao-e-embalagens-industriais\/\">\n\t\t\t\t\t\t<span class=\"elementor-button-content-wrapper\">\n\t\t\t\t\t\t\t\t\t<span class=\"elementor-button-text\">Continuar lendo<\/span>\n\t\t\t\t\t<\/span>\n\t\t\t\t\t<\/a>\n\t\t\t\t\t\t\t\t<\/div>\n\t\t\t\t\t<\/div>\n\t\t\t\t<\/div>\n\t\t\t\t<\/div>\n\t\t<\/div><\/div><\/div>\t\t\t\t<\/div>\n\t\t\t\t<\/div>\n\t\t<div class=\"elementor-element elementor-element-9bdc13e e-con-full e-flex e-con e-child\" data-id=\"9bdc13e\" data-element_type=\"container\" data-e-type=\"container\" data-settings=\"{&quot;jet_parallax_layout_list&quot;:[]}\">\n\t\t\t\t<div class=\"elementor-element elementor-element-78b51f1 elementor-widget elementor-widget-jet-listing-grid\" data-id=\"78b51f1\" data-element_type=\"widget\" data-e-type=\"widget\" data-settings=\"{&quot;columns&quot;:&quot;1&quot;,&quot;columns_mobile&quot;:&quot;1&quot;}\" data-widget_type=\"jet-listing-grid.default\">\n\t\t\t\t\t<div class=\"jet-listing-grid jet-listing\"><div class=\"jet-listing-grid__items grid-col-desk-1 grid-col-tablet-1 grid-col-mobile-1 jet-listing-grid--53477\" data-queried-id=\"4337|WP_Post\" data-nav=\"{&quot;enabled&quot;:false,&quot;type&quot;:null,&quot;more_el&quot;:null,&quot;query&quot;:[],&quot;widget_settings&quot;:{&quot;lisitng_id&quot;:53477,&quot;posts_num&quot;:2,&quot;columns&quot;:1,&quot;columns_tablet&quot;:1,&quot;columns_mobile&quot;:1,&quot;column_min_width&quot;:240,&quot;column_min_width_tablet&quot;:240,&quot;column_min_width_mobile&quot;:240,&quot;inline_columns_css&quot;:false,&quot;is_archive_template&quot;:&quot;&quot;,&quot;post_status&quot;:[&quot;publish&quot;],&quot;use_random_posts_num&quot;:&quot;&quot;,&quot;max_posts_num&quot;:9,&quot;not_found_message&quot;:&quot;No data was found&quot;,&quot;is_masonry&quot;:false,&quot;equal_columns_height&quot;:&quot;&quot;,&quot;use_load_more&quot;:&quot;&quot;,&quot;load_more_id&quot;:&quot;&quot;,&quot;load_more_type&quot;:&quot;click&quot;,&quot;load_more_offset&quot;:{&quot;unit&quot;:&quot;px&quot;,&quot;size&quot;:0,&quot;sizes&quot;:[]},&quot;use_custom_post_types&quot;:&quot;&quot;,&quot;custom_post_types&quot;:[],&quot;hide_widget_if&quot;:&quot;&quot;,&quot;carousel_enabled&quot;:&quot;&quot;,&quot;slides_to_scroll&quot;:&quot;1&quot;,&quot;arrows&quot;:&quot;true&quot;,&quot;arrow_icon&quot;:&quot;fa fa-angle-left&quot;,&quot;dots&quot;:&quot;&quot;,&quot;autoplay&quot;:&quot;true&quot;,&quot;pause_on_hover&quot;:&quot;true&quot;,&quot;autoplay_speed&quot;:5000,&quot;infinite&quot;:&quot;true&quot;,&quot;center_mode&quot;:&quot;&quot;,&quot;effect&quot;:&quot;slide&quot;,&quot;speed&quot;:500,&quot;inject_alternative_items&quot;:&quot;&quot;,&quot;injection_items&quot;:[],&quot;scroll_slider_enabled&quot;:&quot;&quot;,&quot;scroll_slider_on&quot;:[&quot;desktop&quot;,&quot;tablet&quot;,&quot;mobile&quot;],&quot;custom_query&quot;:false,&quot;custom_query_id&quot;:&quot;&quot;,&quot;_element_id&quot;:&quot;&quot;,&quot;collapse_first_last_gap&quot;:false,&quot;list_tag_selection&quot;:&quot;&quot;,&quot;list_items_wrapper_tag&quot;:&quot;div&quot;,&quot;list_item_tag&quot;:&quot;div&quot;,&quot;empty_items_wrapper_tag&quot;:&quot;div&quot;}}\" data-page=\"1\" data-pages=\"309\" data-listing-source=\"posts\" data-listing-id=\"53477\" data-query-id=\"\"><style>.elementor-53477 .elementor-element.elementor-element-fb05d3b{--display:flex;--min-height:250px;--flex-direction:column;--container-widget-width:calc( ( 1 - var( --container-widget-flex-grow ) ) * 100% );--container-widget-height:initial;--container-widget-flex-grow:0;--container-widget-align-self:initial;--flex-wrap-mobile:wrap;--justify-content:flex-end;--align-items:stretch;--gap:10px 10px;--row-gap:10px;--column-gap:10px;--overlay-opacity:0.87;--padding-top:20px;--padding-bottom:20px;--padding-left:20px;--padding-right:20px;}.elementor-53477 .elementor-element.elementor-element-fb05d3b::before, .elementor-53477 .elementor-element.elementor-element-fb05d3b > .elementor-background-video-container::before, .elementor-53477 .elementor-element.elementor-element-fb05d3b > .e-con-inner > .elementor-background-video-container::before, .elementor-53477 .elementor-element.elementor-element-fb05d3b > .elementor-background-slideshow::before, .elementor-53477 .elementor-element.elementor-element-fb05d3b > .e-con-inner > .elementor-background-slideshow::before, .elementor-53477 .elementor-element.elementor-element-fb05d3b > .elementor-motion-effects-container > .elementor-motion-effects-layer::before{--background-overlay:'';background-color:transparent;background-image:linear-gradient(180deg, #00000000 0%, #0000008C 100%);}.elementor-53477 .elementor-element.elementor-element-fb05d3b:hover::before, .elementor-53477 .elementor-element.elementor-element-fb05d3b:hover > .elementor-background-video-container::before, .elementor-53477 .elementor-element.elementor-element-fb05d3b:hover > .e-con-inner > .elementor-background-video-container::before, .elementor-53477 .elementor-element.elementor-element-fb05d3b > .elementor-background-slideshow:hover::before, .elementor-53477 .elementor-element.elementor-element-fb05d3b > .e-con-inner > .elementor-background-slideshow:hover::before{--background-overlay:'';background-color:transparent;background-image:linear-gradient(180deg, #00000000 0%, #00000085 100%);}.elementor-53477 .elementor-element.elementor-element-fb05d3b:hover{--overlay-opacity:0.5;}.elementor-widget-heading .elementor-heading-title{font-family:var( --e-global-typography-primary-font-family ), Sans-serif;font-weight:var( --e-global-typography-primary-font-weight );color:var( --e-global-color-primary );}.elementor-53477 .elementor-element.elementor-element-57d1c91 .elementor-heading-title{font-family:\"Lato\", Sans-serif;font-size:15px;font-weight:600;color:var( --e-global-color-5c6f96ec );}.elementor-53477 .elementor-element.elementor-element-57d1c91{padding:7px 15px 7px 15px;width:auto;max-width:auto;top:20px;background-color:var( --e-global-color-57c1ce5 );border-radius:50px 50px 50px 50px;}.elementor-53477 .elementor-element.elementor-element-57d1c91.elementor-element{--align-self:flex-start;}body:not(.rtl) .elementor-53477 .elementor-element.elementor-element-57d1c91{left:20px;}body.rtl .elementor-53477 .elementor-element.elementor-element-57d1c91{right:20px;}.elementor-53477 .elementor-element.elementor-element-13b5892 .elementor-heading-title{font-family:\"Lato\", Sans-serif;font-size:24px;font-weight:600;color:var( --e-global-color-570efcda );}.elementor-widget-button .elementor-button{font-family:var( --e-global-typography-accent-font-family ), Sans-serif;font-weight:var( --e-global-typography-accent-font-weight );background-color:var( --e-global-color-accent );}.elementor-53477 .elementor-element.elementor-element-513c710 .elementor-button{font-family:\"Lato\", Sans-serif;font-size:14px;font-weight:500;fill:var( --e-global-color-570efcda );color:var( --e-global-color-570efcda );background-color:var( --e-global-color-760f2354 );border-radius:40px 40px 40px 40px;padding:7px 30px 7px 30px;}.elementor-53477 .elementor-element.elementor-element-513c710 .elementor-button:hover, .elementor-53477 .elementor-element.elementor-element-513c710 .elementor-button:focus{color:var( --e-global-color-570efcda );background-color:var( --e-global-color-d97ea7a );}.elementor-53477 .elementor-element.elementor-element-513c710 .elementor-button:hover svg, .elementor-53477 .elementor-element.elementor-element-513c710 .elementor-button:focus svg{fill:var( --e-global-color-570efcda );}<\/style><div class=\"jet-listing-grid__item jet-listing-dynamic-post-56367\" data-post-id=\"56367\"  ><style type=\"text\/css\">.jet-listing-dynamic-post-56367 .elementor-element.elementor-element-fb05d3b:not(.elementor-motion-effects-element-type-background), .jet-listing-dynamic-post-56367 .elementor-element.elementor-element-fb05d3b > .elementor-motion-effects-container > .elementor-motion-effects-layer{background-image:url(\"https:\/\/projetopack.com.br\/wp-content\/uploads\/2026\/01\/1036654_20251106125354077.webp\");}<\/style>\t\t<div data-elementor-type=\"jet-listing-items\" data-elementor-id=\"53477\" class=\"elementor elementor-53477\" data-elementor-post-type=\"jet-engine\">\n\t\t\t\t<div class=\"elementor-element elementor-element-fb05d3b e-con-full e-flex e-con e-parent\" data-id=\"fb05d3b\" data-element_type=\"container\" data-e-type=\"container\" data-settings=\"{&quot;background_background&quot;:&quot;classic&quot;,&quot;jet_parallax_layout_list&quot;:[]}\">\n\t\t\t\t<div class=\"elementor-element elementor-element-57d1c91 elementor-widget__width-auto elementor-absolute elementor-widget elementor-widget-heading\" data-id=\"57d1c91\" data-element_type=\"widget\" data-e-type=\"widget\" data-settings=\"{&quot;_position&quot;:&quot;absolute&quot;}\" data-widget_type=\"heading.default\">\n\t\t\t\t\t<h2 class=\"elementor-heading-title elementor-size-default\">Artigos<\/h2>\t\t\t\t<\/div>\n\t\t\t\t<div class=\"elementor-element elementor-element-13b5892 elementor-widget elementor-widget-heading\" data-id=\"13b5892\" data-element_type=\"widget\" data-e-type=\"widget\" data-widget_type=\"heading.default\">\n\t\t\t\t\t<h2 class=\"elementor-heading-title elementor-size-default\">CHINAPLAS 2026: Impulsionando o &#8220;15\u00ba Plano Quinquenal&#8221; para Inaugurar uma Nova Era de Inova\u00e7\u00e3o em Pl\u00e1sticos e Borracha<\/h2>\t\t\t\t<\/div>\n\t\t\t\t<div class=\"elementor-element elementor-element-513c710 elementor-align-left elementor-widget elementor-widget-button\" data-id=\"513c710\" data-element_type=\"widget\" data-e-type=\"widget\" data-widget_type=\"button.default\">\n\t\t\t\t\t\t\t\t\t\t<a class=\"elementor-button elementor-button-link elementor-size-sm\" href=\"https:\/\/projetopack.com.br\/en\/chinaplas-2026-impulsionando-o-15o-plano-quinquenal-para-inaugurar-uma-nova-era-de-inovacao-em-plasticos-e-borracha\/\">\n\t\t\t\t\t\t<span class=\"elementor-button-content-wrapper\">\n\t\t\t\t\t\t\t\t\t<span class=\"elementor-button-text\">Continuar lendo<\/span>\n\t\t\t\t\t<\/span>\n\t\t\t\t\t<\/a>\n\t\t\t\t\t\t\t\t<\/div>\n\t\t\t\t<\/div>\n\t\t\t\t<\/div>\n\t\t<\/div><div class=\"jet-listing-grid__item jet-listing-dynamic-post-52418\" data-post-id=\"52418\"  ><style type=\"text\/css\">.jet-listing-dynamic-post-52418 .elementor-element.elementor-element-fb05d3b:not(.elementor-motion-effects-element-type-background), .jet-listing-dynamic-post-52418 .elementor-element.elementor-element-fb05d3b > .elementor-motion-effects-container > .elementor-motion-effects-layer{background-image:url(\"https:\/\/projetopack.com.br\/wp-content\/uploads\/2024\/04\/Capas-Lessons-3-1080x1080-1.png\");}<\/style>\t\t<div data-elementor-type=\"jet-listing-items\" data-elementor-id=\"53477\" class=\"elementor elementor-53477\" data-elementor-post-type=\"jet-engine\">\n\t\t\t\t<div class=\"elementor-element elementor-element-fb05d3b e-con-full e-flex e-con e-parent\" data-id=\"fb05d3b\" data-element_type=\"container\" data-e-type=\"container\" data-settings=\"{&quot;background_background&quot;:&quot;classic&quot;,&quot;jet_parallax_layout_list&quot;:[]}\">\n\t\t\t\t<div class=\"elementor-element elementor-element-57d1c91 elementor-widget__width-auto elementor-absolute elementor-widget elementor-widget-heading\" data-id=\"57d1c91\" data-element_type=\"widget\" data-e-type=\"widget\" data-settings=\"{&quot;_position&quot;:&quot;absolute&quot;}\" data-widget_type=\"heading.default\">\n\t\t\t\t\t<h2 class=\"elementor-heading-title elementor-size-default\">PackLessons<\/h2>\t\t\t\t<\/div>\n\t\t\t\t<div class=\"elementor-element elementor-element-13b5892 elementor-widget elementor-widget-heading\" data-id=\"13b5892\" data-element_type=\"widget\" data-e-type=\"widget\" data-widget_type=\"heading.default\">\n\t\t\t\t\t<h2 class=\"elementor-heading-title elementor-size-default\">O que \u00e9 rotogravura?<\/h2>\t\t\t\t<\/div>\n\t\t\t\t<div class=\"elementor-element elementor-element-513c710 elementor-align-left elementor-widget elementor-widget-button\" data-id=\"513c710\" data-element_type=\"widget\" data-e-type=\"widget\" data-widget_type=\"button.default\">\n\t\t\t\t\t\t\t\t\t\t<a class=\"elementor-button elementor-button-link elementor-size-sm\" href=\"https:\/\/projetopack.com.br\/en\/o-que-e-rotogravura\/\">\n\t\t\t\t\t\t<span class=\"elementor-button-content-wrapper\">\n\t\t\t\t\t\t\t\t\t<span class=\"elementor-button-text\">Continuar lendo<\/span>\n\t\t\t\t\t<\/span>\n\t\t\t\t\t<\/a>\n\t\t\t\t\t\t\t\t<\/div>\n\t\t\t\t<\/div>\n\t\t\t\t<\/div>\n\t\t<\/div><\/div><\/div>\t\t\t\t<\/div>\n\t\t\t\t<\/div>\n\t\t\t\t\t<\/div>\n\t\t\t\t<\/div>\n\t\t<div class=\"elementor-element elementor-element-e46ee9b e-flex e-con-boxed e-con e-parent\" data-id=\"e46ee9b\" data-element_type=\"container\" data-e-type=\"container\" data-settings=\"{&quot;jet_parallax_layout_list&quot;:[],&quot;background_background&quot;:&quot;classic&quot;}\">\n\t\t\t\t\t<div class=\"e-con-inner\">\n\t\t\t\t<div class=\"elementor-element elementor-element-8813ab1 elementor-widget elementor-widget-heading\" data-id=\"8813ab1\" data-element_type=\"widget\" data-e-type=\"widget\" data-widget_type=\"heading.default\">\n\t\t\t\t\t<h2 class=\"elementor-heading-title elementor-size-default\">FILTRAR CATEGORIAS:<\/h2>\t\t\t\t<\/div>\n\t\t\t\t<div class=\"elementor-element elementor-element-e7687be elementor-nav-menu--dropdown-none elementor-widget elementor-widget-nav-menu\" data-id=\"e7687be\" data-element_type=\"widget\" data-e-type=\"widget\" id=\"menu-categoria\" data-settings=\"{&quot;layout&quot;:&quot;horizontal&quot;,&quot;submenu_icon&quot;:{&quot;value&quot;:&quot;&lt;svg aria-hidden=\\&quot;true\\&quot; class=\\&quot;e-font-icon-svg e-fas-caret-down\\&quot; viewBox=\\&quot;0 0 320 512\\&quot; xmlns=\\&quot;http:\\\/\\\/www.w3.org\\\/2000\\\/svg\\&quot;&gt;&lt;path d=\\&quot;M31.3 192h257.3c17.8 0 26.7 21.5 14.1 34.1L174.1 354.8c-7.8 7.8-20.5 7.8-28.3 0L17.2 226.1C4.6 213.5 13.5 192 31.3 192z\\&quot;&gt;&lt;\\\/path&gt;&lt;\\\/svg&gt;&quot;,&quot;library&quot;:&quot;fa-solid&quot;}}\" data-widget_type=\"nav-menu.default\">\n\t\t\t\t\t\t\t\t<nav aria-label=\"Menu\" class=\"elementor-nav-menu--main elementor-nav-menu__container elementor-nav-menu--layout-horizontal e--pointer-none\">\n\t\t\t\t<ul id=\"menu-1-e7687be\" class=\"elementor-nav-menu\"><li class=\"menu-item menu-item-type-taxonomy menu-item-object-category menu-item-53506\"><a href=\"https:\/\/projetopack.com.br\/en\/category\/arquivo\/\" class=\"elementor-item\">Arquivo<\/a><\/li>\n<li class=\"menu-item menu-item-type-taxonomy menu-item-object-category menu-item-53507\"><a href=\"https:\/\/projetopack.com.br\/en\/category\/artigos\/\" class=\"elementor-item\">Artigos<\/a><\/li>\n<li class=\"menu-item menu-item-type-custom menu-item-object-custom menu-item-54097\"><a href=\"https:\/\/projetopack.com.br\/agenda-de-eventos\/\" class=\"elementor-item\">Eventos<\/a><\/li>\n<li class=\"menu-item menu-item-type-taxonomy menu-item-object-category menu-item-53509\"><a href=\"https:\/\/projetopack.com.br\/en\/category\/entrevistas\/\" class=\"elementor-item\">Entrevistas<\/a><\/li>\n<li class=\"menu-item menu-item-type-taxonomy menu-item-object-category menu-item-53511\"><a href=\"https:\/\/projetopack.com.br\/en\/category\/fusoes-e-aquisicoes\/\" class=\"elementor-item\">Fus\u00f5es e aquisi\u00e7\u00f5es<\/a><\/li>\n<li class=\"menu-item menu-item-type-taxonomy menu-item-object-category menu-item-53512\"><a href=\"https:\/\/projetopack.com.br\/en\/category\/historia\/\" class=\"elementor-item\">Hist\u00f3ria<\/a><\/li>\n<li class=\"menu-item menu-item-type-taxonomy menu-item-object-category menu-item-53513\"><a href=\"https:\/\/projetopack.com.br\/en\/category\/infopack\/\" class=\"elementor-item\">Infopack<\/a><\/li>\n<li class=\"menu-item menu-item-type-taxonomy menu-item-object-category menu-item-53514\"><a href=\"https:\/\/projetopack.com.br\/en\/category\/lancamentos\/\" class=\"elementor-item\">Lan\u00e7amentos<\/a><\/li>\n<li class=\"menu-item menu-item-type-taxonomy menu-item-object-category menu-item-53515\"><a href=\"https:\/\/projetopack.com.br\/en\/category\/opiniao\/\" class=\"elementor-item\">Opini\u00e3o<\/a><\/li>\n<li class=\"menu-item menu-item-type-taxonomy menu-item-object-category menu-item-53516\"><a href=\"https:\/\/projetopack.com.br\/en\/category\/outros\/\" class=\"elementor-item\">Outros<\/a><\/li>\n<li class=\"menu-item menu-item-type-taxonomy menu-item-object-category menu-item-53517\"><a href=\"https:\/\/projetopack.com.br\/en\/category\/packlessons\/\" class=\"elementor-item\">PackLessons<\/a><\/li>\n<li class=\"menu-item menu-item-type-taxonomy menu-item-object-category menu-item-53518\"><a href=\"https:\/\/projetopack.com.br\/en\/category\/projetopack-em-revista\/\" class=\"elementor-item\">ProjetoPack em revista<\/a><\/li>\n<li class=\"menu-item menu-item-type-taxonomy menu-item-object-category menu-item-53519\"><a href=\"https:\/\/projetopack.com.br\/en\/category\/treinamentos\/\" class=\"elementor-item\">Treinamentos<\/a><\/li>\n<li class=\"menu-item menu-item-type-taxonomy menu-item-object-category menu-item-53520\"><a href=\"https:\/\/projetopack.com.br\/en\/category\/vagas\/\" class=\"elementor-item\">Vagas<\/a><\/li>\n<\/ul>\t\t\t<\/nav>\n\t\t\t\t\t\t<nav class=\"elementor-nav-menu--dropdown elementor-nav-menu__container\" aria-hidden=\"true\">\n\t\t\t\t<ul id=\"menu-2-e7687be\" class=\"elementor-nav-menu\"><li class=\"menu-item menu-item-type-taxonomy menu-item-object-category menu-item-53506\"><a href=\"https:\/\/projetopack.com.br\/en\/category\/arquivo\/\" class=\"elementor-item\" tabindex=\"-1\">Arquivo<\/a><\/li>\n<li class=\"menu-item menu-item-type-taxonomy menu-item-object-category menu-item-53507\"><a href=\"https:\/\/projetopack.com.br\/en\/category\/artigos\/\" class=\"elementor-item\" tabindex=\"-1\">Artigos<\/a><\/li>\n<li class=\"menu-item menu-item-type-custom menu-item-object-custom menu-item-54097\"><a href=\"https:\/\/projetopack.com.br\/agenda-de-eventos\/\" class=\"elementor-item\" tabindex=\"-1\">Eventos<\/a><\/li>\n<li class=\"menu-item menu-item-type-taxonomy menu-item-object-category menu-item-53509\"><a href=\"https:\/\/projetopack.com.br\/en\/category\/entrevistas\/\" class=\"elementor-item\" tabindex=\"-1\">Entrevistas<\/a><\/li>\n<li class=\"menu-item menu-item-type-taxonomy menu-item-object-category menu-item-53511\"><a href=\"https:\/\/projetopack.com.br\/en\/category\/fusoes-e-aquisicoes\/\" class=\"elementor-item\" tabindex=\"-1\">Fus\u00f5es e aquisi\u00e7\u00f5es<\/a><\/li>\n<li class=\"menu-item menu-item-type-taxonomy menu-item-object-category menu-item-53512\"><a href=\"https:\/\/projetopack.com.br\/en\/category\/historia\/\" class=\"elementor-item\" tabindex=\"-1\">Hist\u00f3ria<\/a><\/li>\n<li class=\"menu-item menu-item-type-taxonomy menu-item-object-category menu-item-53513\"><a href=\"https:\/\/projetopack.com.br\/en\/category\/infopack\/\" class=\"elementor-item\" tabindex=\"-1\">Infopack<\/a><\/li>\n<li class=\"menu-item menu-item-type-taxonomy menu-item-object-category menu-item-53514\"><a href=\"https:\/\/projetopack.com.br\/en\/category\/lancamentos\/\" class=\"elementor-item\" tabindex=\"-1\">Lan\u00e7amentos<\/a><\/li>\n<li class=\"menu-item menu-item-type-taxonomy menu-item-object-category menu-item-53515\"><a href=\"https:\/\/projetopack.com.br\/en\/category\/opiniao\/\" class=\"elementor-item\" tabindex=\"-1\">Opini\u00e3o<\/a><\/li>\n<li class=\"menu-item menu-item-type-taxonomy menu-item-object-category menu-item-53516\"><a href=\"https:\/\/projetopack.com.br\/en\/category\/outros\/\" class=\"elementor-item\" tabindex=\"-1\">Outros<\/a><\/li>\n<li class=\"menu-item menu-item-type-taxonomy menu-item-object-category menu-item-53517\"><a href=\"https:\/\/projetopack.com.br\/en\/category\/packlessons\/\" class=\"elementor-item\" tabindex=\"-1\">PackLessons<\/a><\/li>\n<li class=\"menu-item menu-item-type-taxonomy menu-item-object-category menu-item-53518\"><a href=\"https:\/\/projetopack.com.br\/en\/category\/projetopack-em-revista\/\" class=\"elementor-item\" tabindex=\"-1\">ProjetoPack em revista<\/a><\/li>\n<li class=\"menu-item menu-item-type-taxonomy menu-item-object-category menu-item-53519\"><a href=\"https:\/\/projetopack.com.br\/en\/category\/treinamentos\/\" class=\"elementor-item\" tabindex=\"-1\">Treinamentos<\/a><\/li>\n<li class=\"menu-item menu-item-type-taxonomy menu-item-object-category menu-item-53520\"><a href=\"https:\/\/projetopack.com.br\/en\/category\/vagas\/\" class=\"elementor-item\" tabindex=\"-1\">Vagas<\/a><\/li>\n<\/ul>\t\t\t<\/nav>\n\t\t\t\t\t\t<\/div>\n\t\t\t\t\t<\/div>\n\t\t\t\t<\/div>\n\t\t<div class=\"elementor-element elementor-element-4e94080 e-flex e-con-boxed e-con e-parent\" data-id=\"4e94080\" data-element_type=\"container\" data-e-type=\"container\" data-settings=\"{&quot;jet_parallax_layout_list&quot;:[]}\">\n\t\t\t\t\t<div class=\"e-con-inner\">\n\t\t\t\t<div class=\"elementor-element elementor-element-82dfab7 elementor-widget elementor-widget-heading\" data-id=\"82dfab7\" data-element_type=\"widget\" data-e-type=\"widget\" data-widget_type=\"heading.default\">\n\t\t\t\t\t<h2 class=\"elementor-heading-title elementor-size-default\">Infopack<\/h2>\t\t\t\t<\/div>\n\t\t\t\t<div class=\"elementor-element elementor-element-08a52a8 elementor-grid-tablet-1 elementor-grid-3 elementor-grid-mobile-1 elementor-posts--thumbnail-top elementor-widget elementor-widget-posts\" data-id=\"08a52a8\" data-element_type=\"widget\" data-e-type=\"widget\" data-settings=\"{&quot;classic_columns_tablet&quot;:&quot;1&quot;,&quot;classic_columns&quot;:&quot;3&quot;,&quot;classic_columns_mobile&quot;:&quot;1&quot;,&quot;classic_row_gap&quot;:{&quot;unit&quot;:&quot;px&quot;,&quot;size&quot;:35,&quot;sizes&quot;:[]},&quot;classic_row_gap_laptop&quot;:{&quot;unit&quot;:&quot;px&quot;,&quot;size&quot;:&quot;&quot;,&quot;sizes&quot;:[]},&quot;classic_row_gap_tablet&quot;:{&quot;unit&quot;:&quot;px&quot;,&quot;size&quot;:&quot;&quot;,&quot;sizes&quot;:[]},&quot;classic_row_gap_mobile&quot;:{&quot;unit&quot;:&quot;px&quot;,&quot;size&quot;:&quot;&quot;,&quot;sizes&quot;:[]}}\" data-widget_type=\"posts.classic\">\n\t\t\t\t<div class=\"elementor-widget-container\">\n\t\t\t\t\t\t\t<div class=\"elementor-posts-container elementor-posts elementor-posts--skin-classic elementor-grid\" role=\"list\">\n\t\t\t\t<article class=\"elementor-post elementor-grid-item post-10770 post type-post status-publish format-standard has-post-thumbnail hentry category-infopack tag-crescimento tag-dados-de-mercado\" role=\"listitem\">\n\t\t\t\t<a class=\"elementor-post__thumbnail__link\" href=\"https:\/\/projetopack.com.br\/en\/a-industria-de-embalagens-flexiveis-global-supera-os-usd-160-bilhoes\/\" tabindex=\"-1\" >\n\t\t\t<div class=\"elementor-post__thumbnail\"><img fetchpriority=\"high\" decoding=\"async\" width=\"768\" height=\"549\" src=\"https:\/\/projetopack.com.br\/wp-content\/uploads\/2021\/04\/Product-10-e1555424819169-768x549.jpg\" class=\"attachment-medium_large size-medium_large wp-image-10771\" alt=\"\" srcset=\"https:\/\/projetopack.com.br\/wp-content\/uploads\/2021\/04\/Product-10-e1555424819169-768x549.jpg 768w, https:\/\/projetopack.com.br\/wp-content\/uploads\/2021\/04\/Product-10-e1555424819169-300x214.jpg 300w, https:\/\/projetopack.com.br\/wp-content\/uploads\/2021\/04\/Product-10-e1555424819169-600x429.jpg 600w, https:\/\/projetopack.com.br\/wp-content\/uploads\/2021\/04\/Product-10-e1555424819169-1024x731.jpg 1024w, https:\/\/projetopack.com.br\/wp-content\/uploads\/2021\/04\/Product-10-e1555424819169-16x12.jpg 16w, https:\/\/projetopack.com.br\/wp-content\/uploads\/2021\/04\/Product-10-e1555424819169.jpg 1400w\" sizes=\"(max-width: 768px) 100vw, 768px\" \/><\/div>\n\t\t<\/a>\n\t\t\t\t<div class=\"elementor-post__text\">\n\t\t\t\t<h3 class=\"elementor-post__title\">\n\t\t\t<a href=\"https:\/\/projetopack.com.br\/en\/a-industria-de-embalagens-flexiveis-global-supera-os-usd-160-bilhoes\/\" >\n\t\t\t\tA ind\u00fastria de embalagens flex\u00edveis global supera os USD 160 bilh\u00f5es\t\t\t<\/a>\n\t\t<\/h3>\n\t\t\t\t<div class=\"elementor-post__excerpt\">\n\t\t\t<p>Espera-se atingir os mais de USD 200 bilh\u00f5es at\u00e9 2025<\/p>\t\t<\/div>\n\t\t\n\t\t<a class=\"elementor-post__read-more\" href=\"https:\/\/projetopack.com.br\/en\/a-industria-de-embalagens-flexiveis-global-supera-os-usd-160-bilhoes\/\" aria-label=\"Read more about A ind\u00fastria de embalagens flex\u00edveis global supera os USD 160 bilh\u00f5es\" tabindex=\"-1\" >\n\t\t\tContinue Lendo\t\t<\/a>\n\n\t\t\t\t<\/div>\n\t\t\t\t<\/article>\n\t\t\t\t<article class=\"elementor-post elementor-grid-item post-9349 post type-post status-publish format-standard has-post-thumbnail hentry category-infopack\" role=\"listitem\">\n\t\t\t\t<a class=\"elementor-post__thumbnail__link\" href=\"https:\/\/projetopack.com.br\/en\/muller-martini-vende-a-sua-empresa-mm-druckmaschinen-gmbh-em-maulburg-para-o-grupo-goebel\/\" tabindex=\"-1\" >\n\t\t\t<div class=\"elementor-post__thumbnail\"><img decoding=\"async\" width=\"768\" height=\"768\" src=\"https:\/\/projetopack.com.br\/wp-content\/uploads\/2021\/02\/Muller-Martini_-768x768.jpg\" class=\"attachment-medium_large size-medium_large wp-image-9352\" alt=\"\" srcset=\"https:\/\/projetopack.com.br\/wp-content\/uploads\/2021\/02\/Muller-Martini_-768x768.jpg 768w, https:\/\/projetopack.com.br\/wp-content\/uploads\/2021\/02\/Muller-Martini_-300x300.jpg 300w, https:\/\/projetopack.com.br\/wp-content\/uploads\/2021\/02\/Muller-Martini_-100x100.jpg 100w, https:\/\/projetopack.com.br\/wp-content\/uploads\/2021\/02\/Muller-Martini_-600x600.jpg 600w, https:\/\/projetopack.com.br\/wp-content\/uploads\/2021\/02\/Muller-Martini_-1024x1024.jpg 1024w, https:\/\/projetopack.com.br\/wp-content\/uploads\/2021\/02\/Muller-Martini_-150x150.jpg 150w, https:\/\/projetopack.com.br\/wp-content\/uploads\/2021\/02\/Muller-Martini_-12x12.jpg 12w, https:\/\/projetopack.com.br\/wp-content\/uploads\/2021\/02\/Muller-Martini_.jpg 1080w\" sizes=\"(max-width: 768px) 100vw, 768px\" \/><\/div>\n\t\t<\/a>\n\t\t\t\t<div class=\"elementor-post__text\">\n\t\t\t\t<h3 class=\"elementor-post__title\">\n\t\t\t<a href=\"https:\/\/projetopack.com.br\/en\/muller-martini-vende-a-sua-empresa-mm-druckmaschinen-gmbh-em-maulburg-para-o-grupo-goebel\/\" >\n\t\t\t\tM\u00fcller Martini vende a sua empresa MM Druckmaschinen GmbH em Maulburg para o Grupo Goebel\t\t\t<\/a>\n\t\t<\/h3>\n\t\t\t\t<div class=\"elementor-post__excerpt\">\n\t\t\t<p>Seis anos depois de suspender a produ\u00e7\u00e3o de m\u00e1quinas rotativas de impress\u00e3o a formatos vari\u00e1veis, M\u00fcller Martini vende a sua empresa MM Druckmaschinen GmbH, localizada na cidade de Maulburg, Alemanha, para a Goebel Capital GmbH, em Baar\/Eschenbach, Su\u00ed\u00e7a. A companhia agora ser\u00e1 conhecida com o nome de Goebel MMD GmbH.\t\t<\/div>\n\t\t\n\t\t<a class=\"elementor-post__read-more\" href=\"https:\/\/projetopack.com.br\/en\/muller-martini-vende-a-sua-empresa-mm-druckmaschinen-gmbh-em-maulburg-para-o-grupo-goebel\/\" aria-label=\"Read more about M\u00fcller Martini vende a sua empresa MM Druckmaschinen GmbH em Maulburg para o Grupo Goebel\" tabindex=\"-1\" >\n\t\t\tContinue Lendo\t\t<\/a>\n\n\t\t\t\t<\/div>\n\t\t\t\t<\/article>\n\t\t\t\t<article class=\"elementor-post elementor-grid-item post-9274 post type-post status-publish format-standard has-post-thumbnail hentry category-infopack tag-benpac tag-gallus tag-heidelberg\" role=\"listitem\">\n\t\t\t\t<a class=\"elementor-post__thumbnail__link\" href=\"https:\/\/projetopack.com.br\/en\/benpac-nao-paga-heidelberg-e-a-venda-da-gallus-e-suspensa\/\" tabindex=\"-1\" >\n\t\t\t<div class=\"elementor-post__thumbnail\"><img decoding=\"async\" width=\"400\" height=\"392\" src=\"https:\/\/projetopack.com.br\/wp-content\/uploads\/2021\/02\/heidelberg-h-neu.jpg\" class=\"attachment-medium_large size-medium_large wp-image-9295\" alt=\"\" srcset=\"https:\/\/projetopack.com.br\/wp-content\/uploads\/2021\/02\/heidelberg-h-neu.jpg 400w, https:\/\/projetopack.com.br\/wp-content\/uploads\/2021\/02\/heidelberg-h-neu-300x294.jpg 300w, https:\/\/projetopack.com.br\/wp-content\/uploads\/2021\/02\/heidelberg-h-neu-12x12.jpg 12w\" sizes=\"(max-width: 400px) 100vw, 400px\" \/><\/div>\n\t\t<\/a>\n\t\t\t\t<div class=\"elementor-post__text\">\n\t\t\t\t<h3 class=\"elementor-post__title\">\n\t\t\t<a href=\"https:\/\/projetopack.com.br\/en\/benpac-nao-paga-heidelberg-e-a-venda-da-gallus-e-suspensa\/\" >\n\t\t\t\tBenpac n\u00e3o paga Heidelberg e a venda da Gallus \u00e9 suspensa\t\t\t<\/a>\n\t\t<\/h3>\n\t\t\t\t<div class=\"elementor-post__excerpt\">\n\t\t\t<p>O fundo n\u00e3o efetuou o pagamento de EUR 120 milh\u00f5es previamente acordado.<\/p>\t\t<\/div>\n\t\t\n\t\t<a class=\"elementor-post__read-more\" href=\"https:\/\/projetopack.com.br\/en\/benpac-nao-paga-heidelberg-e-a-venda-da-gallus-e-suspensa\/\" aria-label=\"Read more about Benpac n\u00e3o paga Heidelberg e a venda da Gallus \u00e9 suspensa\" tabindex=\"-1\" >\n\t\t\tContinue Lendo\t\t<\/a>\n\n\t\t\t\t<\/div>\n\t\t\t\t<\/article>\n\t\t\t\t<\/div>\n\t\t\n\t\t\t\t\t\t<\/div>\n\t\t\t\t<\/div>\n\t\t\t\t<div class=\"elementor-element elementor-element-18ebc92 elementor-align-left elementor-widget elementor-widget-button\" data-id=\"18ebc92\" data-element_type=\"widget\" data-e-type=\"widget\" data-widget_type=\"button.default\">\n\t\t\t\t\t\t\t\t\t\t<a class=\"elementor-button elementor-button-link elementor-size-sm\" href=\"https:\/\/projetopack.com.br\/en\/category\/infopack\/\">\n\t\t\t\t\t\t<span class=\"elementor-button-content-wrapper\">\n\t\t\t\t\t\t\t\t\t<span class=\"elementor-button-text\">Veja mais posts sobre o Infopack<\/span>\n\t\t\t\t\t<\/span>\n\t\t\t\t\t<\/a>\n\t\t\t\t\t\t\t\t<\/div>\n\t\t\t\t\t<\/div>\n\t\t\t\t<\/div>\n\t\t<div class=\"elementor-element elementor-element-6356a5b e-flex e-con-boxed e-con e-parent\" data-id=\"6356a5b\" data-element_type=\"container\" data-e-type=\"container\" data-settings=\"{&quot;jet_parallax_layout_list&quot;:[],&quot;background_background&quot;:&quot;classic&quot;}\">\n\t\t\t\t\t<div class=\"e-con-inner\">\n\t\t\t\t<div class=\"elementor-element elementor-element-cd28058 elementor-widget elementor-widget-heading\" data-id=\"cd28058\" data-element_type=\"widget\" data-e-type=\"widget\" data-widget_type=\"heading.default\">\n\t\t\t\t\t<h2 class=\"elementor-heading-title elementor-size-default\">Artigos<\/h2>\t\t\t\t<\/div>\n\t\t\t\t<div class=\"elementor-element elementor-element-618e527 elementor-grid-tablet-1 elementor-grid-3 elementor-grid-mobile-1 elementor-posts--thumbnail-top elementor-widget elementor-widget-posts\" data-id=\"618e527\" data-element_type=\"widget\" data-e-type=\"widget\" data-settings=\"{&quot;classic_columns_tablet&quot;:&quot;1&quot;,&quot;classic_columns&quot;:&quot;3&quot;,&quot;classic_columns_mobile&quot;:&quot;1&quot;,&quot;classic_row_gap&quot;:{&quot;unit&quot;:&quot;px&quot;,&quot;size&quot;:35,&quot;sizes&quot;:[]},&quot;classic_row_gap_laptop&quot;:{&quot;unit&quot;:&quot;px&quot;,&quot;size&quot;:&quot;&quot;,&quot;sizes&quot;:[]},&quot;classic_row_gap_tablet&quot;:{&quot;unit&quot;:&quot;px&quot;,&quot;size&quot;:&quot;&quot;,&quot;sizes&quot;:[]},&quot;classic_row_gap_mobile&quot;:{&quot;unit&quot;:&quot;px&quot;,&quot;size&quot;:&quot;&quot;,&quot;sizes&quot;:[]}}\" data-widget_type=\"posts.classic\">\n\t\t\t\t<div class=\"elementor-widget-container\">\n\t\t\t\t\t\t\t<div class=\"elementor-posts-container elementor-posts elementor-posts--skin-classic elementor-grid\" role=\"list\">\n\t\t\t\t<article class=\"elementor-post elementor-grid-item post-57571 post type-post status-publish format-standard has-post-thumbnail hentry category-artigos tag-intralog tag-label-pack\" role=\"listitem\">\n\t\t\t\t<a class=\"elementor-post__thumbnail__link\" href=\"https:\/\/projetopack.com.br\/en\/feira-intra-log-expo-dobra-de-tamanho-em-2026-e-traz-como-marca-registrada-tecnologia-em-automacao-e-embalagens-industriais\/\" tabindex=\"-1\" >\n\t\t\t<div class=\"elementor-post__thumbnail\"><img loading=\"lazy\" decoding=\"async\" width=\"768\" height=\"512\" src=\"https:\/\/projetopack.com.br\/wp-content\/uploads\/2026\/04\/INTRALOG-2025_3-768x512.jpg\" class=\"attachment-medium_large size-medium_large wp-image-57572\" alt=\"\" srcset=\"https:\/\/projetopack.com.br\/wp-content\/uploads\/2026\/04\/INTRALOG-2025_3-768x512.jpg 768w, https:\/\/projetopack.com.br\/wp-content\/uploads\/2026\/04\/INTRALOG-2025_3-300x200.jpg 300w, https:\/\/projetopack.com.br\/wp-content\/uploads\/2026\/04\/INTRALOG-2025_3-1024x683.jpg 1024w, https:\/\/projetopack.com.br\/wp-content\/uploads\/2026\/04\/INTRALOG-2025_3-1536x1024.jpg 1536w, https:\/\/projetopack.com.br\/wp-content\/uploads\/2026\/04\/INTRALOG-2025_3-2048x1365.jpg 2048w, https:\/\/projetopack.com.br\/wp-content\/uploads\/2026\/04\/INTRALOG-2025_3-18x12.jpg 18w\" sizes=\"(max-width: 768px) 100vw, 768px\" \/><\/div>\n\t\t<\/a>\n\t\t\t\t<div class=\"elementor-post__text\">\n\t\t\t\t<h3 class=\"elementor-post__title\">\n\t\t\t<a href=\"https:\/\/projetopack.com.br\/en\/feira-intra-log-expo-dobra-de-tamanho-em-2026-e-traz-como-marca-registrada-tecnologia-em-automacao-e-embalagens-industriais\/\" >\n\t\t\t\tFeira INTRA-LOG Expo dobra de tamanho em 2026 e traz como marca registrada tecnologia em automa\u00e7\u00e3o e embalagens industriais\t\t\t<\/a>\n\t\t<\/h3>\n\t\t\t\t<div class=\"elementor-post__excerpt\">\n\t\t\t<p>Grandes marcas globais confirmam presen\u00e7a na edi\u00e7\u00e3o de 2026, com expectativa de ampliar gera\u00e7\u00e3o de neg\u00f3cios nesse setor. \u00a0 Automa\u00e7\u00e3o log\u00edstica na Am\u00e9rica Latina alcan\u00e7ou US$3.9 bi em 2025 e pode crescer em m\u00e9dia de 16,2% at\u00e9 2033. Mercado de automated material Handling (movimenta\u00e7\u00e3o automatizada de materiais) na regi\u00e3o passar\u00e1<\/p>\n\t\t<\/div>\n\t\t\n\t\t<a class=\"elementor-post__read-more\" href=\"https:\/\/projetopack.com.br\/en\/feira-intra-log-expo-dobra-de-tamanho-em-2026-e-traz-como-marca-registrada-tecnologia-em-automacao-e-embalagens-industriais\/\" aria-label=\"Read more about Feira INTRA-LOG Expo dobra de tamanho em 2026 e traz como marca registrada tecnologia em automa\u00e7\u00e3o e embalagens industriais\" tabindex=\"-1\" >\n\t\t\tContinue Lendo\t\t<\/a>\n\n\t\t\t\t<\/div>\n\t\t\t\t<\/article>\n\t\t\t\t<article class=\"elementor-post elementor-grid-item post-56367 post type-post status-publish format-standard has-post-thumbnail hentry category-artigos tag-chinaplas\" role=\"listitem\">\n\t\t\t\t<a class=\"elementor-post__thumbnail__link\" href=\"https:\/\/projetopack.com.br\/en\/chinaplas-2026-impulsionando-o-15o-plano-quinquenal-para-inaugurar-uma-nova-era-de-inovacao-em-plasticos-e-borracha\/\" tabindex=\"-1\" >\n\t\t\t<div class=\"elementor-post__thumbnail\"><img loading=\"lazy\" decoding=\"async\" width=\"600\" height=\"600\" src=\"https:\/\/projetopack.com.br\/wp-content\/uploads\/2026\/01\/1036654_20251106125354077.webp\" class=\"attachment-medium_large size-medium_large wp-image-55960\" alt=\"\" srcset=\"https:\/\/projetopack.com.br\/wp-content\/uploads\/2026\/01\/1036654_20251106125354077.webp 600w, https:\/\/projetopack.com.br\/wp-content\/uploads\/2026\/01\/1036654_20251106125354077-300x300.webp 300w, https:\/\/projetopack.com.br\/wp-content\/uploads\/2026\/01\/1036654_20251106125354077-150x150.webp 150w, https:\/\/projetopack.com.br\/wp-content\/uploads\/2026\/01\/1036654_20251106125354077-12x12.webp 12w\" sizes=\"(max-width: 600px) 100vw, 600px\" \/><\/div>\n\t\t<\/a>\n\t\t\t\t<div class=\"elementor-post__text\">\n\t\t\t\t<h3 class=\"elementor-post__title\">\n\t\t\t<a href=\"https:\/\/projetopack.com.br\/en\/chinaplas-2026-impulsionando-o-15o-plano-quinquenal-para-inaugurar-uma-nova-era-de-inovacao-em-plasticos-e-borracha\/\" >\n\t\t\t\tCHINAPLAS 2026: Impulsionando o &#8220;15\u00ba Plano Quinquenal&#8221; para Inaugurar uma Nova Era de Inova\u00e7\u00e3o em Pl\u00e1sticos e Borracha\t\t\t<\/a>\n\t\t<\/h3>\n\t\t\t\t<div class=\"elementor-post__excerpt\">\n\t\t\t<p>\u00c0 medida que a China inicia o primeiro ano de seu \u201c15\u00ba Plano Quinquenal\u201d, um projeto din\u00e2mico para inova\u00e7\u00e3o e desenvolvimento de alta qualidade nas ind\u00fastrias de pl\u00e1sticos e borracha ser\u00e1 apresentado na CHINAPLAS 2026. As \u201cRecomenda\u00e7\u00f5es do 15\u00ba Plano Quinquenal\u201d enfatizam o fomento de ind\u00fastrias emergentes e do futuro,<\/p>\n\t\t<\/div>\n\t\t\n\t\t<a class=\"elementor-post__read-more\" href=\"https:\/\/projetopack.com.br\/en\/chinaplas-2026-impulsionando-o-15o-plano-quinquenal-para-inaugurar-uma-nova-era-de-inovacao-em-plasticos-e-borracha\/\" aria-label=\"Read more about CHINAPLAS 2026: Impulsionando o &#8220;15\u00ba Plano Quinquenal&#8221; para Inaugurar uma Nova Era de Inova\u00e7\u00e3o em Pl\u00e1sticos e Borracha\" tabindex=\"-1\" >\n\t\t\tContinue Lendo\t\t<\/a>\n\n\t\t\t\t<\/div>\n\t\t\t\t<\/article>\n\t\t\t\t<article class=\"elementor-post elementor-grid-item post-39417 post type-post status-publish format-standard has-post-thumbnail hentry category-artigos\" role=\"listitem\">\n\t\t\t\t<a class=\"elementor-post__thumbnail__link\" href=\"https:\/\/projetopack.com.br\/en\/etiqueta-desenvolvida-pela-paa-label-para-dar-maior-praticidade-destaque-e-seguranca-ao-seu-produto\/\" tabindex=\"-1\" >\n\t\t\t<div class=\"elementor-post__thumbnail\"><img loading=\"lazy\" decoding=\"async\" width=\"768\" height=\"960\" src=\"https:\/\/projetopack.com.br\/wp-content\/uploads\/2024\/01\/IMAGEM-1-768x960.png\" class=\"attachment-medium_large size-medium_large wp-image-39418\" alt=\"\" srcset=\"https:\/\/projetopack.com.br\/wp-content\/uploads\/2024\/01\/IMAGEM-1-768x960.png 768w, https:\/\/projetopack.com.br\/wp-content\/uploads\/2024\/01\/IMAGEM-1-300x375.png 300w, https:\/\/projetopack.com.br\/wp-content\/uploads\/2024\/01\/IMAGEM-1-600x750.png 600w, https:\/\/projetopack.com.br\/wp-content\/uploads\/2024\/01\/IMAGEM-1.png 1080w\" sizes=\"(max-width: 768px) 100vw, 768px\" \/><\/div>\n\t\t<\/a>\n\t\t\t\t<div class=\"elementor-post__text\">\n\t\t\t\t<h3 class=\"elementor-post__title\">\n\t\t\t<a href=\"https:\/\/projetopack.com.br\/en\/etiqueta-desenvolvida-pela-paa-label-para-dar-maior-praticidade-destaque-e-seguranca-ao-seu-produto\/\" >\n\t\t\t\tEtiqueta desenvolvida pela PAA Label para dar maior praticidade, destaque e seguran\u00e7a ao seu produto.\t\t\t<\/a>\n\t\t<\/h3>\n\t\t\t\t<div class=\"elementor-post__excerpt\">\n\t\t\t<p>Estas etiquetas s\u00e3o ideais para uso na ind\u00fastria de&nbsp;aparelhos el\u00e9trico eletr\u00f4nicos,&nbsp;bens dur\u00e1veis,&nbsp;auto pe\u00e7as, etc. Podem ser&nbsp;personalizadas&nbsp;e a estrutura utilizada \u00e9 de&nbsp;filme de BOPP metalizado&nbsp;de alta adesividade e blindada com&nbsp;filme de BOPP transparente. A PAA Label&nbsp;\u00e9 licenciada para usar a&nbsp;Tecnologia&nbsp;desenvolvida e patenteada pela Identilabel para produ\u00e7\u00e3o e comercializa\u00e7\u00e3o de etiquetas e<\/p>\n\t\t<\/div>\n\t\t\n\t\t<a class=\"elementor-post__read-more\" href=\"https:\/\/projetopack.com.br\/en\/etiqueta-desenvolvida-pela-paa-label-para-dar-maior-praticidade-destaque-e-seguranca-ao-seu-produto\/\" aria-label=\"Read more about Etiqueta desenvolvida pela PAA Label para dar maior praticidade, destaque e seguran\u00e7a ao seu produto.\" tabindex=\"-1\" >\n\t\t\tContinue Lendo\t\t<\/a>\n\n\t\t\t\t<\/div>\n\t\t\t\t<\/article>\n\t\t\t\t<\/div>\n\t\t\n\t\t\t\t\t\t<\/div>\n\t\t\t\t<\/div>\n\t\t\t\t<div class=\"elementor-element elementor-element-edc1913 elementor-align-left elementor-widget elementor-widget-button\" data-id=\"edc1913\" data-element_type=\"widget\" data-e-type=\"widget\" data-widget_type=\"button.default\">\n\t\t\t\t\t\t\t\t\t\t<a class=\"elementor-button elementor-button-link elementor-size-sm\" href=\"https:\/\/projetopack.com.br\/en\/category\/artigos\/\">\n\t\t\t\t\t\t<span class=\"elementor-button-content-wrapper\">\n\t\t\t\t\t\t\t\t\t<span class=\"elementor-button-text\">Veja mais Artigos<\/span>\n\t\t\t\t\t<\/span>\n\t\t\t\t\t<\/a>\n\t\t\t\t\t\t\t\t<\/div>\n\t\t\t\t\t<\/div>\n\t\t\t\t<\/div>\n\t\t<div class=\"elementor-element elementor-element-0382223 e-flex e-con-boxed e-con e-parent\" data-id=\"0382223\" data-element_type=\"container\" data-e-type=\"container\" data-settings=\"{&quot;jet_parallax_layout_list&quot;:[]}\">\n\t\t\t\t\t<div class=\"e-con-inner\">\n\t\t\t\t<div class=\"elementor-element elementor-element-319bdce elementor-widget elementor-widget-heading\" data-id=\"319bdce\" data-element_type=\"widget\" data-e-type=\"widget\" data-widget_type=\"heading.default\">\n\t\t\t\t\t<h2 class=\"elementor-heading-title elementor-size-default\">Entrevistas<\/h2>\t\t\t\t<\/div>\n\t\t\t\t<div class=\"elementor-element elementor-element-f8bdfe0 elementor-grid-tablet-1 elementor-grid-3 elementor-grid-mobile-1 elementor-posts--thumbnail-top elementor-widget elementor-widget-posts\" data-id=\"f8bdfe0\" data-element_type=\"widget\" data-e-type=\"widget\" data-settings=\"{&quot;classic_columns_tablet&quot;:&quot;1&quot;,&quot;classic_columns&quot;:&quot;3&quot;,&quot;classic_columns_mobile&quot;:&quot;1&quot;,&quot;classic_row_gap&quot;:{&quot;unit&quot;:&quot;px&quot;,&quot;size&quot;:35,&quot;sizes&quot;:[]},&quot;classic_row_gap_laptop&quot;:{&quot;unit&quot;:&quot;px&quot;,&quot;size&quot;:&quot;&quot;,&quot;sizes&quot;:[]},&quot;classic_row_gap_tablet&quot;:{&quot;unit&quot;:&quot;px&quot;,&quot;size&quot;:&quot;&quot;,&quot;sizes&quot;:[]},&quot;classic_row_gap_mobile&quot;:{&quot;unit&quot;:&quot;px&quot;,&quot;size&quot;:&quot;&quot;,&quot;sizes&quot;:[]}}\" data-widget_type=\"posts.classic\">\n\t\t\t\t<div class=\"elementor-widget-container\">\n\t\t\t\t\t\t\t<div class=\"elementor-posts-container elementor-posts elementor-posts--skin-classic elementor-grid\" role=\"list\">\n\t\t\t\t<article class=\"elementor-post elementor-grid-item post-34641 post type-post status-publish format-standard has-post-thumbnail hentry category-entrevistas\" role=\"listitem\">\n\t\t\t\t<a class=\"elementor-post__thumbnail__link\" href=\"https:\/\/projetopack.com.br\/en\/o-que-aprendemos-na-entrevista-do-programa-packcast-com-o-leonidas-alperowitch\/\" tabindex=\"-1\" >\n\t\t\t<div class=\"elementor-post__thumbnail\"><img loading=\"lazy\" decoding=\"async\" width=\"600\" height=\"600\" src=\"https:\/\/projetopack.com.br\/wp-content\/uploads\/2023\/05\/Capa-Podcast-T3-EP2-600x600-1.webp\" class=\"attachment-medium_large size-medium_large wp-image-34995\" alt=\"packcast leonidas alperowitch\" srcset=\"https:\/\/projetopack.com.br\/wp-content\/uploads\/2023\/05\/Capa-Podcast-T3-EP2-600x600-1.webp 600w, https:\/\/projetopack.com.br\/wp-content\/uploads\/2023\/05\/Capa-Podcast-T3-EP2-600x600-1-300x300.webp 300w, https:\/\/projetopack.com.br\/wp-content\/uploads\/2023\/05\/Capa-Podcast-T3-EP2-600x600-1-100x100.webp 100w, https:\/\/projetopack.com.br\/wp-content\/uploads\/2023\/05\/Capa-Podcast-T3-EP2-600x600-1-150x150.webp 150w, https:\/\/projetopack.com.br\/wp-content\/uploads\/2023\/05\/Capa-Podcast-T3-EP2-600x600-1-12x12.webp 12w\" sizes=\"(max-width: 600px) 100vw, 600px\" \/><\/div>\n\t\t<\/a>\n\t\t\t\t<div class=\"elementor-post__text\">\n\t\t\t\t<h3 class=\"elementor-post__title\">\n\t\t\t<a href=\"https:\/\/projetopack.com.br\/en\/o-que-aprendemos-na-entrevista-do-programa-packcast-com-o-leonidas-alperowitch\/\" >\n\t\t\t\tO que aprendemos na entrevista do programa PackCast com o Leonidas Alperowitch?\t\t\t<\/a>\n\t\t<\/h3>\n\t\t\t\t<div class=\"elementor-post__excerpt\">\n\t\t\t<p>Nos \u00faltimos dias, conduzimos mais uma entrevista no nosso podcast. E, mantendo a tradi\u00e7\u00e3o, aproveitamos o v\u00eddeo para o formato webcast em nosso canal do YouTube. Foi a segunda entrevista da temporada especial \u201c45 anos de ABIEF\u201d, com um verdadeiro patrim\u00f4nio da ind\u00fastria de embalagens pl\u00e1sticas flex\u00edveis nacional, o engenheiro,<\/p>\n\t\t<\/div>\n\t\t\n\t\t<a class=\"elementor-post__read-more\" href=\"https:\/\/projetopack.com.br\/en\/o-que-aprendemos-na-entrevista-do-programa-packcast-com-o-leonidas-alperowitch\/\" aria-label=\"Read more about O que aprendemos na entrevista do programa PackCast com o Leonidas Alperowitch?\" tabindex=\"-1\" >\n\t\t\tContinue Lendo\t\t<\/a>\n\n\t\t\t\t<\/div>\n\t\t\t\t<\/article>\n\t\t\t\t<article class=\"elementor-post elementor-grid-item post-28652 post type-post status-publish format-standard has-post-thumbnail hentry category-entrevistas\" role=\"listitem\">\n\t\t\t\t<a class=\"elementor-post__thumbnail__link\" href=\"https:\/\/projetopack.com.br\/en\/o-que-aprendemos-na-entrevista-do-programa-packcast-com-o-sr-jacques-sikierski\/\" tabindex=\"-1\" >\n\t\t\t<div class=\"elementor-post__thumbnail\"><img loading=\"lazy\" decoding=\"async\" width=\"768\" height=\"768\" src=\"https:\/\/projetopack.com.br\/wp-content\/uploads\/2022\/10\/Capa-Podcast-T3-EP1-768x768.png\" class=\"attachment-medium_large size-medium_large wp-image-28653\" alt=\"jacques sikierski\" srcset=\"https:\/\/projetopack.com.br\/wp-content\/uploads\/2022\/10\/Capa-Podcast-T3-EP1-768x768.png 768w, https:\/\/projetopack.com.br\/wp-content\/uploads\/2022\/10\/Capa-Podcast-T3-EP1-300x300.png 300w, https:\/\/projetopack.com.br\/wp-content\/uploads\/2022\/10\/Capa-Podcast-T3-EP1-100x100.png 100w, https:\/\/projetopack.com.br\/wp-content\/uploads\/2022\/10\/Capa-Podcast-T3-EP1-600x600.png 600w, https:\/\/projetopack.com.br\/wp-content\/uploads\/2022\/10\/Capa-Podcast-T3-EP1-1024x1024.png 1024w, https:\/\/projetopack.com.br\/wp-content\/uploads\/2022\/10\/Capa-Podcast-T3-EP1-150x150.png 150w, https:\/\/projetopack.com.br\/wp-content\/uploads\/2022\/10\/Capa-Podcast-T3-EP1-12x12.png 12w, https:\/\/projetopack.com.br\/wp-content\/uploads\/2022\/10\/Capa-Podcast-T3-EP1.png 1080w\" sizes=\"(max-width: 768px) 100vw, 768px\" \/><\/div>\n\t\t<\/a>\n\t\t\t\t<div class=\"elementor-post__text\">\n\t\t\t\t<h3 class=\"elementor-post__title\">\n\t\t\t<a href=\"https:\/\/projetopack.com.br\/en\/o-que-aprendemos-na-entrevista-do-programa-packcast-com-o-sr-jacques-sikierski\/\" >\n\t\t\t\tO que aprendemos na entrevista do programa PackCast com o Sr. Jacques Sikierski?\t\t\t<\/a>\n\t\t<\/h3>\n\t\t\t\t<div class=\"elementor-post__excerpt\">\n\t\t\t<p>Foi a primeira entrevista da temporada especial \u201c45 anos de ABIEF\u201d<\/p>\t\t<\/div>\n\t\t\n\t\t<a class=\"elementor-post__read-more\" href=\"https:\/\/projetopack.com.br\/en\/o-que-aprendemos-na-entrevista-do-programa-packcast-com-o-sr-jacques-sikierski\/\" aria-label=\"Read more about O que aprendemos na entrevista do programa PackCast com o Sr. Jacques Sikierski?\" tabindex=\"-1\" >\n\t\t\tContinue Lendo\t\t<\/a>\n\n\t\t\t\t<\/div>\n\t\t\t\t<\/article>\n\t\t\t\t<article class=\"elementor-post elementor-grid-item post-27646 post type-post status-publish format-standard has-post-thumbnail hentry category-entrevistas category-outros\" role=\"listitem\">\n\t\t\t\t<a class=\"elementor-post__thumbnail__link\" href=\"https:\/\/projetopack.com.br\/en\/teruel-papeis-amalia-combina-inovacao-e-sustentabilidade-para-vencer-a-premiacao-silver-no-global-flexo-innovation-awards\/\" tabindex=\"-1\" >\n\t\t\t<div class=\"elementor-post__thumbnail\"><img loading=\"lazy\" decoding=\"async\" width=\"768\" height=\"509\" src=\"https:\/\/projetopack.com.br\/wp-content\/uploads\/2022\/09\/Nelson-Teruel-e-sua-Livia-Virgilio-768x509.jpg\" class=\"attachment-medium_large size-medium_large wp-image-27654\" alt=\"teruel pap\u00e9is am\u00e1lia\" srcset=\"https:\/\/projetopack.com.br\/wp-content\/uploads\/2022\/09\/Nelson-Teruel-e-sua-Livia-Virgilio-768x509.jpg 768w, https:\/\/projetopack.com.br\/wp-content\/uploads\/2022\/09\/Nelson-Teruel-e-sua-Livia-Virgilio-300x199.jpg 300w, https:\/\/projetopack.com.br\/wp-content\/uploads\/2022\/09\/Nelson-Teruel-e-sua-Livia-Virgilio-600x398.jpg 600w, https:\/\/projetopack.com.br\/wp-content\/uploads\/2022\/09\/Nelson-Teruel-e-sua-Livia-Virgilio-1024x678.jpg 1024w, https:\/\/projetopack.com.br\/wp-content\/uploads\/2022\/09\/Nelson-Teruel-e-sua-Livia-Virgilio-1536x1018.jpg 1536w, https:\/\/projetopack.com.br\/wp-content\/uploads\/2022\/09\/Nelson-Teruel-e-sua-Livia-Virgilio.jpg 2048w, https:\/\/projetopack.com.br\/wp-content\/uploads\/2022\/09\/Nelson-Teruel-e-sua-Livia-Virgilio-18x12.jpg 18w\" sizes=\"(max-width: 768px) 100vw, 768px\" \/><\/div>\n\t\t<\/a>\n\t\t\t\t<div class=\"elementor-post__text\">\n\t\t\t\t<h3 class=\"elementor-post__title\">\n\t\t\t<a href=\"https:\/\/projetopack.com.br\/en\/teruel-papeis-amalia-combina-inovacao-e-sustentabilidade-para-vencer-a-premiacao-silver-no-global-flexo-innovation-awards\/\" >\n\t\t\t\tTeruel-Pap\u00e9is Amalia combina inova\u00e7\u00e3o e        sustentabilidade para vencer a premia\u00e7\u00e3o Silver no Global Flexo Innovation Awards\t\t\t<\/a>\n\t\t<\/h3>\n\t\t\t\t<div class=\"elementor-post__excerpt\">\n\t\t\t<p>Inova\u00e7\u00e3o e sustentabilidade t\u00eam sido caracter\u00edsticas definidoras da Teruel-Pap\u00e9is Amalia desde que o pai de Nelson, Amadeu, iniciou o neg\u00f3cio em 1969<\/p>\t\t<\/div>\n\t\t\n\t\t<a class=\"elementor-post__read-more\" href=\"https:\/\/projetopack.com.br\/en\/teruel-papeis-amalia-combina-inovacao-e-sustentabilidade-para-vencer-a-premiacao-silver-no-global-flexo-innovation-awards\/\" aria-label=\"Read more about Teruel-Pap\u00e9is Amalia combina inova\u00e7\u00e3o e        sustentabilidade para vencer a premia\u00e7\u00e3o Silver no Global Flexo Innovation Awards\" tabindex=\"-1\" >\n\t\t\tContinue Lendo\t\t<\/a>\n\n\t\t\t\t<\/div>\n\t\t\t\t<\/article>\n\t\t\t\t<\/div>\n\t\t\n\t\t\t\t\t\t<\/div>\n\t\t\t\t<\/div>\n\t\t\t\t<div class=\"elementor-element elementor-element-68e9754 elementor-align-left elementor-widget elementor-widget-button\" data-id=\"68e9754\" data-element_type=\"widget\" data-e-type=\"widget\" data-widget_type=\"button.default\">\n\t\t\t\t\t\t\t\t\t\t<a class=\"elementor-button elementor-button-link elementor-size-sm\" href=\"https:\/\/projetopack.com.br\/en\/category\/entrevistas\/\">\n\t\t\t\t\t\t<span class=\"elementor-button-content-wrapper\">\n\t\t\t\t\t\t\t\t\t<span class=\"elementor-button-text\">Veja mais posts sobre Entrevistas<\/span>\n\t\t\t\t\t<\/span>\n\t\t\t\t\t<\/a>\n\t\t\t\t\t\t\t\t<\/div>\n\t\t\t\t\t<\/div>\n\t\t\t\t<\/div>\n\t\t<div class=\"elementor-element elementor-element-ce2f1ff e-flex e-con-boxed e-con e-parent\" data-id=\"ce2f1ff\" data-element_type=\"container\" data-e-type=\"container\" data-settings=\"{&quot;jet_parallax_layout_list&quot;:[],&quot;background_background&quot;:&quot;classic&quot;}\">\n\t\t\t\t\t<div class=\"e-con-inner\">\n\t\t\t\t<div class=\"elementor-element elementor-element-8a8aa4d elementor-widget elementor-widget-heading\" data-id=\"8a8aa4d\" data-element_type=\"widget\" data-e-type=\"widget\" data-widget_type=\"heading.default\">\n\t\t\t\t\t<h2 class=\"elementor-heading-title elementor-size-default\">Eventos<\/h2>\t\t\t\t<\/div>\n\t\t\t\t<div class=\"elementor-element elementor-element-f7efcf6 elementor-grid-tablet-1 elementor-grid-3 elementor-grid-mobile-1 elementor-posts--thumbnail-top elementor-widget elementor-widget-posts\" data-id=\"f7efcf6\" data-element_type=\"widget\" data-e-type=\"widget\" data-settings=\"{&quot;classic_columns_tablet&quot;:&quot;1&quot;,&quot;classic_columns&quot;:&quot;3&quot;,&quot;classic_columns_mobile&quot;:&quot;1&quot;,&quot;classic_row_gap&quot;:{&quot;unit&quot;:&quot;px&quot;,&quot;size&quot;:35,&quot;sizes&quot;:[]},&quot;classic_row_gap_laptop&quot;:{&quot;unit&quot;:&quot;px&quot;,&quot;size&quot;:&quot;&quot;,&quot;sizes&quot;:[]},&quot;classic_row_gap_tablet&quot;:{&quot;unit&quot;:&quot;px&quot;,&quot;size&quot;:&quot;&quot;,&quot;sizes&quot;:[]},&quot;classic_row_gap_mobile&quot;:{&quot;unit&quot;:&quot;px&quot;,&quot;size&quot;:&quot;&quot;,&quot;sizes&quot;:[]}}\" data-widget_type=\"posts.classic\">\n\t\t\t\t<div class=\"elementor-widget-container\">\n\t\t\t\t\t\t\t<div class=\"elementor-posts-container elementor-posts elementor-posts--skin-classic elementor-grid\" role=\"list\">\n\t\t\t\t<article class=\"elementor-post elementor-grid-item post-42810 post type-post status-publish format-standard has-post-thumbnail hentry category-eventos tag-chinaplas\" role=\"listitem\">\n\t\t\t\t<a class=\"elementor-post__thumbnail__link\" href=\"https:\/\/projetopack.com.br\/en\/recorde-de-publico-de-mais-de-320-000-visitantes-a-conclusao-perfeita-para-o-retorno-da-chinaplas-a-xangai\/\" tabindex=\"-1\" >\n\t\t\t<div class=\"elementor-post__thumbnail\"><img loading=\"lazy\" decoding=\"async\" width=\"768\" height=\"403\" src=\"https:\/\/projetopack.com.br\/wp-content\/uploads\/2024\/07\/Chinaplas-768x403.jpg\" class=\"attachment-medium_large size-medium_large wp-image-42811\" alt=\"\" srcset=\"https:\/\/projetopack.com.br\/wp-content\/uploads\/2024\/07\/Chinaplas-768x403.jpg 768w, https:\/\/projetopack.com.br\/wp-content\/uploads\/2024\/07\/Chinaplas-300x158.jpg 300w, https:\/\/projetopack.com.br\/wp-content\/uploads\/2024\/07\/Chinaplas-1024x538.jpg 1024w, https:\/\/projetopack.com.br\/wp-content\/uploads\/2024\/07\/Chinaplas-18x9.jpg 18w, https:\/\/projetopack.com.br\/wp-content\/uploads\/2024\/07\/Chinaplas-600x315.jpg 600w, https:\/\/projetopack.com.br\/wp-content\/uploads\/2024\/07\/Chinaplas.jpg 1200w\" sizes=\"(max-width: 768px) 100vw, 768px\" \/><\/div>\n\t\t<\/a>\n\t\t\t\t<div class=\"elementor-post__text\">\n\t\t\t\t<h3 class=\"elementor-post__title\">\n\t\t\t<a href=\"https:\/\/projetopack.com.br\/en\/recorde-de-publico-de-mais-de-320-000-visitantes-a-conclusao-perfeita-para-o-retorno-da-chinaplas-a-xangai\/\" >\n\t\t\t\tRecorde de p\u00fablico de mais de 320.000 visitantes: a conclus\u00e3o perfeita para o retorno da CHINAPLAS a Xangai\t\t\t<\/a>\n\t\t<\/h3>\n\t\t\t\t<div class=\"elementor-post__excerpt\">\n\t\t\t<p>Ap\u00f3s um hiato de seis anos, a CHINAPLAS 2024 fez um retorno importante e bem-sucedido a Xangai, em 26 de abril no Centro Nacional de Exposi\u00e7\u00f5es e Conven\u00e7\u00f5es (NECC), Hongqiao, Xangai, Rep\u00fablica Popular da China. O regresso a Xangai captou imediatamente a aten\u00e7\u00e3o das ind\u00fastrias globais de pl\u00e1sticos e borracha<\/p>\n\t\t<\/div>\n\t\t\n\t\t<a class=\"elementor-post__read-more\" href=\"https:\/\/projetopack.com.br\/en\/recorde-de-publico-de-mais-de-320-000-visitantes-a-conclusao-perfeita-para-o-retorno-da-chinaplas-a-xangai\/\" aria-label=\"Read more about Recorde de p\u00fablico de mais de 320.000 visitantes: a conclus\u00e3o perfeita para o retorno da CHINAPLAS a Xangai\" tabindex=\"-1\" >\n\t\t\tContinue Lendo\t\t<\/a>\n\n\t\t\t\t<\/div>\n\t\t\t\t<\/article>\n\t\t\t\t<article class=\"elementor-post elementor-grid-item post-39433 post type-post status-publish format-standard has-post-thumbnail hentry category-eventos tag-chinaplas tag-feira-de-plasticos\" role=\"listitem\">\n\t\t\t\t<a class=\"elementor-post__thumbnail__link\" href=\"https:\/\/projetopack.com.br\/en\/o-tao-esperado-retorno-a-xangai-apos-seis-anos\/\" tabindex=\"-1\" >\n\t\t\t<div class=\"elementor-post__thumbnail\"><img loading=\"lazy\" decoding=\"async\" width=\"768\" height=\"512\" src=\"https:\/\/projetopack.com.br\/wp-content\/uploads\/2024\/01\/Imagem7-768x512.jpg\" class=\"attachment-medium_large size-medium_large wp-image-39442\" alt=\"Chinaplas\" srcset=\"https:\/\/projetopack.com.br\/wp-content\/uploads\/2024\/01\/Imagem7-768x512.jpg 768w, https:\/\/projetopack.com.br\/wp-content\/uploads\/2024\/01\/Imagem7-300x200.jpg 300w, https:\/\/projetopack.com.br\/wp-content\/uploads\/2024\/01\/Imagem7-18x12.jpg 18w, https:\/\/projetopack.com.br\/wp-content\/uploads\/2024\/01\/Imagem7-600x400.jpg 600w, https:\/\/projetopack.com.br\/wp-content\/uploads\/2024\/01\/Imagem7.jpg 867w\" sizes=\"(max-width: 768px) 100vw, 768px\" \/><\/div>\n\t\t<\/a>\n\t\t\t\t<div class=\"elementor-post__text\">\n\t\t\t\t<h3 class=\"elementor-post__title\">\n\t\t\t<a href=\"https:\/\/projetopack.com.br\/en\/o-tao-esperado-retorno-a-xangai-apos-seis-anos\/\" >\n\t\t\t\tO t\u00e3o esperado retorno a Xangai ap\u00f3s seis anos\t\t\t<\/a>\n\t\t<\/h3>\n\t\t\t\t<div class=\"elementor-post__excerpt\">\n\t\t\t<p>Aumento das expectativas da ind\u00fastria para CHINAPLAS 2024 A economia da China mostra sinais de recupera\u00e7\u00e3o r\u00e1pida, enquanto a \u00c1sia funciona como a locomotiva da economia global. \u00c0 medida que a economia continua a recuperar, a ind\u00fastria de exposi\u00e7\u00f5es, que \u00e9 considerada um bar\u00f4metro econ\u00f4mico, est\u00e1 a registrar uma forte<\/p>\n\t\t<\/div>\n\t\t\n\t\t<a class=\"elementor-post__read-more\" href=\"https:\/\/projetopack.com.br\/en\/o-tao-esperado-retorno-a-xangai-apos-seis-anos\/\" aria-label=\"Read more about O t\u00e3o esperado retorno a Xangai ap\u00f3s seis anos\" tabindex=\"-1\" >\n\t\t\tContinue Lendo\t\t<\/a>\n\n\t\t\t\t<\/div>\n\t\t\t\t<\/article>\n\t\t\t\t<article class=\"elementor-post elementor-grid-item post-34236 post type-post status-publish format-standard has-post-thumbnail hentry category-eventos\" role=\"listitem\">\n\t\t\t\t<a class=\"elementor-post__thumbnail__link\" href=\"https:\/\/projetopack.com.br\/en\/congresso-discute-o-papel-da-embalagem-na-busca-por-sustentabilidade-e-pelo-desenvolvimento-da-industria\/\" tabindex=\"-1\" >\n\t\t\t<div class=\"elementor-post__thumbnail\"><img loading=\"lazy\" decoding=\"async\" width=\"768\" height=\"768\" src=\"https:\/\/projetopack.com.br\/wp-content\/uploads\/2023\/05\/1683636384401-768x768.jpg\" class=\"attachment-medium_large size-medium_large wp-image-34237\" alt=\"abre congresso 2023\" srcset=\"https:\/\/projetopack.com.br\/wp-content\/uploads\/2023\/05\/1683636384401-768x768.jpg 768w, https:\/\/projetopack.com.br\/wp-content\/uploads\/2023\/05\/1683636384401-300x300.jpg 300w, https:\/\/projetopack.com.br\/wp-content\/uploads\/2023\/05\/1683636384401-100x100.jpg 100w, https:\/\/projetopack.com.br\/wp-content\/uploads\/2023\/05\/1683636384401-600x600.jpg 600w, https:\/\/projetopack.com.br\/wp-content\/uploads\/2023\/05\/1683636384401-1024x1024.jpg 1024w, https:\/\/projetopack.com.br\/wp-content\/uploads\/2023\/05\/1683636384401-150x150.jpg 150w, https:\/\/projetopack.com.br\/wp-content\/uploads\/2023\/05\/1683636384401-12x12.jpg 12w, https:\/\/projetopack.com.br\/wp-content\/uploads\/2023\/05\/1683636384401.jpg 1080w\" sizes=\"(max-width: 768px) 100vw, 768px\" \/><\/div>\n\t\t<\/a>\n\t\t\t\t<div class=\"elementor-post__text\">\n\t\t\t\t<h3 class=\"elementor-post__title\">\n\t\t\t<a href=\"https:\/\/projetopack.com.br\/en\/congresso-discute-o-papel-da-embalagem-na-busca-por-sustentabilidade-e-pelo-desenvolvimento-da-industria\/\" >\n\t\t\t\tCongresso discute o papel da embalagem na busca por sustentabilidade e pelo desenvolvimento da ind\u00fastria\t\t\t<\/a>\n\t\t<\/h3>\n\t\t\t\t<div class=\"elementor-post__excerpt\">\n\t\t\t<p>A ABRE \u2013 Associa\u00e7\u00e3o Brasileira de Embalagem reunir\u00e1, em um \u00fanico evento, grandes executivos para fortalecer o entendimento do setor de embalagem frente \u00e0s novas demandas do consumidor. Nos dias 24 e 25 de maio a ABRE Associa\u00e7\u00e3o Brasileira de Embalagem promover\u00e1 o 20\u00ba Congresso ABRE de Embalagem e Consumo<\/p>\n\t\t<\/div>\n\t\t\n\t\t<a class=\"elementor-post__read-more\" href=\"https:\/\/projetopack.com.br\/en\/congresso-discute-o-papel-da-embalagem-na-busca-por-sustentabilidade-e-pelo-desenvolvimento-da-industria\/\" aria-label=\"Read more about Congresso discute o papel da embalagem na busca por sustentabilidade e pelo desenvolvimento da ind\u00fastria\" tabindex=\"-1\" >\n\t\t\tContinue Lendo\t\t<\/a>\n\n\t\t\t\t<\/div>\n\t\t\t\t<\/article>\n\t\t\t\t<\/div>\n\t\t\n\t\t\t\t\t\t<\/div>\n\t\t\t\t<\/div>\n\t\t\t\t<div class=\"elementor-element elementor-element-e7e3e33 elementor-align-left elementor-widget elementor-widget-button\" data-id=\"e7e3e33\" data-element_type=\"widget\" data-e-type=\"widget\" data-widget_type=\"button.default\">\n\t\t\t\t\t\t\t\t\t\t<a class=\"elementor-button elementor-button-link elementor-size-sm\" href=\"https:\/\/projetopack.com.br\/en\/category\/eventos\/\">\n\t\t\t\t\t\t<span class=\"elementor-button-content-wrapper\">\n\t\t\t\t\t\t\t\t\t<span class=\"elementor-button-text\">Veja mais posts sobre Eventos<\/span>\n\t\t\t\t\t<\/span>\n\t\t\t\t\t<\/a>\n\t\t\t\t\t\t\t\t<\/div>\n\t\t\t\t\t<\/div>\n\t\t\t\t<\/div>\n\t\t<div class=\"elementor-element elementor-element-e1a442a e-flex e-con-boxed e-con e-parent\" data-id=\"e1a442a\" data-element_type=\"container\" data-e-type=\"container\" data-settings=\"{&quot;jet_parallax_layout_list&quot;:[]}\">\n\t\t\t\t\t<div class=\"e-con-inner\">\n\t\t\t\t<div class=\"elementor-element elementor-element-6a0f29d elementor-widget elementor-widget-heading\" data-id=\"6a0f29d\" data-element_type=\"widget\" data-e-type=\"widget\" data-widget_type=\"heading.default\">\n\t\t\t\t\t<h2 class=\"elementor-heading-title elementor-size-default\">Fus\u00f5es e Aquisi\u00e7\u00f5es<\/h2>\t\t\t\t<\/div>\n\t\t\t\t<div class=\"elementor-element elementor-element-d95d3ea elementor-grid-tablet-1 elementor-grid-3 elementor-grid-mobile-1 elementor-posts--thumbnail-top elementor-widget elementor-widget-posts\" data-id=\"d95d3ea\" data-element_type=\"widget\" data-e-type=\"widget\" data-settings=\"{&quot;classic_columns_tablet&quot;:&quot;1&quot;,&quot;classic_columns&quot;:&quot;3&quot;,&quot;classic_columns_mobile&quot;:&quot;1&quot;,&quot;classic_row_gap&quot;:{&quot;unit&quot;:&quot;px&quot;,&quot;size&quot;:35,&quot;sizes&quot;:[]},&quot;classic_row_gap_laptop&quot;:{&quot;unit&quot;:&quot;px&quot;,&quot;size&quot;:&quot;&quot;,&quot;sizes&quot;:[]},&quot;classic_row_gap_tablet&quot;:{&quot;unit&quot;:&quot;px&quot;,&quot;size&quot;:&quot;&quot;,&quot;sizes&quot;:[]},&quot;classic_row_gap_mobile&quot;:{&quot;unit&quot;:&quot;px&quot;,&quot;size&quot;:&quot;&quot;,&quot;sizes&quot;:[]}}\" data-widget_type=\"posts.classic\">\n\t\t\t\t<div class=\"elementor-widget-container\">\n\t\t\t\t\t\t\t<div class=\"elementor-posts-container elementor-posts elementor-posts--skin-classic elementor-grid\" role=\"list\">\n\t\t\t\t<article class=\"elementor-post elementor-grid-item post-44941 post type-post status-publish format-standard has-post-thumbnail hentry category-fusoes-e-aquisicoes tag-bopp tag-polo tag-polofilms tag-videolar\" role=\"listitem\">\n\t\t\t\t<a class=\"elementor-post__thumbnail__link\" href=\"https:\/\/projetopack.com.br\/en\/innova-anuncia-aquisicao-da-polo-films\/\" tabindex=\"-1\" >\n\t\t\t<div class=\"elementor-post__thumbnail\"><img loading=\"lazy\" decoding=\"async\" width=\"662\" height=\"444\" src=\"https:\/\/projetopack.com.br\/wp-content\/uploads\/2024\/10\/90ddd033adbacbc47f28ffbd6d83d4ac.jpg\" class=\"attachment-medium_large size-medium_large wp-image-44942\" alt=\"bopp polo\" srcset=\"https:\/\/projetopack.com.br\/wp-content\/uploads\/2024\/10\/90ddd033adbacbc47f28ffbd6d83d4ac.jpg 662w, https:\/\/projetopack.com.br\/wp-content\/uploads\/2024\/10\/90ddd033adbacbc47f28ffbd6d83d4ac-300x201.jpg 300w, https:\/\/projetopack.com.br\/wp-content\/uploads\/2024\/10\/90ddd033adbacbc47f28ffbd6d83d4ac-18x12.jpg 18w, https:\/\/projetopack.com.br\/wp-content\/uploads\/2024\/10\/90ddd033adbacbc47f28ffbd6d83d4ac-600x402.jpg 600w\" sizes=\"(max-width: 662px) 100vw, 662px\" \/><\/div>\n\t\t<\/a>\n\t\t\t\t<div class=\"elementor-post__text\">\n\t\t\t\t<h3 class=\"elementor-post__title\">\n\t\t\t<a href=\"https:\/\/projetopack.com.br\/en\/innova-anuncia-aquisicao-da-polo-films\/\" >\n\t\t\t\tInnova anuncia aquisi\u00e7\u00e3o da Polo Films\t\t\t<\/a>\n\t\t<\/h3>\n\t\t\t\t<div class=\"elementor-post__excerpt\">\n\t\t\t<p>Innova d\u00e1 mais um passo na consolida\u00e7\u00e3o do mercado de BOPP para convers\u00e3o no pa\u00eds<\/p>\t\t<\/div>\n\t\t\n\t\t<a class=\"elementor-post__read-more\" href=\"https:\/\/projetopack.com.br\/en\/innova-anuncia-aquisicao-da-polo-films\/\" aria-label=\"Read more about Innova anuncia aquisi\u00e7\u00e3o da Polo Films\" tabindex=\"-1\" >\n\t\t\tContinue Lendo\t\t<\/a>\n\n\t\t\t\t<\/div>\n\t\t\t\t<\/article>\n\t\t\t\t<article class=\"elementor-post elementor-grid-item post-44183 post type-post status-publish format-standard has-post-thumbnail hentry category-fusoes-e-aquisicoes tag-macdermid tag-xsys\" role=\"listitem\">\n\t\t\t\t<a class=\"elementor-post__thumbnail__link\" href=\"https:\/\/projetopack.com.br\/en\/xsys-adquire-macdermid-e-nomeia-novo-ceo\/\" tabindex=\"-1\" >\n\t\t\t<div class=\"elementor-post__thumbnail\"><img loading=\"lazy\" decoding=\"async\" width=\"768\" height=\"452\" src=\"https:\/\/projetopack.com.br\/wp-content\/uploads\/2024\/09\/FOTO-STAMPAMEDIA-2024-09-04T110836.881-768x452.jpg\" class=\"attachment-medium_large size-medium_large wp-image-44185\" alt=\"Xsys adquire MacDermid\" srcset=\"https:\/\/projetopack.com.br\/wp-content\/uploads\/2024\/09\/FOTO-STAMPAMEDIA-2024-09-04T110836.881-768x452.jpg 768w, https:\/\/projetopack.com.br\/wp-content\/uploads\/2024\/09\/FOTO-STAMPAMEDIA-2024-09-04T110836.881-300x176.jpg 300w, https:\/\/projetopack.com.br\/wp-content\/uploads\/2024\/09\/FOTO-STAMPAMEDIA-2024-09-04T110836.881-18x12.jpg 18w, https:\/\/projetopack.com.br\/wp-content\/uploads\/2024\/09\/FOTO-STAMPAMEDIA-2024-09-04T110836.881-600x353.jpg 600w, https:\/\/projetopack.com.br\/wp-content\/uploads\/2024\/09\/FOTO-STAMPAMEDIA-2024-09-04T110836.881.jpg 952w\" sizes=\"(max-width: 768px) 100vw, 768px\" \/><\/div>\n\t\t<\/a>\n\t\t\t\t<div class=\"elementor-post__text\">\n\t\t\t\t<h3 class=\"elementor-post__title\">\n\t\t\t<a href=\"https:\/\/projetopack.com.br\/en\/xsys-adquire-macdermid-e-nomeia-novo-ceo\/\" >\n\t\t\t\tXSYS adquire MacDermid e nomeia novo CEO\t\t\t<\/a>\n\t\t<\/h3>\n\t\t\t\t<div class=\"elementor-post__excerpt\">\n\t\t\t<p>A XSYS, fornecedora global de solu\u00e7\u00f5es aos mercados de impress\u00e3o flexogr\u00e1fica e de pr\u00e9-impress\u00e3o, celebrou um acordo definitivo para adquirir a MacDermid Graphic Solutions da Element Solutions Inc, com um valor estimado em aproximadamente US$ 325 milh\u00f5es. A transa\u00e7\u00e3o foi aprovada pelo Conselho de Administra\u00e7\u00e3o de ambas as empresas e<\/p>\n\t\t<\/div>\n\t\t\n\t\t<a class=\"elementor-post__read-more\" href=\"https:\/\/projetopack.com.br\/en\/xsys-adquire-macdermid-e-nomeia-novo-ceo\/\" aria-label=\"Read more about XSYS adquire MacDermid e nomeia novo CEO\" tabindex=\"-1\" >\n\t\t\tContinue Lendo\t\t<\/a>\n\n\t\t\t\t<\/div>\n\t\t\t\t<\/article>\n\t\t\t\t<article class=\"elementor-post elementor-grid-item post-38380 post type-post status-publish format-standard has-post-thumbnail hentry category-fusoes-e-aquisicoes\" role=\"listitem\">\n\t\t\t\t<a class=\"elementor-post__thumbnail__link\" href=\"https:\/\/projetopack.com.br\/en\/all4labels-group-anuncia-aquisicao-da-uniflexo-sim-mais-uma-aquisicao\/\" tabindex=\"-1\" >\n\t\t\t<div class=\"elementor-post__thumbnail\"><img loading=\"lazy\" decoding=\"async\" width=\"768\" height=\"401\" src=\"https:\/\/projetopack.com.br\/wp-content\/uploads\/2023\/12\/2023-11-30_MA-Uniflexo_Linkedin-Post.jpg\" class=\"attachment-medium_large size-medium_large wp-image-38383\" alt=\"uniflexo all4labels\" srcset=\"https:\/\/projetopack.com.br\/wp-content\/uploads\/2023\/12\/2023-11-30_MA-Uniflexo_Linkedin-Post.jpg 1600w, https:\/\/projetopack.com.br\/wp-content\/uploads\/2023\/12\/2023-11-30_MA-Uniflexo_Linkedin-Post-300x157.jpg 300w, https:\/\/projetopack.com.br\/wp-content\/uploads\/2023\/12\/2023-11-30_MA-Uniflexo_Linkedin-Post-600x314.jpg 600w\" sizes=\"(max-width: 768px) 100vw, 768px\" \/><\/div>\n\t\t<\/a>\n\t\t\t\t<div class=\"elementor-post__text\">\n\t\t\t\t<h3 class=\"elementor-post__title\">\n\t\t\t<a href=\"https:\/\/projetopack.com.br\/en\/all4labels-group-anuncia-aquisicao-da-uniflexo-sim-mais-uma-aquisicao\/\" >\n\t\t\t\tAll4Labels Group anuncia aquisi\u00e7\u00e3o da Uniflexo (sim, mais uma aquisi\u00e7\u00e3o!)\t\t\t<\/a>\n\t\t<\/h3>\n\t\t\t\t<div class=\"elementor-post__excerpt\">\n\t\t\t<p>A gigante alem\u00e3 All4Labels anuncia a aquisi\u00e7\u00e3o da tradicional convertedora de r\u00f3tulos termoencolh\u00edveis Uniflexo, em Barueri &#8211; S\u00e3o Paulo. Fundada em 1973 sob o nome de Estrela Etiquetas, a companhia \u00e9 uma das primeiras do pa\u00eds no segmento. Em 1993 mudou a dire\u00e7\u00e3o e em 2000, foi rebatizada de Uniflexo.<\/p>\n\t\t<\/div>\n\t\t\n\t\t<a class=\"elementor-post__read-more\" href=\"https:\/\/projetopack.com.br\/en\/all4labels-group-anuncia-aquisicao-da-uniflexo-sim-mais-uma-aquisicao\/\" aria-label=\"Read more about All4Labels Group anuncia aquisi\u00e7\u00e3o da Uniflexo (sim, mais uma aquisi\u00e7\u00e3o!)\" tabindex=\"-1\" >\n\t\t\tContinue Lendo\t\t<\/a>\n\n\t\t\t\t<\/div>\n\t\t\t\t<\/article>\n\t\t\t\t<\/div>\n\t\t\n\t\t\t\t\t\t<\/div>\n\t\t\t\t<\/div>\n\t\t\t\t<div class=\"elementor-element elementor-element-ea516cb elementor-align-left elementor-widget elementor-widget-button\" data-id=\"ea516cb\" data-element_type=\"widget\" data-e-type=\"widget\" data-widget_type=\"button.default\">\n\t\t\t\t\t\t\t\t\t\t<a class=\"elementor-button elementor-button-link elementor-size-sm\" href=\"https:\/\/projetopack.com.br\/en\/category\/fusoes-e-aquisicoes\/\">\n\t\t\t\t\t\t<span class=\"elementor-button-content-wrapper\">\n\t\t\t\t\t\t\t\t\t<span class=\"elementor-button-text\">Veja mais posts sobre Fus\u00f5es e Aquisi\u00e7\u00f5es<\/span>\n\t\t\t\t\t<\/span>\n\t\t\t\t\t<\/a>\n\t\t\t\t\t\t\t\t<\/div>\n\t\t\t\t\t<\/div>\n\t\t\t\t<\/div>\n\t\t<div class=\"elementor-element elementor-element-c107e32 e-flex e-con-boxed e-con e-parent\" data-id=\"c107e32\" data-element_type=\"container\" data-e-type=\"container\" data-settings=\"{&quot;jet_parallax_layout_list&quot;:[],&quot;background_background&quot;:&quot;classic&quot;}\">\n\t\t\t\t\t<div class=\"e-con-inner\">\n\t\t\t\t<div class=\"elementor-element elementor-element-314f281 elementor-widget elementor-widget-heading\" data-id=\"314f281\" data-element_type=\"widget\" data-e-type=\"widget\" data-widget_type=\"heading.default\">\n\t\t\t\t\t<h2 class=\"elementor-heading-title elementor-size-default\">Hist\u00f3ria<\/h2>\t\t\t\t<\/div>\n\t\t\t\t<div class=\"elementor-element elementor-element-875c6ae elementor-grid-tablet-1 elementor-grid-3 elementor-grid-mobile-1 elementor-posts--thumbnail-top elementor-widget elementor-widget-posts\" data-id=\"875c6ae\" data-element_type=\"widget\" data-e-type=\"widget\" data-settings=\"{&quot;classic_columns_tablet&quot;:&quot;1&quot;,&quot;classic_columns&quot;:&quot;3&quot;,&quot;classic_columns_mobile&quot;:&quot;1&quot;,&quot;classic_row_gap&quot;:{&quot;unit&quot;:&quot;px&quot;,&quot;size&quot;:35,&quot;sizes&quot;:[]},&quot;classic_row_gap_laptop&quot;:{&quot;unit&quot;:&quot;px&quot;,&quot;size&quot;:&quot;&quot;,&quot;sizes&quot;:[]},&quot;classic_row_gap_tablet&quot;:{&quot;unit&quot;:&quot;px&quot;,&quot;size&quot;:&quot;&quot;,&quot;sizes&quot;:[]},&quot;classic_row_gap_mobile&quot;:{&quot;unit&quot;:&quot;px&quot;,&quot;size&quot;:&quot;&quot;,&quot;sizes&quot;:[]}}\" data-widget_type=\"posts.classic\">\n\t\t\t\t<div class=\"elementor-widget-container\">\n\t\t\t\t\t\t\t<div class=\"elementor-posts-container elementor-posts elementor-posts--skin-classic elementor-grid\" role=\"list\">\n\t\t\t\t<article class=\"elementor-post elementor-grid-item post-9969 post type-post status-publish format-standard has-post-thumbnail hentry category-historia category-outros tag-grafica tag-historia-da-impressao tag-karel-klietsch tag-karl-klic tag-rotogravura\" role=\"listitem\">\n\t\t\t\t<a class=\"elementor-post__thumbnail__link\" href=\"https:\/\/projetopack.com.br\/en\/quem-foi-karel-klietsch\/\" tabindex=\"-1\" >\n\t\t\t<div class=\"elementor-post__thumbnail\"><img loading=\"lazy\" decoding=\"async\" width=\"768\" height=\"1058\" src=\"https:\/\/projetopack.com.br\/wp-content\/uploads\/2021\/03\/4e213223b278daf2fd4df7c124163f56.jpg\" class=\"attachment-medium_large size-medium_large wp-image-9974\" alt=\"\" srcset=\"https:\/\/projetopack.com.br\/wp-content\/uploads\/2021\/03\/4e213223b278daf2fd4df7c124163f56.jpg 826w, https:\/\/projetopack.com.br\/wp-content\/uploads\/2021\/03\/4e213223b278daf2fd4df7c124163f56-300x413.jpg 300w, https:\/\/projetopack.com.br\/wp-content\/uploads\/2021\/03\/4e213223b278daf2fd4df7c124163f56-600x827.jpg 600w\" sizes=\"(max-width: 768px) 100vw, 768px\" \/><\/div>\n\t\t<\/a>\n\t\t\t\t<div class=\"elementor-post__text\">\n\t\t\t\t<h3 class=\"elementor-post__title\">\n\t\t\t<a href=\"https:\/\/projetopack.com.br\/en\/quem-foi-karel-klietsch\/\" >\n\t\t\t\tQuem foi Karel Klietsch?\t\t\t<\/a>\n\t\t<\/h3>\n\t\t\t\t<div class=\"elementor-post__excerpt\">\n\t\t\t<p>Saiba um pouco sobre o surgimento da rotogravura moderna<\/p>\t\t<\/div>\n\t\t\n\t\t<a class=\"elementor-post__read-more\" href=\"https:\/\/projetopack.com.br\/en\/quem-foi-karel-klietsch\/\" aria-label=\"Read more about Quem foi Karel Klietsch?\" tabindex=\"-1\" >\n\t\t\tContinue Lendo\t\t<\/a>\n\n\t\t\t\t<\/div>\n\t\t\t\t<\/article>\n\t\t\t\t<\/div>\n\t\t\n\t\t\t\t\t\t<\/div>\n\t\t\t\t<\/div>\n\t\t\t\t<div class=\"elementor-element elementor-element-f0da188 elementor-align-left elementor-widget elementor-widget-button\" data-id=\"f0da188\" data-element_type=\"widget\" data-e-type=\"widget\" data-widget_type=\"button.default\">\n\t\t\t\t\t\t\t\t\t\t<a class=\"elementor-button elementor-button-link elementor-size-sm\" href=\"https:\/\/projetopack.com.br\/en\/category\/historia\/\">\n\t\t\t\t\t\t<span class=\"elementor-button-content-wrapper\">\n\t\t\t\t\t\t\t\t\t<span class=\"elementor-button-text\">Veja mais posts sobre Hist\u00f3ria<\/span>\n\t\t\t\t\t<\/span>\n\t\t\t\t\t<\/a>\n\t\t\t\t\t\t\t\t<\/div>\n\t\t\t\t\t<\/div>\n\t\t\t\t<\/div>\n\t\t<div class=\"elementor-element elementor-element-00cd605 e-flex e-con-boxed e-con e-parent\" data-id=\"00cd605\" data-element_type=\"container\" data-e-type=\"container\" data-settings=\"{&quot;jet_parallax_layout_list&quot;:[]}\">\n\t\t\t\t\t<div class=\"e-con-inner\">\n\t\t\t\t<div class=\"elementor-element elementor-element-d611095 elementor-widget elementor-widget-heading\" data-id=\"d611095\" data-element_type=\"widget\" data-e-type=\"widget\" data-widget_type=\"heading.default\">\n\t\t\t\t\t<h2 class=\"elementor-heading-title elementor-size-default\">Lan\u00e7amentos<\/h2>\t\t\t\t<\/div>\n\t\t\t\t<div class=\"elementor-element elementor-element-839b96a elementor-grid-tablet-1 elementor-grid-3 elementor-grid-mobile-1 elementor-posts--thumbnail-top elementor-widget elementor-widget-posts\" data-id=\"839b96a\" data-element_type=\"widget\" data-e-type=\"widget\" data-settings=\"{&quot;classic_columns_tablet&quot;:&quot;1&quot;,&quot;classic_columns&quot;:&quot;3&quot;,&quot;classic_columns_mobile&quot;:&quot;1&quot;,&quot;classic_row_gap&quot;:{&quot;unit&quot;:&quot;px&quot;,&quot;size&quot;:35,&quot;sizes&quot;:[]},&quot;classic_row_gap_laptop&quot;:{&quot;unit&quot;:&quot;px&quot;,&quot;size&quot;:&quot;&quot;,&quot;sizes&quot;:[]},&quot;classic_row_gap_tablet&quot;:{&quot;unit&quot;:&quot;px&quot;,&quot;size&quot;:&quot;&quot;,&quot;sizes&quot;:[]},&quot;classic_row_gap_mobile&quot;:{&quot;unit&quot;:&quot;px&quot;,&quot;size&quot;:&quot;&quot;,&quot;sizes&quot;:[]}}\" data-widget_type=\"posts.classic\">\n\t\t\t\t<div class=\"elementor-widget-container\">\n\t\t\t\t\t\t\t<div class=\"elementor-posts-container elementor-posts elementor-posts--skin-classic elementor-grid\" role=\"list\">\n\t\t\t\t<article class=\"elementor-post elementor-grid-item post-48614 post type-post status-publish format-standard has-post-thumbnail hentry category-lancamentos tag-clicheria tag-flexografia tag-prepress\" role=\"listitem\">\n\t\t\t\t<a class=\"elementor-post__thumbnail__link\" href=\"https:\/\/projetopack.com.br\/en\/zanatto-solucoes-graficas-inaugura-demo-center-focado-no-segmento-de-embalagens\/\" tabindex=\"-1\" >\n\t\t\t<div class=\"elementor-post__thumbnail\"><img loading=\"lazy\" decoding=\"async\" width=\"768\" height=\"576\" src=\"https:\/\/projetopack.com.br\/wp-content\/uploads\/2025\/01\/zantto_demo_center-768x576.png\" class=\"attachment-medium_large size-medium_large wp-image-48617\" alt=\"Novo demo center Zanatto\" srcset=\"https:\/\/projetopack.com.br\/wp-content\/uploads\/2025\/01\/zantto_demo_center-768x576.png 768w, https:\/\/projetopack.com.br\/wp-content\/uploads\/2025\/01\/zantto_demo_center-300x225.png 300w, https:\/\/projetopack.com.br\/wp-content\/uploads\/2025\/01\/zantto_demo_center-16x12.png 16w, https:\/\/projetopack.com.br\/wp-content\/uploads\/2025\/01\/zantto_demo_center-600x450.png 600w, https:\/\/projetopack.com.br\/wp-content\/uploads\/2025\/01\/zantto_demo_center.png 900w\" sizes=\"(max-width: 768px) 100vw, 768px\" \/><\/div>\n\t\t<\/a>\n\t\t\t\t<div class=\"elementor-post__text\">\n\t\t\t\t<h3 class=\"elementor-post__title\">\n\t\t\t<a href=\"https:\/\/projetopack.com.br\/en\/zanatto-solucoes-graficas-inaugura-demo-center-focado-no-segmento-de-embalagens\/\" >\n\t\t\t\tZanatto Solu\u00e7\u00f5es Gr\u00e1ficas inaugura demo center focado no segmento de embalagens\t\t\t<\/a>\n\t\t<\/h3>\n\t\t\t\t<div class=\"elementor-post__excerpt\">\n\t\t\t<p>A Zanatto Solu\u00e7\u00f5es Gr\u00e1ficas inaugurou seu Centro de Demonstra\u00e7\u00f5es especialmente focado no mercado de embalagens. Adair Zanatto, presidente da empresa, Edison Jos\u00e9 Gon\u00e7alves, diretor geral, e Robson Andr\u00e9 Esperan\u00e7a, gerente de flexografia, deram as boas-vindas a parceiros e fornecedores que estiveram em Curitiba para conhecer o novo espa\u00e7o. No novo<\/p>\n\t\t<\/div>\n\t\t\n\t\t<a class=\"elementor-post__read-more\" href=\"https:\/\/projetopack.com.br\/en\/zanatto-solucoes-graficas-inaugura-demo-center-focado-no-segmento-de-embalagens\/\" aria-label=\"Read more about Zanatto Solu\u00e7\u00f5es Gr\u00e1ficas inaugura demo center focado no segmento de embalagens\" tabindex=\"-1\" >\n\t\t\tContinue Lendo\t\t<\/a>\n\n\t\t\t\t<\/div>\n\t\t\t\t<\/article>\n\t\t\t\t<article class=\"elementor-post elementor-grid-item post-42802 post type-post status-publish format-standard has-post-thumbnail hentry category-lancamentos\" role=\"listitem\">\n\t\t\t\t<a class=\"elementor-post__thumbnail__link\" href=\"https:\/\/projetopack.com.br\/en\/flexolabels-expo-2024-eps-traz-softwares-lideres-para-embalagens-flexiveis-e-etiquetas\/\" tabindex=\"-1\" >\n\t\t\t<div class=\"elementor-post__thumbnail\"><img loading=\"lazy\" decoding=\"async\" width=\"768\" height=\"287\" src=\"https:\/\/projetopack.com.br\/wp-content\/uploads\/2024\/07\/logo-eps-3-768x287.png\" class=\"attachment-medium_large size-medium_large wp-image-42807\" alt=\"\" srcset=\"https:\/\/projetopack.com.br\/wp-content\/uploads\/2024\/07\/logo-eps-3-768x287.png 768w, https:\/\/projetopack.com.br\/wp-content\/uploads\/2024\/07\/logo-eps-3-300x112.png 300w, https:\/\/projetopack.com.br\/wp-content\/uploads\/2024\/07\/logo-eps-3-1024x383.png 1024w, https:\/\/projetopack.com.br\/wp-content\/uploads\/2024\/07\/logo-eps-3-1536x574.png 1536w, https:\/\/projetopack.com.br\/wp-content\/uploads\/2024\/07\/logo-eps-3-18x7.png 18w, https:\/\/projetopack.com.br\/wp-content\/uploads\/2024\/07\/logo-eps-3-600x224.png 600w, https:\/\/projetopack.com.br\/wp-content\/uploads\/2024\/07\/logo-eps-3.png 1576w\" sizes=\"(max-width: 768px) 100vw, 768px\" \/><\/div>\n\t\t<\/a>\n\t\t\t\t<div class=\"elementor-post__text\">\n\t\t\t\t<h3 class=\"elementor-post__title\">\n\t\t\t<a href=\"https:\/\/projetopack.com.br\/en\/flexolabels-expo-2024-eps-traz-softwares-lideres-para-embalagens-flexiveis-e-etiquetas\/\" >\n\t\t\t\tFlexo&amp;Labels Expo 2024: ePS traz softwares l\u00edderes para embalagens flex\u00edveis e etiquetas\t\t\t<\/a>\n\t\t<\/h3>\n\t\t\t\t<div class=\"elementor-post__excerpt\">\n\t\t\t<p>Evento acontece entre 25 e 28 de junho no renovado Distrito Anhembi, em S\u00e3o Paulo e re\u00fane alguns dos principais executivos e especialistas do setor na regi\u00e3o A eProductivity Software (ePS) l\u00edder global em tecnologia de software espec\u00edfica para a ind\u00fastria de embalagens e impress\u00e3o, estar\u00e1 presente no evento Flexo&amp;Labels<\/p>\n\t\t<\/div>\n\t\t\n\t\t<a class=\"elementor-post__read-more\" href=\"https:\/\/projetopack.com.br\/en\/flexolabels-expo-2024-eps-traz-softwares-lideres-para-embalagens-flexiveis-e-etiquetas\/\" aria-label=\"Read more about Flexo&amp;Labels Expo 2024: ePS traz softwares l\u00edderes para embalagens flex\u00edveis e etiquetas\" tabindex=\"-1\" >\n\t\t\tContinue Lendo\t\t<\/a>\n\n\t\t\t\t<\/div>\n\t\t\t\t<\/article>\n\t\t\t\t<article class=\"elementor-post elementor-grid-item post-40244 post type-post status-publish format-standard has-post-thumbnail hentry category-lancamentos\" role=\"listitem\">\n\t\t\t\t<a class=\"elementor-post__thumbnail__link\" href=\"https:\/\/projetopack.com.br\/en\/growlabel-investe-em-tau-330\/\" tabindex=\"-1\" >\n\t\t\t<div class=\"elementor-post__thumbnail\"><img loading=\"lazy\" decoding=\"async\" width=\"768\" height=\"544\" src=\"https:\/\/projetopack.com.br\/wp-content\/uploads\/2024\/02\/Fernando-Bortolim-Durst-ao-lado-de-Alessandra-e-Raphael-768x544.jpg\" class=\"attachment-medium_large size-medium_large wp-image-40245\" alt=\"Equipe GrowLabel recebendo nova Durst\" srcset=\"https:\/\/projetopack.com.br\/wp-content\/uploads\/2024\/02\/Fernando-Bortolim-Durst-ao-lado-de-Alessandra-e-Raphael-768x544.jpg 768w, https:\/\/projetopack.com.br\/wp-content\/uploads\/2024\/02\/Fernando-Bortolim-Durst-ao-lado-de-Alessandra-e-Raphael-300x213.jpg 300w, https:\/\/projetopack.com.br\/wp-content\/uploads\/2024\/02\/Fernando-Bortolim-Durst-ao-lado-de-Alessandra-e-Raphael-1024x726.jpg 1024w, https:\/\/projetopack.com.br\/wp-content\/uploads\/2024\/02\/Fernando-Bortolim-Durst-ao-lado-de-Alessandra-e-Raphael-1536x1088.jpg 1536w, https:\/\/projetopack.com.br\/wp-content\/uploads\/2024\/02\/Fernando-Bortolim-Durst-ao-lado-de-Alessandra-e-Raphael-2048x1451.jpg 2048w, https:\/\/projetopack.com.br\/wp-content\/uploads\/2024\/02\/Fernando-Bortolim-Durst-ao-lado-de-Alessandra-e-Raphael-18x12.jpg 18w, https:\/\/projetopack.com.br\/wp-content\/uploads\/2024\/02\/Fernando-Bortolim-Durst-ao-lado-de-Alessandra-e-Raphael-600x425.jpg 600w\" sizes=\"(max-width: 768px) 100vw, 768px\" \/><\/div>\n\t\t<\/a>\n\t\t\t\t<div class=\"elementor-post__text\">\n\t\t\t\t<h3 class=\"elementor-post__title\">\n\t\t\t<a href=\"https:\/\/projetopack.com.br\/en\/growlabel-investe-em-tau-330\/\" >\n\t\t\t\tGrowLabel investe em Tau 330 RSC para produ\u00e7\u00e3o de r\u00f3tulos em escala industrial\t\t\t<\/a>\n\t\t<\/h3>\n\t\t\t\t<div class=\"elementor-post__excerpt\">\n\t\t\t<p>Sediada na zona sul de S\u00e3o Paulo, a GrowLabel, fundada em 2008 por Jos\u00e9 Barboza da Silva, nasceu inicialmente para atender o segmento de agroneg\u00f3cios no fornecimento de r\u00f3tulos, etiquetas adesivas e impress\u00e3o de dados vari\u00e1veis. Por\u00e9m, com o tempo e o crescimento da empresa, novas tecnologias foram sendo agregadas,<\/p>\n\t\t<\/div>\n\t\t\n\t\t<a class=\"elementor-post__read-more\" href=\"https:\/\/projetopack.com.br\/en\/growlabel-investe-em-tau-330\/\" aria-label=\"Read more about GrowLabel investe em Tau 330 RSC para produ\u00e7\u00e3o de r\u00f3tulos em escala industrial\" tabindex=\"-1\" >\n\t\t\tContinue Lendo\t\t<\/a>\n\n\t\t\t\t<\/div>\n\t\t\t\t<\/article>\n\t\t\t\t<\/div>\n\t\t\n\t\t\t\t\t\t<\/div>\n\t\t\t\t<\/div>\n\t\t\t\t<div class=\"elementor-element elementor-element-478ca62 elementor-align-left elementor-widget elementor-widget-button\" data-id=\"478ca62\" data-element_type=\"widget\" data-e-type=\"widget\" data-widget_type=\"button.default\">\n\t\t\t\t\t\t\t\t\t\t<a class=\"elementor-button elementor-button-link elementor-size-sm\" href=\"https:\/\/projetopack.com.br\/en\/category\/lancamentos\/\">\n\t\t\t\t\t\t<span class=\"elementor-button-content-wrapper\">\n\t\t\t\t\t\t\t\t\t<span class=\"elementor-button-text\">Veja mais posts sobre Lan\u00e7amentos<\/span>\n\t\t\t\t\t<\/span>\n\t\t\t\t\t<\/a>\n\t\t\t\t\t\t\t\t<\/div>\n\t\t\t\t\t<\/div>\n\t\t\t\t<\/div>\n\t\t<div class=\"elementor-element elementor-element-c3754c7 e-flex e-con-boxed e-con e-parent\" data-id=\"c3754c7\" data-element_type=\"container\" data-e-type=\"container\" data-settings=\"{&quot;jet_parallax_layout_list&quot;:[],&quot;background_background&quot;:&quot;classic&quot;}\">\n\t\t\t\t\t<div class=\"e-con-inner\">\n\t\t\t\t<div class=\"elementor-element elementor-element-af50793 elementor-widget elementor-widget-heading\" data-id=\"af50793\" data-element_type=\"widget\" data-e-type=\"widget\" data-widget_type=\"heading.default\">\n\t\t\t\t\t<h2 class=\"elementor-heading-title elementor-size-default\">Opini\u00e3o<\/h2>\t\t\t\t<\/div>\n\t\t\t\t<div class=\"elementor-element elementor-element-1dded8e elementor-grid-tablet-1 elementor-grid-3 elementor-grid-mobile-1 elementor-posts--thumbnail-top elementor-widget elementor-widget-posts\" data-id=\"1dded8e\" data-element_type=\"widget\" data-e-type=\"widget\" data-settings=\"{&quot;classic_columns_tablet&quot;:&quot;1&quot;,&quot;classic_columns&quot;:&quot;3&quot;,&quot;classic_columns_mobile&quot;:&quot;1&quot;,&quot;classic_row_gap&quot;:{&quot;unit&quot;:&quot;px&quot;,&quot;size&quot;:35,&quot;sizes&quot;:[]},&quot;classic_row_gap_laptop&quot;:{&quot;unit&quot;:&quot;px&quot;,&quot;size&quot;:&quot;&quot;,&quot;sizes&quot;:[]},&quot;classic_row_gap_tablet&quot;:{&quot;unit&quot;:&quot;px&quot;,&quot;size&quot;:&quot;&quot;,&quot;sizes&quot;:[]},&quot;classic_row_gap_mobile&quot;:{&quot;unit&quot;:&quot;px&quot;,&quot;size&quot;:&quot;&quot;,&quot;sizes&quot;:[]}}\" data-widget_type=\"posts.classic\">\n\t\t\t\t<div class=\"elementor-widget-container\">\n\t\t\t\t\t\t\t<div class=\"elementor-posts-container elementor-posts elementor-posts--skin-classic elementor-grid\" role=\"list\">\n\t\t\t\t<article class=\"elementor-post elementor-grid-item post-38412 post type-post status-publish format-standard has-post-thumbnail hentry category-opiniao\" role=\"listitem\">\n\t\t\t\t<a class=\"elementor-post__thumbnail__link\" href=\"https:\/\/projetopack.com.br\/en\/industria-brasileira-de-embalagens-plasticas-flexiveis-cresce-71-no-terceiro-trimestre-de-2023\/\" tabindex=\"-1\" >\n\t\t\t<div class=\"elementor-post__thumbnail\"><img loading=\"lazy\" decoding=\"async\" width=\"736\" height=\"425\" src=\"https:\/\/projetopack.com.br\/wp-content\/uploads\/2023\/12\/image002.jpg\" class=\"attachment-medium_large size-medium_large wp-image-38413\" alt=\"abief e maxiquim dados\" srcset=\"https:\/\/projetopack.com.br\/wp-content\/uploads\/2023\/12\/image002.jpg 736w, https:\/\/projetopack.com.br\/wp-content\/uploads\/2023\/12\/image002-300x173.jpg 300w, https:\/\/projetopack.com.br\/wp-content\/uploads\/2023\/12\/image002-600x346.jpg 600w\" sizes=\"(max-width: 736px) 100vw, 736px\" \/><\/div>\n\t\t<\/a>\n\t\t\t\t<div class=\"elementor-post__text\">\n\t\t\t\t<h3 class=\"elementor-post__title\">\n\t\t\t<a href=\"https:\/\/projetopack.com.br\/en\/industria-brasileira-de-embalagens-plasticas-flexiveis-cresce-71-no-terceiro-trimestre-de-2023\/\" >\n\t\t\t\tInd\u00fastria brasileira de embalagens pl\u00e1sticas flex\u00edveis cresce 7,1% no terceiro trimestre de 2023\t\t\t<\/a>\n\t\t<\/h3>\n\t\t\t\t<div class=\"elementor-post__excerpt\">\n\t\t\t<p>A produ\u00e7\u00e3o de embalagens pl\u00e1sticas flex\u00edveis aumentou 7,1% no terceiro trimestre de 2023 na compara\u00e7\u00e3o com o trimestre anterior, segundo pesquisa Maxiquim, feita com exclusividade para a ABIEF (Associa\u00e7\u00e3o Brasileira da Ind\u00fastria de Embalagens Pl\u00e1sticas Flex\u00edveis). \u201cMesmo assim, 2023 vem sendo um ano bastante desafiador para o setor. A boa<\/p>\n\t\t<\/div>\n\t\t\n\t\t<a class=\"elementor-post__read-more\" href=\"https:\/\/projetopack.com.br\/en\/industria-brasileira-de-embalagens-plasticas-flexiveis-cresce-71-no-terceiro-trimestre-de-2023\/\" aria-label=\"Read more about Ind\u00fastria brasileira de embalagens pl\u00e1sticas flex\u00edveis cresce 7,1% no terceiro trimestre de 2023\" tabindex=\"-1\" >\n\t\t\tContinue Lendo\t\t<\/a>\n\n\t\t\t\t<\/div>\n\t\t\t\t<\/article>\n\t\t\t\t<article class=\"elementor-post elementor-grid-item post-36282 post type-post status-publish format-standard has-post-thumbnail hentry category-opiniao tag-livro-didatico tag-livro-impresso tag-sindigraf\" role=\"listitem\">\n\t\t\t\t<a class=\"elementor-post__thumbnail__link\" href=\"https:\/\/projetopack.com.br\/en\/abigraf-adere-a-manifesto-contra-decisao-de-se-abolir-o-material-didatico-impresso-em-sao-paulo\/\" tabindex=\"-1\" >\n\t\t\t<div class=\"elementor-post__thumbnail\"><img loading=\"lazy\" decoding=\"async\" width=\"768\" height=\"530\" src=\"https:\/\/projetopack.com.br\/wp-content\/uploads\/2023\/08\/livro_didatico-3917604130.jpg\" class=\"attachment-medium_large size-medium_large wp-image-36286\" alt=\"livro didatico\" srcset=\"https:\/\/projetopack.com.br\/wp-content\/uploads\/2023\/08\/livro_didatico-3917604130.jpg 1600w, https:\/\/projetopack.com.br\/wp-content\/uploads\/2023\/08\/livro_didatico-3917604130-300x207.jpg 300w, https:\/\/projetopack.com.br\/wp-content\/uploads\/2023\/08\/livro_didatico-3917604130-600x414.jpg 600w\" sizes=\"(max-width: 768px) 100vw, 768px\" \/><\/div>\n\t\t<\/a>\n\t\t\t\t<div class=\"elementor-post__text\">\n\t\t\t\t<h3 class=\"elementor-post__title\">\n\t\t\t<a href=\"https:\/\/projetopack.com.br\/en\/abigraf-adere-a-manifesto-contra-decisao-de-se-abolir-o-material-didatico-impresso-em-sao-paulo\/\" >\n\t\t\t\t<strong>ABIGRAF adere a Manifesto contra decis\u00e3o de se abolir o material did\u00e1tico impresso em S\u00e3o Paulo<\/strong>\t\t\t<\/a>\n\t\t<\/h3>\n\t\t\t\t<div class=\"elementor-post__excerpt\">\n\t\t\t<p>Abigraf se manifesta com rela\u00e7\u00e3o \u00e0 decis\u00e3o do governo do estado de SP de n\u00e3o aderir ao PNLD<\/p>\t\t<\/div>\n\t\t\n\t\t<a class=\"elementor-post__read-more\" href=\"https:\/\/projetopack.com.br\/en\/abigraf-adere-a-manifesto-contra-decisao-de-se-abolir-o-material-didatico-impresso-em-sao-paulo\/\" aria-label=\"Read more about &lt;strong&gt;ABIGRAF adere a Manifesto contra decis\u00e3o de se abolir o material did\u00e1tico impresso em S\u00e3o Paulo&lt;\/strong&gt;\" tabindex=\"-1\" >\n\t\t\tContinue Lendo\t\t<\/a>\n\n\t\t\t\t<\/div>\n\t\t\t\t<\/article>\n\t\t\t\t<article class=\"elementor-post elementor-grid-item post-27635 post type-post status-publish format-standard has-post-thumbnail hentry category-opiniao\" role=\"listitem\">\n\t\t\t\t<a class=\"elementor-post__thumbnail__link\" href=\"https:\/\/projetopack.com.br\/en\/embalagem-monomaterial-de-pet-se-consolida-como-tendencia-ao-mercado-flv\/\" tabindex=\"-1\" >\n\t\t\t<div class=\"elementor-post__thumbnail\"><img loading=\"lazy\" decoding=\"async\" width=\"324\" height=\"228\" src=\"https:\/\/projetopack.com.br\/wp-content\/uploads\/2022\/09\/image011.jpg\" class=\"attachment-medium_large size-medium_large wp-image-27636\" alt=\"pet sel\u00e1vel terphane\" srcset=\"https:\/\/projetopack.com.br\/wp-content\/uploads\/2022\/09\/image011.jpg 324w, https:\/\/projetopack.com.br\/wp-content\/uploads\/2022\/09\/image011-300x211.jpg 300w, https:\/\/projetopack.com.br\/wp-content\/uploads\/2022\/09\/image011-18x12.jpg 18w\" sizes=\"(max-width: 324px) 100vw, 324px\" \/><\/div>\n\t\t<\/a>\n\t\t\t\t<div class=\"elementor-post__text\">\n\t\t\t\t<h3 class=\"elementor-post__title\">\n\t\t\t<a href=\"https:\/\/projetopack.com.br\/en\/embalagem-monomaterial-de-pet-se-consolida-como-tendencia-ao-mercado-flv\/\" >\n\t\t\t\tEmbalagem monomaterial de PET se consolida como tend\u00eancia ao mercado FLV\t\t\t<\/a>\n\t\t<\/h3>\n\t\t\t\t<div class=\"elementor-post__excerpt\">\n\t\t\t<p>Al\u00e9m do apelo da sustentabilidade, por se tratar de uma embalagem monomaterial<\/p>\t\t<\/div>\n\t\t\n\t\t<a class=\"elementor-post__read-more\" href=\"https:\/\/projetopack.com.br\/en\/embalagem-monomaterial-de-pet-se-consolida-como-tendencia-ao-mercado-flv\/\" aria-label=\"Read more about Embalagem monomaterial de PET se consolida como tend\u00eancia ao mercado FLV\" tabindex=\"-1\" >\n\t\t\tContinue Lendo\t\t<\/a>\n\n\t\t\t\t<\/div>\n\t\t\t\t<\/article>\n\t\t\t\t<\/div>\n\t\t\n\t\t\t\t\t\t<\/div>\n\t\t\t\t<\/div>\n\t\t\t\t<div class=\"elementor-element elementor-element-0075f36 elementor-align-left elementor-widget elementor-widget-button\" data-id=\"0075f36\" data-element_type=\"widget\" data-e-type=\"widget\" data-widget_type=\"button.default\">\n\t\t\t\t\t\t\t\t\t\t<a class=\"elementor-button elementor-button-link elementor-size-sm\" href=\"https:\/\/projetopack.com.br\/en\/category\/opiniao\/\">\n\t\t\t\t\t\t<span class=\"elementor-button-content-wrapper\">\n\t\t\t\t\t\t\t\t\t<span class=\"elementor-button-text\">Veja mais posts sobre Opini\u00e3o<\/span>\n\t\t\t\t\t<\/span>\n\t\t\t\t\t<\/a>\n\t\t\t\t\t\t\t\t<\/div>\n\t\t\t\t\t<\/div>\n\t\t\t\t<\/div>\n\t\t<div class=\"elementor-element elementor-element-5e517d2 e-flex e-con-boxed e-con e-parent\" data-id=\"5e517d2\" data-element_type=\"container\" data-e-type=\"container\" data-settings=\"{&quot;jet_parallax_layout_list&quot;:[]}\">\n\t\t\t\t\t<div class=\"e-con-inner\">\n\t\t\t\t<div class=\"elementor-element elementor-element-43a5e80 elementor-widget elementor-widget-heading\" data-id=\"43a5e80\" data-element_type=\"widget\" data-e-type=\"widget\" data-widget_type=\"heading.default\">\n\t\t\t\t\t<h2 class=\"elementor-heading-title elementor-size-default\">Outros<\/h2>\t\t\t\t<\/div>\n\t\t\t\t<div class=\"elementor-element elementor-element-b149fd5 elementor-grid-tablet-1 elementor-grid-3 elementor-grid-mobile-1 elementor-posts--thumbnail-top elementor-widget elementor-widget-posts\" data-id=\"b149fd5\" data-element_type=\"widget\" data-e-type=\"widget\" data-settings=\"{&quot;classic_columns_tablet&quot;:&quot;1&quot;,&quot;classic_columns&quot;:&quot;3&quot;,&quot;classic_columns_mobile&quot;:&quot;1&quot;,&quot;classic_row_gap&quot;:{&quot;unit&quot;:&quot;px&quot;,&quot;size&quot;:35,&quot;sizes&quot;:[]},&quot;classic_row_gap_laptop&quot;:{&quot;unit&quot;:&quot;px&quot;,&quot;size&quot;:&quot;&quot;,&quot;sizes&quot;:[]},&quot;classic_row_gap_tablet&quot;:{&quot;unit&quot;:&quot;px&quot;,&quot;size&quot;:&quot;&quot;,&quot;sizes&quot;:[]},&quot;classic_row_gap_mobile&quot;:{&quot;unit&quot;:&quot;px&quot;,&quot;size&quot;:&quot;&quot;,&quot;sizes&quot;:[]}}\" data-widget_type=\"posts.classic\">\n\t\t\t\t<div class=\"elementor-widget-container\">\n\t\t\t\t\t\t\t<div class=\"elementor-posts-container elementor-posts elementor-posts--skin-classic elementor-grid\" role=\"list\">\n\t\t\t\t<article class=\"elementor-post elementor-grid-item post-29376 post type-post status-publish format-standard has-post-thumbnail hentry category-outros\" role=\"listitem\">\n\t\t\t\t<a class=\"elementor-post__thumbnail__link\" href=\"https:\/\/projetopack.com.br\/en\/industria-de-tecnologia-japonesa-investe-em-expansao-da-marca-no-brasil-atraves-de-parceria-com-aceleradora-de-negocios\/\" tabindex=\"-1\" >\n\t\t\t<div class=\"elementor-post__thumbnail\"><img loading=\"lazy\" decoding=\"async\" width=\"768\" height=\"768\" src=\"https:\/\/projetopack.com.br\/wp-content\/uploads\/2022\/11\/Cards_card-2-768x768.png\" class=\"attachment-medium_large size-medium_large wp-image-29377\" alt=\"sato e aceleradora n1\" srcset=\"https:\/\/projetopack.com.br\/wp-content\/uploads\/2022\/11\/Cards_card-2-768x768.png 768w, https:\/\/projetopack.com.br\/wp-content\/uploads\/2022\/11\/Cards_card-2-300x300.png 300w, https:\/\/projetopack.com.br\/wp-content\/uploads\/2022\/11\/Cards_card-2-100x100.png 100w, https:\/\/projetopack.com.br\/wp-content\/uploads\/2022\/11\/Cards_card-2-600x600.png 600w, https:\/\/projetopack.com.br\/wp-content\/uploads\/2022\/11\/Cards_card-2-1024x1024.png 1024w, https:\/\/projetopack.com.br\/wp-content\/uploads\/2022\/11\/Cards_card-2-150x150.png 150w, https:\/\/projetopack.com.br\/wp-content\/uploads\/2022\/11\/Cards_card-2-12x12.png 12w, https:\/\/projetopack.com.br\/wp-content\/uploads\/2022\/11\/Cards_card-2.png 1080w\" sizes=\"(max-width: 768px) 100vw, 768px\" \/><\/div>\n\t\t<\/a>\n\t\t\t\t<div class=\"elementor-post__text\">\n\t\t\t\t<h3 class=\"elementor-post__title\">\n\t\t\t<a href=\"https:\/\/projetopack.com.br\/en\/industria-de-tecnologia-japonesa-investe-em-expansao-da-marca-no-brasil-atraves-de-parceria-com-aceleradora-de-negocios\/\" >\n\t\t\t\tInd\u00fastria de tecnologia japonesa investe em expans\u00e3o da marca no Brasil atrav\u00e9s de parceria com aceleradora de neg\u00f3cios\t\t\t<\/a>\n\t\t<\/h3>\n\t\t\t\t<div class=\"elementor-post__excerpt\">\n\t\t\t<p>No m\u00eas de setembro de 2022, a SATO Brasil, divis\u00e3o nacional da empresa japonesa de tecnologia de mesmo nome, fechou uma parceria com a aceleradora de neg\u00f3cios N1, buscando ampliar seu mercado de atua\u00e7\u00e3o brasileiro, atrav\u00e9s da inova\u00e7\u00e3o no seu setor de marketing e vendas. A SATO, pioneira no setor<\/p>\n\t\t<\/div>\n\t\t\n\t\t<a class=\"elementor-post__read-more\" href=\"https:\/\/projetopack.com.br\/en\/industria-de-tecnologia-japonesa-investe-em-expansao-da-marca-no-brasil-atraves-de-parceria-com-aceleradora-de-negocios\/\" aria-label=\"Read more about Ind\u00fastria de tecnologia japonesa investe em expans\u00e3o da marca no Brasil atrav\u00e9s de parceria com aceleradora de neg\u00f3cios\" tabindex=\"-1\" >\n\t\t\tContinue Lendo\t\t<\/a>\n\n\t\t\t\t<\/div>\n\t\t\t\t<\/article>\n\t\t\t\t<article class=\"elementor-post elementor-grid-item post-15010 post type-post status-publish format-standard has-post-thumbnail hentry category-outros tag-clicheria tag-clicherias tag-nucleus tag-software\" role=\"listitem\">\n\t\t\t\t<a class=\"elementor-post__thumbnail__link\" href=\"https:\/\/projetopack.com.br\/en\/nucleus-expande-atendimento-de-clicherias-as-graficas-e-convertedores\/\" tabindex=\"-1\" >\n\t\t\t<div class=\"elementor-post__thumbnail\"><img loading=\"lazy\" decoding=\"async\" width=\"768\" height=\"576\" src=\"https:\/\/projetopack.com.br\/wp-content\/uploads\/2021\/10\/Foto-02-768x576.jpg\" class=\"attachment-medium_large size-medium_large wp-image-15011\" alt=\"app nucleus\" srcset=\"https:\/\/projetopack.com.br\/wp-content\/uploads\/2021\/10\/Foto-02-768x576.jpg 768w, https:\/\/projetopack.com.br\/wp-content\/uploads\/2021\/10\/Foto-02-300x225.jpg 300w, https:\/\/projetopack.com.br\/wp-content\/uploads\/2021\/10\/Foto-02-600x450.jpg 600w, https:\/\/projetopack.com.br\/wp-content\/uploads\/2021\/10\/Foto-02-1024x768.jpg 1024w, https:\/\/projetopack.com.br\/wp-content\/uploads\/2021\/10\/Foto-02-1536x1152.jpg 1536w, https:\/\/projetopack.com.br\/wp-content\/uploads\/2021\/10\/Foto-02-scaled.jpg 2048w, https:\/\/projetopack.com.br\/wp-content\/uploads\/2021\/10\/Foto-02-16x12.jpg 16w\" sizes=\"(max-width: 768px) 100vw, 768px\" \/><\/div>\n\t\t<\/a>\n\t\t\t\t<div class=\"elementor-post__text\">\n\t\t\t\t<h3 class=\"elementor-post__title\">\n\t\t\t<a href=\"https:\/\/projetopack.com.br\/en\/nucleus-expande-atendimento-de-clicherias-as-graficas-e-convertedores\/\" >\n\t\t\t\tCom sistemas de automatiza\u00e7\u00e3o, Nucleus expande atendimento de clicherias \u00e0s gr\u00e1ficas e convertedores\t\t\t<\/a>\n\t\t<\/h3>\n\t\t\t\t<div class=\"elementor-post__excerpt\">\n\t\t\t<p>Nucleus tem crescido no mercado e atualmente conta com 400 usu\u00e1rios<\/p>\t\t<\/div>\n\t\t\n\t\t<a class=\"elementor-post__read-more\" href=\"https:\/\/projetopack.com.br\/en\/nucleus-expande-atendimento-de-clicherias-as-graficas-e-convertedores\/\" aria-label=\"Read more about Com sistemas de automatiza\u00e7\u00e3o, Nucleus expande atendimento de clicherias \u00e0s gr\u00e1ficas e convertedores\" tabindex=\"-1\" >\n\t\t\tContinue Lendo\t\t<\/a>\n\n\t\t\t\t<\/div>\n\t\t\t\t<\/article>\n\t\t\t\t<article class=\"elementor-post elementor-grid-item post-10144 post type-post status-publish format-standard has-post-thumbnail hentry category-outros tag-covid tag-fiesp tag-oxigenio tag-skaff\" role=\"listitem\">\n\t\t\t\t<a class=\"elementor-post__thumbnail__link\" href=\"https:\/\/projetopack.com.br\/en\/senai-sp-disponibiliza-400-cilindros-de-oxigenio-para-unidades-de-saude\/\" tabindex=\"-1\" >\n\t\t\t<div class=\"elementor-post__thumbnail\"><img loading=\"lazy\" decoding=\"async\" width=\"768\" height=\"354\" src=\"https:\/\/projetopack.com.br\/wp-content\/uploads\/2021\/03\/senaibarueri1170-768x354.jpg\" class=\"attachment-medium_large size-medium_large wp-image-10145\" alt=\"\" srcset=\"https:\/\/projetopack.com.br\/wp-content\/uploads\/2021\/03\/senaibarueri1170-768x354.jpg 768w, https:\/\/projetopack.com.br\/wp-content\/uploads\/2021\/03\/senaibarueri1170-300x138.jpg 300w, https:\/\/projetopack.com.br\/wp-content\/uploads\/2021\/03\/senaibarueri1170-600x277.jpg 600w, https:\/\/projetopack.com.br\/wp-content\/uploads\/2021\/03\/senaibarueri1170-1024x473.jpg 1024w, https:\/\/projetopack.com.br\/wp-content\/uploads\/2021\/03\/senaibarueri1170-16x7.jpg 16w, https:\/\/projetopack.com.br\/wp-content\/uploads\/2021\/03\/senaibarueri1170.jpg 1170w\" sizes=\"(max-width: 768px) 100vw, 768px\" \/><\/div>\n\t\t<\/a>\n\t\t\t\t<div class=\"elementor-post__text\">\n\t\t\t\t<h3 class=\"elementor-post__title\">\n\t\t\t<a href=\"https:\/\/projetopack.com.br\/en\/senai-sp-disponibiliza-400-cilindros-de-oxigenio-para-unidades-de-saude\/\" >\n\t\t\t\tSenai SP disponibiliza 400 cilindros de oxig\u00eanio para unidades de sa\u00fade\t\t\t<\/a>\n\t\t<\/h3>\n\t\t\t\t<div class=\"elementor-post__excerpt\">\n\t\t\t<p>Senai-SP tamb\u00e9m voltou a consertar gratuitamente respiradores em hospitais p\u00fablicos<\/p>\t\t<\/div>\n\t\t\n\t\t<a class=\"elementor-post__read-more\" href=\"https:\/\/projetopack.com.br\/en\/senai-sp-disponibiliza-400-cilindros-de-oxigenio-para-unidades-de-saude\/\" aria-label=\"Read more about Senai SP disponibiliza 400 cilindros de oxig\u00eanio para unidades de sa\u00fade\" tabindex=\"-1\" >\n\t\t\tContinue Lendo\t\t<\/a>\n\n\t\t\t\t<\/div>\n\t\t\t\t<\/article>\n\t\t\t\t<\/div>\n\t\t\n\t\t\t\t\t\t<\/div>\n\t\t\t\t<\/div>\n\t\t\t\t<div class=\"elementor-element elementor-element-e98baa3 elementor-align-left elementor-widget elementor-widget-button\" data-id=\"e98baa3\" data-element_type=\"widget\" data-e-type=\"widget\" data-widget_type=\"button.default\">\n\t\t\t\t\t\t\t\t\t\t<a class=\"elementor-button elementor-button-link elementor-size-sm\" href=\"https:\/\/projetopack.com.br\/en\/category\/outros\/\">\n\t\t\t\t\t\t<span class=\"elementor-button-content-wrapper\">\n\t\t\t\t\t\t\t\t\t<span class=\"elementor-button-text\">Veja mais posts sobre Outros<\/span>\n\t\t\t\t\t<\/span>\n\t\t\t\t\t<\/a>\n\t\t\t\t\t\t\t\t<\/div>\n\t\t\t\t\t<\/div>\n\t\t\t\t<\/div>\n\t\t<div class=\"elementor-element elementor-element-52252c9 e-flex e-con-boxed e-con e-parent\" data-id=\"52252c9\" data-element_type=\"container\" data-e-type=\"container\" data-settings=\"{&quot;jet_parallax_layout_list&quot;:[],&quot;background_background&quot;:&quot;classic&quot;}\">\n\t\t\t\t\t<div class=\"e-con-inner\">\n\t\t\t\t<div class=\"elementor-element elementor-element-3cf92fa elementor-widget elementor-widget-heading\" data-id=\"3cf92fa\" data-element_type=\"widget\" data-e-type=\"widget\" data-widget_type=\"heading.default\">\n\t\t\t\t\t<h2 class=\"elementor-heading-title elementor-size-default\">PackLessons<\/h2>\t\t\t\t<\/div>\n\t\t\t\t<div class=\"elementor-element elementor-element-4a781c4 elementor-grid-tablet-1 elementor-grid-3 elementor-grid-mobile-1 elementor-posts--thumbnail-top elementor-widget elementor-widget-posts\" data-id=\"4a781c4\" data-element_type=\"widget\" data-e-type=\"widget\" data-settings=\"{&quot;classic_columns_tablet&quot;:&quot;1&quot;,&quot;classic_columns&quot;:&quot;3&quot;,&quot;classic_columns_mobile&quot;:&quot;1&quot;,&quot;classic_row_gap&quot;:{&quot;unit&quot;:&quot;px&quot;,&quot;size&quot;:35,&quot;sizes&quot;:[]},&quot;classic_row_gap_laptop&quot;:{&quot;unit&quot;:&quot;px&quot;,&quot;size&quot;:&quot;&quot;,&quot;sizes&quot;:[]},&quot;classic_row_gap_tablet&quot;:{&quot;unit&quot;:&quot;px&quot;,&quot;size&quot;:&quot;&quot;,&quot;sizes&quot;:[]},&quot;classic_row_gap_mobile&quot;:{&quot;unit&quot;:&quot;px&quot;,&quot;size&quot;:&quot;&quot;,&quot;sizes&quot;:[]}}\" data-widget_type=\"posts.classic\">\n\t\t\t\t<div class=\"elementor-widget-container\">\n\t\t\t\t\t\t\t<div class=\"elementor-posts-container elementor-posts elementor-posts--skin-classic elementor-grid\" role=\"list\">\n\t\t\t\t<article class=\"elementor-post elementor-grid-item post-52418 post type-post status-publish format-standard has-post-thumbnail hentry category-packlessons tag-gravure tag-rotogravura tag-rotogravure\" role=\"listitem\">\n\t\t\t\t<a class=\"elementor-post__thumbnail__link\" href=\"https:\/\/projetopack.com.br\/en\/o-que-e-rotogravura\/\" tabindex=\"-1\" >\n\t\t\t<div class=\"elementor-post__thumbnail\"><img loading=\"lazy\" decoding=\"async\" width=\"768\" height=\"768\" src=\"https:\/\/projetopack.com.br\/wp-content\/uploads\/2024\/04\/Capas-Lessons-3-1080x1080-1-768x768.png\" class=\"attachment-medium_large size-medium_large wp-image-41206\" alt=\"Pack Lessons\" srcset=\"https:\/\/projetopack.com.br\/wp-content\/uploads\/2024\/04\/Capas-Lessons-3-1080x1080-1-768x768.png 768w, https:\/\/projetopack.com.br\/wp-content\/uploads\/2024\/04\/Capas-Lessons-3-1080x1080-1-300x300.png 300w, https:\/\/projetopack.com.br\/wp-content\/uploads\/2024\/04\/Capas-Lessons-3-1080x1080-1-1024x1024.png 1024w, https:\/\/projetopack.com.br\/wp-content\/uploads\/2024\/04\/Capas-Lessons-3-1080x1080-1-150x150.png 150w, https:\/\/projetopack.com.br\/wp-content\/uploads\/2024\/04\/Capas-Lessons-3-1080x1080-1-12x12.png 12w, https:\/\/projetopack.com.br\/wp-content\/uploads\/2024\/04\/Capas-Lessons-3-1080x1080-1-600x600.png 600w, https:\/\/projetopack.com.br\/wp-content\/uploads\/2024\/04\/Capas-Lessons-3-1080x1080-1-100x100.png 100w, https:\/\/projetopack.com.br\/wp-content\/uploads\/2024\/04\/Capas-Lessons-3-1080x1080-1.png 1080w\" sizes=\"(max-width: 768px) 100vw, 768px\" \/><\/div>\n\t\t<\/a>\n\t\t\t\t<div class=\"elementor-post__text\">\n\t\t\t\t<h3 class=\"elementor-post__title\">\n\t\t\t<a href=\"https:\/\/projetopack.com.br\/en\/o-que-e-rotogravura\/\" >\n\t\t\t\tO que \u00e9 rotogravura?\t\t\t<\/a>\n\t\t<\/h3>\n\t\t\t\t<div class=\"elementor-post__excerpt\">\n\t\t\t<p>Pack Lessons &#8211; seu espa\u00e7o para aprender sobre embalagens, r\u00f3tulos e sistemas de iimpress\u00e3o<\/p>\t\t<\/div>\n\t\t\n\t\t<a class=\"elementor-post__read-more\" href=\"https:\/\/projetopack.com.br\/en\/o-que-e-rotogravura\/\" aria-label=\"Read more about O que \u00e9 rotogravura?\" tabindex=\"-1\" >\n\t\t\tContinue Lendo\t\t<\/a>\n\n\t\t\t\t<\/div>\n\t\t\t\t<\/article>\n\t\t\t\t<article class=\"elementor-post elementor-grid-item post-40986 post type-post status-publish format-standard has-post-thumbnail hentry category-packlessons tag-anilox tag-anilox-de-bandas tag-apex tag-teste-de-bandas\" role=\"listitem\">\n\t\t\t\t<a class=\"elementor-post__thumbnail__link\" href=\"https:\/\/projetopack.com.br\/en\/o-que-e-um-teste-de-bandas\/\" tabindex=\"-1\" >\n\t\t\t<div class=\"elementor-post__thumbnail\"><img loading=\"lazy\" decoding=\"async\" width=\"768\" height=\"768\" src=\"https:\/\/projetopack.com.br\/wp-content\/uploads\/2024\/04\/Capas-Lessons-3-1080x1080-1-768x768.png\" class=\"attachment-medium_large size-medium_large wp-image-41206\" alt=\"Pack Lessons\" srcset=\"https:\/\/projetopack.com.br\/wp-content\/uploads\/2024\/04\/Capas-Lessons-3-1080x1080-1-768x768.png 768w, https:\/\/projetopack.com.br\/wp-content\/uploads\/2024\/04\/Capas-Lessons-3-1080x1080-1-300x300.png 300w, https:\/\/projetopack.com.br\/wp-content\/uploads\/2024\/04\/Capas-Lessons-3-1080x1080-1-1024x1024.png 1024w, https:\/\/projetopack.com.br\/wp-content\/uploads\/2024\/04\/Capas-Lessons-3-1080x1080-1-150x150.png 150w, https:\/\/projetopack.com.br\/wp-content\/uploads\/2024\/04\/Capas-Lessons-3-1080x1080-1-12x12.png 12w, https:\/\/projetopack.com.br\/wp-content\/uploads\/2024\/04\/Capas-Lessons-3-1080x1080-1-600x600.png 600w, https:\/\/projetopack.com.br\/wp-content\/uploads\/2024\/04\/Capas-Lessons-3-1080x1080-1-100x100.png 100w, https:\/\/projetopack.com.br\/wp-content\/uploads\/2024\/04\/Capas-Lessons-3-1080x1080-1.png 1080w\" sizes=\"(max-width: 768px) 100vw, 768px\" \/><\/div>\n\t\t<\/a>\n\t\t\t\t<div class=\"elementor-post__text\">\n\t\t\t\t<h3 class=\"elementor-post__title\">\n\t\t\t<a href=\"https:\/\/projetopack.com.br\/en\/o-que-e-um-teste-de-bandas\/\" >\n\t\t\t\tO que \u00e9 um &#8220;teste de bandas&#8221;?\t\t\t<\/a>\n\t\t<\/h3>\n\t\t\t\t<div class=\"elementor-post__excerpt\">\n\t\t\t<p>Pack Lessons &#8211; seu espa\u00e7o para aprender sobre embalagens, r\u00f3tulos e sistemas de impress\u00e3o<\/p>\t\t<\/div>\n\t\t\n\t\t<a class=\"elementor-post__read-more\" href=\"https:\/\/projetopack.com.br\/en\/o-que-e-um-teste-de-bandas\/\" aria-label=\"Read more about O que \u00e9 um &#8220;teste de bandas&#8221;?\" tabindex=\"-1\" >\n\t\t\tContinue Lendo\t\t<\/a>\n\n\t\t\t\t<\/div>\n\t\t\t\t<\/article>\n\t\t\t\t<article class=\"elementor-post elementor-grid-item post-28174 post type-post status-publish format-standard has-post-thumbnail hentry category-packlessons tag-data-de-validade tag-shelf-life tag-shelflife tag-tempo-de-vida-em-prateleira tag-validade\" role=\"listitem\">\n\t\t\t\t<a class=\"elementor-post__thumbnail__link\" href=\"https:\/\/projetopack.com.br\/en\/o-que-e-shelf-life\/\" tabindex=\"-1\" >\n\t\t\t<div class=\"elementor-post__thumbnail\"><img loading=\"lazy\" decoding=\"async\" width=\"768\" height=\"768\" src=\"https:\/\/projetopack.com.br\/wp-content\/uploads\/2021\/04\/Capas-Lessons-3-1080x1080-1-768x768.png\" class=\"attachment-medium_large size-medium_large wp-image-11215\" alt=\"li\u00e7\u00f5es de embalagens e impress\u00e3o\" srcset=\"https:\/\/projetopack.com.br\/wp-content\/uploads\/2021\/04\/Capas-Lessons-3-1080x1080-1-768x768.png 768w, https:\/\/projetopack.com.br\/wp-content\/uploads\/2021\/04\/Capas-Lessons-3-1080x1080-1-300x300.png 300w, https:\/\/projetopack.com.br\/wp-content\/uploads\/2021\/04\/Capas-Lessons-3-1080x1080-1-100x100.png 100w, https:\/\/projetopack.com.br\/wp-content\/uploads\/2021\/04\/Capas-Lessons-3-1080x1080-1-600x600.png 600w, https:\/\/projetopack.com.br\/wp-content\/uploads\/2021\/04\/Capas-Lessons-3-1080x1080-1-1024x1024.png 1024w, https:\/\/projetopack.com.br\/wp-content\/uploads\/2021\/04\/Capas-Lessons-3-1080x1080-1-150x150.png 150w, https:\/\/projetopack.com.br\/wp-content\/uploads\/2021\/04\/Capas-Lessons-3-1080x1080-1-12x12.png 12w, https:\/\/projetopack.com.br\/wp-content\/uploads\/2021\/04\/Capas-Lessons-3-1080x1080-1.png 1080w\" sizes=\"(max-width: 768px) 100vw, 768px\" \/><\/div>\n\t\t<\/a>\n\t\t\t\t<div class=\"elementor-post__text\">\n\t\t\t\t<h3 class=\"elementor-post__title\">\n\t\t\t<a href=\"https:\/\/projetopack.com.br\/en\/o-que-e-shelf-life\/\" >\n\t\t\t\tO que \u00e9 shelf-life?\t\t\t<\/a>\n\t\t<\/h3>\n\t\t\t\t<div class=\"elementor-post__excerpt\">\n\t\t\t<p>Pack Lessons &#8211; seu espa\u00e7o para aprender sobre embalagens, r\u00f3tulos e sistemas de impress\u00e3o<\/p>\t\t<\/div>\n\t\t\n\t\t<a class=\"elementor-post__read-more\" href=\"https:\/\/projetopack.com.br\/en\/o-que-e-shelf-life\/\" aria-label=\"Read more about O que \u00e9 shelf-life?\" tabindex=\"-1\" >\n\t\t\tContinue Lendo\t\t<\/a>\n\n\t\t\t\t<\/div>\n\t\t\t\t<\/article>\n\t\t\t\t<\/div>\n\t\t\n\t\t\t\t\t\t<\/div>\n\t\t\t\t<\/div>\n\t\t\t\t<div class=\"elementor-element elementor-element-40ac3c6 elementor-align-left elementor-widget elementor-widget-button\" data-id=\"40ac3c6\" data-element_type=\"widget\" data-e-type=\"widget\" data-widget_type=\"button.default\">\n\t\t\t\t\t\t\t\t\t\t<a class=\"elementor-button elementor-button-link elementor-size-sm\" href=\"https:\/\/projetopack.com.br\/category\/packlessons\/\">\n\t\t\t\t\t\t<span class=\"elementor-button-content-wrapper\">\n\t\t\t\t\t\t\t\t\t<span class=\"elementor-button-text\">Veja mais posts sobre PackLessons<\/span>\n\t\t\t\t\t<\/span>\n\t\t\t\t\t<\/a>\n\t\t\t\t\t\t\t\t<\/div>\n\t\t\t\t\t<\/div>\n\t\t\t\t<\/div>\n\t\t<div class=\"elementor-element elementor-element-f98d462 e-flex e-con-boxed e-con e-parent\" data-id=\"f98d462\" data-element_type=\"container\" data-e-type=\"container\" data-settings=\"{&quot;jet_parallax_layout_list&quot;:[]}\">\n\t\t\t\t\t<div class=\"e-con-inner\">\n\t\t\t\t<div class=\"elementor-element elementor-element-2538b17 elementor-widget elementor-widget-heading\" data-id=\"2538b17\" data-element_type=\"widget\" data-e-type=\"widget\" data-widget_type=\"heading.default\">\n\t\t\t\t\t<h2 class=\"elementor-heading-title elementor-size-default\">Projeto Pack em Revista<\/h2>\t\t\t\t<\/div>\n\t\t\t\t<div class=\"elementor-element elementor-element-a74842f elementor-grid-tablet-1 elementor-grid-3 elementor-grid-mobile-1 elementor-posts--thumbnail-top elementor-widget elementor-widget-posts\" data-id=\"a74842f\" data-element_type=\"widget\" data-e-type=\"widget\" data-settings=\"{&quot;classic_columns_tablet&quot;:&quot;1&quot;,&quot;classic_columns&quot;:&quot;3&quot;,&quot;classic_columns_mobile&quot;:&quot;1&quot;,&quot;classic_row_gap&quot;:{&quot;unit&quot;:&quot;px&quot;,&quot;size&quot;:35,&quot;sizes&quot;:[]},&quot;classic_row_gap_laptop&quot;:{&quot;unit&quot;:&quot;px&quot;,&quot;size&quot;:&quot;&quot;,&quot;sizes&quot;:[]},&quot;classic_row_gap_tablet&quot;:{&quot;unit&quot;:&quot;px&quot;,&quot;size&quot;:&quot;&quot;,&quot;sizes&quot;:[]},&quot;classic_row_gap_mobile&quot;:{&quot;unit&quot;:&quot;px&quot;,&quot;size&quot;:&quot;&quot;,&quot;sizes&quot;:[]}}\" data-widget_type=\"posts.classic\">\n\t\t\t\t<div class=\"elementor-widget-container\">\n\t\t\t\t\t\t\t<div class=\"elementor-posts-container elementor-posts elementor-posts--skin-classic elementor-grid\" role=\"list\">\n\t\t\t\t<article class=\"elementor-post elementor-grid-item post-9498 post type-post status-publish format-standard has-post-thumbnail hentry category-projetopack-em-revista tag-embalagens tag-projetopack-em-revista tag-sustentabilidade\" role=\"listitem\">\n\t\t\t\t<a class=\"elementor-post__thumbnail__link\" href=\"https:\/\/projetopack.com.br\/en\/projetopack-em-revista-83-aborda-a-visao-do-dono-de-marca\/\" tabindex=\"-1\" >\n\t\t\t<div class=\"elementor-post__thumbnail\"><img loading=\"lazy\" decoding=\"async\" width=\"768\" height=\"768\" src=\"https:\/\/projetopack.com.br\/wp-content\/uploads\/2021\/02\/ProjetoPack-em-Revista-Edicao-83-768x768.jpg\" class=\"attachment-medium_large size-medium_large wp-image-9516\" alt=\"\" srcset=\"https:\/\/projetopack.com.br\/wp-content\/uploads\/2021\/02\/ProjetoPack-em-Revista-Edicao-83-768x768.jpg 768w, https:\/\/projetopack.com.br\/wp-content\/uploads\/2021\/02\/ProjetoPack-em-Revista-Edicao-83-300x300.jpg 300w, https:\/\/projetopack.com.br\/wp-content\/uploads\/2021\/02\/ProjetoPack-em-Revista-Edicao-83-100x100.jpg 100w, https:\/\/projetopack.com.br\/wp-content\/uploads\/2021\/02\/ProjetoPack-em-Revista-Edicao-83-600x600.jpg 600w, https:\/\/projetopack.com.br\/wp-content\/uploads\/2021\/02\/ProjetoPack-em-Revista-Edicao-83-1024x1024.jpg 1024w, https:\/\/projetopack.com.br\/wp-content\/uploads\/2021\/02\/ProjetoPack-em-Revista-Edicao-83-150x150.jpg 150w, https:\/\/projetopack.com.br\/wp-content\/uploads\/2021\/02\/ProjetoPack-em-Revista-Edicao-83-12x12.jpg 12w, https:\/\/projetopack.com.br\/wp-content\/uploads\/2021\/02\/ProjetoPack-em-Revista-Edicao-83.jpg 1080w\" sizes=\"(max-width: 768px) 100vw, 768px\" \/><\/div>\n\t\t<\/a>\n\t\t\t\t<div class=\"elementor-post__text\">\n\t\t\t\t<h3 class=\"elementor-post__title\">\n\t\t\t<a href=\"https:\/\/projetopack.com.br\/en\/projetopack-em-revista-83-aborda-a-visao-do-dono-de-marca\/\" >\n\t\t\t\tProjetoPack em Revista 83 aborda a vis\u00e3o do dono de marca\t\t\t<\/a>\n\t\t<\/h3>\n\t\t\t\t<div class=\"elementor-post__excerpt\">\n\t\t\t<p>Com a mat\u00e9ria de capa de Leila Malta, experiente executiva de inova\u00e7\u00e3o com passagens pela Unilever, Ecolab, Reckitt Benckiser, PepsiCo e Nestl\u00e9 &#8211; e fundadora da L&#8217;inno Bureau, uma consultoria especializada em inova\u00e7\u00e3o de embalagens, a ProjetoPack em Revista estreou a sua pauta especial com a vis\u00e3o do dono da<\/p>\n\t\t<\/div>\n\t\t\n\t\t<a class=\"elementor-post__read-more\" href=\"https:\/\/projetopack.com.br\/en\/projetopack-em-revista-83-aborda-a-visao-do-dono-de-marca\/\" aria-label=\"Read more about ProjetoPack em Revista 83 aborda a vis\u00e3o do dono de marca\" tabindex=\"-1\" >\n\t\t\tContinue Lendo\t\t<\/a>\n\n\t\t\t\t<\/div>\n\t\t\t\t<\/article>\n\t\t\t\t<article class=\"elementor-post elementor-grid-item post-5348 post type-post status-publish format-standard hentry category-arquivo category-projetopack-em-revista\" role=\"listitem\">\n\t\t\t\t<div class=\"elementor-post__text\">\n\t\t\t\t<h3 class=\"elementor-post__title\">\n\t\t\t<a href=\"https:\/\/projetopack.com.br\/en\/projetopack-em-revista-dedica-todo-o-ano-a-pauta-especial-de-sustentabilidade-na-cadeia-de-embalagens-flexiveis\/\" >\n\t\t\t\tProjetoPack em Revista dedica todo o ano \u00e0 pauta especial de sustentabilidade na cadeia de embalagens flex\u00edveis.\t\t\t<\/a>\n\t\t<\/h3>\n\t\t\t\t<div class=\"elementor-post__excerpt\">\n\t\t\t<p>Come\u00e7amos o ano de 2020 bastante motivados em dar sequ\u00eancia \u00e0 pauta especial de sustentabilidade na cadeia de embalagens flex\u00edveis, etiquetas e r\u00f3tulos \u2013 muito embora os conceitos sejam universais no \u00e2mbito de quaisquer ind\u00fastrias gr\u00e1ficas e convertedoras. N\u00e3o temos a pretens\u00e3o de trazer respostas definitivas a esta intrincada quest\u00e3o<\/p>\n\t\t<\/div>\n\t\t\n\t\t<a class=\"elementor-post__read-more\" href=\"https:\/\/projetopack.com.br\/en\/projetopack-em-revista-dedica-todo-o-ano-a-pauta-especial-de-sustentabilidade-na-cadeia-de-embalagens-flexiveis\/\" aria-label=\"Read more about ProjetoPack em Revista dedica todo o ano \u00e0 pauta especial de sustentabilidade na cadeia de embalagens flex\u00edveis.\" tabindex=\"-1\" >\n\t\t\tContinue Lendo\t\t<\/a>\n\n\t\t\t\t<\/div>\n\t\t\t\t<\/article>\n\t\t\t\t<\/div>\n\t\t\n\t\t\t\t\t\t<\/div>\n\t\t\t\t<\/div>\n\t\t\t\t<div class=\"elementor-element elementor-element-b2d3c06 elementor-align-left elementor-widget elementor-widget-button\" data-id=\"b2d3c06\" data-element_type=\"widget\" data-e-type=\"widget\" data-widget_type=\"button.default\">\n\t\t\t\t\t\t\t\t\t\t<a class=\"elementor-button elementor-button-link elementor-size-sm\" href=\"https:\/\/projetopack.com.br\/en\/category\/projetopack-em-revista\/\">\n\t\t\t\t\t\t<span class=\"elementor-button-content-wrapper\">\n\t\t\t\t\t\t\t\t\t<span class=\"elementor-button-text\">Veja mais posts sobre Projeto Pack em Revista<\/span>\n\t\t\t\t\t<\/span>\n\t\t\t\t\t<\/a>\n\t\t\t\t\t\t\t\t<\/div>\n\t\t\t\t\t<\/div>\n\t\t\t\t<\/div>\n\t\t<div class=\"elementor-element elementor-element-1174fbc e-flex e-con-boxed e-con e-parent\" data-id=\"1174fbc\" data-element_type=\"container\" data-e-type=\"container\" data-settings=\"{&quot;jet_parallax_layout_list&quot;:[],&quot;background_background&quot;:&quot;classic&quot;}\">\n\t\t\t\t\t<div class=\"e-con-inner\">\n\t\t\t\t<div class=\"elementor-element elementor-element-1ffa44f elementor-widget elementor-widget-heading\" data-id=\"1ffa44f\" data-element_type=\"widget\" data-e-type=\"widget\" data-widget_type=\"heading.default\">\n\t\t\t\t\t<h2 class=\"elementor-heading-title elementor-size-default\">Treinamentos<\/h2>\t\t\t\t<\/div>\n\t\t\t\t<div class=\"elementor-element elementor-element-2c649c4 elementor-grid-tablet-1 elementor-grid-3 elementor-grid-mobile-1 elementor-posts--thumbnail-top elementor-widget elementor-widget-posts\" data-id=\"2c649c4\" data-element_type=\"widget\" data-e-type=\"widget\" data-settings=\"{&quot;classic_columns_tablet&quot;:&quot;1&quot;,&quot;classic_columns&quot;:&quot;3&quot;,&quot;classic_columns_mobile&quot;:&quot;1&quot;,&quot;classic_row_gap&quot;:{&quot;unit&quot;:&quot;px&quot;,&quot;size&quot;:35,&quot;sizes&quot;:[]},&quot;classic_row_gap_laptop&quot;:{&quot;unit&quot;:&quot;px&quot;,&quot;size&quot;:&quot;&quot;,&quot;sizes&quot;:[]},&quot;classic_row_gap_tablet&quot;:{&quot;unit&quot;:&quot;px&quot;,&quot;size&quot;:&quot;&quot;,&quot;sizes&quot;:[]},&quot;classic_row_gap_mobile&quot;:{&quot;unit&quot;:&quot;px&quot;,&quot;size&quot;:&quot;&quot;,&quot;sizes&quot;:[]}}\" data-widget_type=\"posts.classic\">\n\t\t\t\t<div class=\"elementor-widget-container\">\n\t\t\t\t\t\t\t<div class=\"elementor-posts-container elementor-posts elementor-posts--skin-classic elementor-grid\" role=\"list\">\n\t\t\t\t<article class=\"elementor-post elementor-grid-item post-10220 post type-post status-publish format-standard has-post-thumbnail hentry category-treinamentos tag-3m tag-resinplast tag-seminario tag-treinamento\" role=\"listitem\">\n\t\t\t\t<a class=\"elementor-post__thumbnail__link\" href=\"https:\/\/projetopack.com.br\/en\/projetopack-conclui-participacao-como-palestrante-em-webinar-da-3m\/\" tabindex=\"-1\" >\n\t\t\t<div class=\"elementor-post__thumbnail\"><img loading=\"lazy\" decoding=\"async\" width=\"768\" height=\"473\" src=\"https:\/\/projetopack.com.br\/wp-content\/uploads\/2021\/03\/1615396797700-768x473.jpg\" class=\"attachment-medium_large size-medium_large wp-image-10222\" alt=\"\" srcset=\"https:\/\/projetopack.com.br\/wp-content\/uploads\/2021\/03\/1615396797700-768x473.jpg 768w, https:\/\/projetopack.com.br\/wp-content\/uploads\/2021\/03\/1615396797700-300x185.jpg 300w, https:\/\/projetopack.com.br\/wp-content\/uploads\/2021\/03\/1615396797700-600x370.jpg 600w, https:\/\/projetopack.com.br\/wp-content\/uploads\/2021\/03\/1615396797700-1024x631.jpg 1024w, https:\/\/projetopack.com.br\/wp-content\/uploads\/2021\/03\/1615396797700-16x10.jpg 16w, https:\/\/projetopack.com.br\/wp-content\/uploads\/2021\/03\/1615396797700.jpg 1084w\" sizes=\"(max-width: 768px) 100vw, 768px\" \/><\/div>\n\t\t<\/a>\n\t\t\t\t<div class=\"elementor-post__text\">\n\t\t\t\t<h3 class=\"elementor-post__title\">\n\t\t\t<a href=\"https:\/\/projetopack.com.br\/en\/projetopack-conclui-participacao-como-palestrante-em-webinar-da-3m\/\" >\n\t\t\t\tProjetoPack conclui participa\u00e7\u00e3o como palestrante em webinar da 3M\t\t\t<\/a>\n\t\t<\/h3>\n\t\t\t\t<div class=\"elementor-post__excerpt\">\n\t\t\t<p>Congregados sob o tema &#8220;Diferentes pontos de vista para aumentar a produtividade na flexografia&#8220;, quase duas centenas de convertedores provenientes de diversos pa\u00edses da Am\u00e9rica Latina e Caribe estiveram presentes no semin\u00e1rio online organizado e promovido pela 3M. Com a abertura de Ignacio Algorta, l\u00edder do segmento de produtos para<\/p>\n\t\t<\/div>\n\t\t\n\t\t<a class=\"elementor-post__read-more\" href=\"https:\/\/projetopack.com.br\/en\/projetopack-conclui-participacao-como-palestrante-em-webinar-da-3m\/\" aria-label=\"Read more about ProjetoPack conclui participa\u00e7\u00e3o como palestrante em webinar da 3M\" tabindex=\"-1\" >\n\t\t\tContinue Lendo\t\t<\/a>\n\n\t\t\t\t<\/div>\n\t\t\t\t<\/article>\n\t\t\t\t<article class=\"elementor-post elementor-grid-item post-10112 post type-post status-publish format-standard has-post-thumbnail hentry category-treinamentos tag-coloristas tag-gerenciamento-de-cores tag-hubergroup tag-laminacao tag-tintas tag-treinamentos\" role=\"listitem\">\n\t\t\t\t<a class=\"elementor-post__thumbnail__link\" href=\"https:\/\/projetopack.com.br\/en\/time-da-hubergroup-e-treinado-pela-projetopack\/\" tabindex=\"-1\" >\n\t\t\t<div class=\"elementor-post__thumbnail\"><img loading=\"lazy\" decoding=\"async\" width=\"768\" height=\"960\" src=\"https:\/\/projetopack.com.br\/wp-content\/uploads\/2021\/03\/IMG-20210323-WA0037-768x960.jpg\" class=\"attachment-medium_large size-medium_large wp-image-10113\" alt=\"\" srcset=\"https:\/\/projetopack.com.br\/wp-content\/uploads\/2021\/03\/IMG-20210323-WA0037-768x960.jpg 768w, https:\/\/projetopack.com.br\/wp-content\/uploads\/2021\/03\/IMG-20210323-WA0037-300x375.jpg 300w, https:\/\/projetopack.com.br\/wp-content\/uploads\/2021\/03\/IMG-20210323-WA0037-600x750.jpg 600w, https:\/\/projetopack.com.br\/wp-content\/uploads\/2021\/03\/IMG-20210323-WA0037-240x300.jpg 240w, https:\/\/projetopack.com.br\/wp-content\/uploads\/2021\/03\/IMG-20210323-WA0037-819x1024.jpg 819w, https:\/\/projetopack.com.br\/wp-content\/uploads\/2021\/03\/IMG-20210323-WA0037-10x12.jpg 10w, https:\/\/projetopack.com.br\/wp-content\/uploads\/2021\/03\/IMG-20210323-WA0037.jpg 1024w\" sizes=\"(max-width: 768px) 100vw, 768px\" \/><\/div>\n\t\t<\/a>\n\t\t\t\t<div class=\"elementor-post__text\">\n\t\t\t\t<h3 class=\"elementor-post__title\">\n\t\t\t<a href=\"https:\/\/projetopack.com.br\/en\/time-da-hubergroup-e-treinado-pela-projetopack\/\" >\n\t\t\t\tTime da Hubergroup \u00e9 treinado pela ProjetoPack\t\t\t<\/a>\n\t\t<\/h3>\n\t\t\t\t<div class=\"elementor-post__excerpt\">\n\t\t\t<p>Na \u00faltima semana, a multinacional de tintas Hubergroup recebeu treinamento t\u00e9cnico de lamina\u00e7\u00e3o de pel\u00edculas da ProjetoPack para boa parte da sua equipe de t\u00e9cnicos com atua\u00e7\u00e3o na Am\u00e9rica Latina e Caribe. Dentre outros temas, explanou-se meandros da intera\u00e7\u00e3o entre tintas e adesivos para lamina\u00e7\u00e3o, seus principais pontos de controle<\/p>\n\t\t<\/div>\n\t\t\n\t\t<a class=\"elementor-post__read-more\" href=\"https:\/\/projetopack.com.br\/en\/time-da-hubergroup-e-treinado-pela-projetopack\/\" aria-label=\"Read more about Time da Hubergroup \u00e9 treinado pela ProjetoPack\" tabindex=\"-1\" >\n\t\t\tContinue Lendo\t\t<\/a>\n\n\t\t\t\t<\/div>\n\t\t\t\t<\/article>\n\t\t\t\t<article class=\"elementor-post elementor-grid-item post-9010 post type-post status-publish format-standard has-post-thumbnail hentry category-treinamentos tag-gerenciamento-de-cores tag-litografia tag-treinamentos\" role=\"listitem\">\n\t\t\t\t<a class=\"elementor-post__thumbnail__link\" href=\"https:\/\/projetopack.com.br\/en\/can-pack-recebe-treinamento-da-projetopack\/\" tabindex=\"-1\" >\n\t\t\t<div class=\"elementor-post__thumbnail\"><img loading=\"lazy\" decoding=\"async\" width=\"768\" height=\"337\" src=\"https:\/\/projetopack.com.br\/wp-content\/uploads\/2021\/01\/closures-768x337.jpg\" class=\"attachment-medium_large size-medium_large wp-image-9030\" alt=\"\" srcset=\"https:\/\/projetopack.com.br\/wp-content\/uploads\/2021\/01\/closures-768x337.jpg 768w, https:\/\/projetopack.com.br\/wp-content\/uploads\/2021\/01\/closures-300x131.jpg 300w, https:\/\/projetopack.com.br\/wp-content\/uploads\/2021\/01\/closures-600x263.jpg 600w, https:\/\/projetopack.com.br\/wp-content\/uploads\/2021\/01\/closures-1024x449.jpg 1024w, https:\/\/projetopack.com.br\/wp-content\/uploads\/2021\/01\/closures-16x7.jpg 16w, https:\/\/projetopack.com.br\/wp-content\/uploads\/2021\/01\/closures.jpg 1068w\" sizes=\"(max-width: 768px) 100vw, 768px\" \/><\/div>\n\t\t<\/a>\n\t\t\t\t<div class=\"elementor-post__text\">\n\t\t\t\t<h3 class=\"elementor-post__title\">\n\t\t\t<a href=\"https:\/\/projetopack.com.br\/en\/can-pack-recebe-treinamento-da-projetopack\/\" >\n\t\t\t\tCan-Pack recebe treinamento da ProjetoPack\t\t\t<\/a>\n\t\t<\/h3>\n\t\t\t\t<div class=\"elementor-post__excerpt\">\n\t\t\t<p>Can-Pack investe em treinamento da ProjetoPack<\/p>\t\t<\/div>\n\t\t\n\t\t<a class=\"elementor-post__read-more\" href=\"https:\/\/projetopack.com.br\/en\/can-pack-recebe-treinamento-da-projetopack\/\" aria-label=\"Read more about Can-Pack recebe treinamento da ProjetoPack\" tabindex=\"-1\" >\n\t\t\tContinue Lendo\t\t<\/a>\n\n\t\t\t\t<\/div>\n\t\t\t\t<\/article>\n\t\t\t\t<\/div>\n\t\t\n\t\t\t\t\t\t<\/div>\n\t\t\t\t<\/div>\n\t\t\t\t<div class=\"elementor-element elementor-element-0284ae6 elementor-align-left elementor-widget elementor-widget-button\" data-id=\"0284ae6\" data-element_type=\"widget\" data-e-type=\"widget\" data-widget_type=\"button.default\">\n\t\t\t\t\t\t\t\t\t\t<a class=\"elementor-button elementor-button-link elementor-size-sm\" href=\"https:\/\/projetopack.com.br\/en\/category\/treinamentos\/\">\n\t\t\t\t\t\t<span class=\"elementor-button-content-wrapper\">\n\t\t\t\t\t\t\t\t\t<span class=\"elementor-button-text\">Veja mais posts sobre Treinamentos<\/span>\n\t\t\t\t\t<\/span>\n\t\t\t\t\t<\/a>\n\t\t\t\t\t\t\t\t<\/div>\n\t\t\t\t\t<\/div>\n\t\t\t\t<\/div>\n\t\t<div class=\"elementor-element elementor-element-9425a3d e-flex e-con-boxed e-con e-parent\" data-id=\"9425a3d\" data-element_type=\"container\" data-e-type=\"container\" data-settings=\"{&quot;jet_parallax_layout_list&quot;:[]}\">\n\t\t\t\t\t<div class=\"e-con-inner\">\n\t\t\t\t<div class=\"elementor-element elementor-element-5241bc4 elementor-widget elementor-widget-heading\" data-id=\"5241bc4\" data-element_type=\"widget\" data-e-type=\"widget\" data-widget_type=\"heading.default\">\n\t\t\t\t\t<h2 class=\"elementor-heading-title elementor-size-default\">Vagas<\/h2>\t\t\t\t<\/div>\n\t\t\t\t<div class=\"elementor-element elementor-element-ca5f0c1 elementor-grid-tablet-1 elementor-grid-3 elementor-grid-mobile-1 elementor-posts--thumbnail-top elementor-widget elementor-widget-posts\" data-id=\"ca5f0c1\" data-element_type=\"widget\" data-e-type=\"widget\" data-settings=\"{&quot;classic_columns_tablet&quot;:&quot;1&quot;,&quot;classic_columns&quot;:&quot;3&quot;,&quot;classic_columns_mobile&quot;:&quot;1&quot;,&quot;classic_row_gap&quot;:{&quot;unit&quot;:&quot;px&quot;,&quot;size&quot;:35,&quot;sizes&quot;:[]},&quot;classic_row_gap_laptop&quot;:{&quot;unit&quot;:&quot;px&quot;,&quot;size&quot;:&quot;&quot;,&quot;sizes&quot;:[]},&quot;classic_row_gap_tablet&quot;:{&quot;unit&quot;:&quot;px&quot;,&quot;size&quot;:&quot;&quot;,&quot;sizes&quot;:[]},&quot;classic_row_gap_mobile&quot;:{&quot;unit&quot;:&quot;px&quot;,&quot;size&quot;:&quot;&quot;,&quot;sizes&quot;:[]}}\" data-widget_type=\"posts.classic\">\n\t\t\t\t<div class=\"elementor-widget-container\">\n\t\t\t\t\t\t\t<div class=\"elementor-posts-container elementor-posts elementor-posts--skin-classic elementor-grid\" role=\"list\">\n\t\t\t\t<article class=\"elementor-post elementor-grid-item post-6358 post type-post status-publish format-standard has-post-thumbnail hentry category-vagas tag-contratacao tag-curriculo tag-emprego tag-estagio tag-vaga-de-impressor tag-vagas\" role=\"listitem\">\n\t\t\t\t<a class=\"elementor-post__thumbnail__link\" href=\"https:\/\/projetopack.com.br\/en\/vagas-da-semana\/\" tabindex=\"-1\" >\n\t\t\t<div class=\"elementor-post__thumbnail\"><img loading=\"lazy\" decoding=\"async\" width=\"768\" height=\"768\" src=\"https:\/\/projetopack.com.br\/wp-content\/uploads\/2021\/01\/Empregos-_1__1616797160876-768x768.jpg\" class=\"attachment-medium_large size-medium_large wp-image-10178\" alt=\"\" srcset=\"https:\/\/projetopack.com.br\/wp-content\/uploads\/2021\/01\/Empregos-_1__1616797160876-768x768.jpg 768w, https:\/\/projetopack.com.br\/wp-content\/uploads\/2021\/01\/Empregos-_1__1616797160876-300x300.jpg 300w, https:\/\/projetopack.com.br\/wp-content\/uploads\/2021\/01\/Empregos-_1__1616797160876-100x100.jpg 100w, https:\/\/projetopack.com.br\/wp-content\/uploads\/2021\/01\/Empregos-_1__1616797160876-600x600.jpg 600w, https:\/\/projetopack.com.br\/wp-content\/uploads\/2021\/01\/Empregos-_1__1616797160876-1024x1024.jpg 1024w, https:\/\/projetopack.com.br\/wp-content\/uploads\/2021\/01\/Empregos-_1__1616797160876-150x150.jpg 150w, https:\/\/projetopack.com.br\/wp-content\/uploads\/2021\/01\/Empregos-_1__1616797160876-12x12.jpg 12w, https:\/\/projetopack.com.br\/wp-content\/uploads\/2021\/01\/Empregos-_1__1616797160876.jpg 1080w\" sizes=\"(max-width: 768px) 100vw, 768px\" \/><\/div>\n\t\t<\/a>\n\t\t\t\t<div class=\"elementor-post__text\">\n\t\t\t\t<h3 class=\"elementor-post__title\">\n\t\t\t<a href=\"https:\/\/projetopack.com.br\/en\/vagas-da-semana\/\" >\n\t\t\t\t\u00daltimas vagas postadas\t\t\t<\/a>\n\t\t<\/h3>\n\t\t\t\t<div class=\"elementor-post__excerpt\">\n\t\t\t<p>Entre agora mesmo no grupo do Facebook &#8220;Empregos gr\u00e1ficos&#8221;<\/p>\t\t<\/div>\n\t\t\n\t\t<a class=\"elementor-post__read-more\" href=\"https:\/\/projetopack.com.br\/en\/vagas-da-semana\/\" aria-label=\"Read more about \u00daltimas vagas postadas\" tabindex=\"-1\" >\n\t\t\tContinue Lendo\t\t<\/a>\n\n\t\t\t\t<\/div>\n\t\t\t\t<\/article>\n\t\t\t\t<\/div>\n\t\t\n\t\t\t\t\t\t<\/div>\n\t\t\t\t<\/div>\n\t\t\t\t<div class=\"elementor-element elementor-element-c9f5d6a elementor-align-left elementor-widget elementor-widget-button\" data-id=\"c9f5d6a\" data-element_type=\"widget\" data-e-type=\"widget\" data-widget_type=\"button.default\">\n\t\t\t\t\t\t\t\t\t\t<a class=\"elementor-button elementor-button-link elementor-size-sm\" href=\"https:\/\/projetopack.com.br\/en\/category\/vagas\/\">\n\t\t\t\t\t\t<span class=\"elementor-button-content-wrapper\">\n\t\t\t\t\t\t\t\t\t<span class=\"elementor-button-text\">Veja mais posts sobre Vagas<\/span>\n\t\t\t\t\t<\/span>\n\t\t\t\t\t<\/a>\n\t\t\t\t\t\t\t\t<\/div>\n\t\t\t\t\t<\/div>\n\t\t\t\t<\/div>\n\t\t<div class=\"elementor-element elementor-element-772904b e-flex e-con-boxed e-con e-parent\" data-id=\"772904b\" data-element_type=\"container\" data-e-type=\"container\" data-settings=\"{&quot;jet_parallax_layout_list&quot;:[],&quot;background_background&quot;:&quot;classic&quot;}\">\n\t\t\t\t\t<div class=\"e-con-inner\">\n\t\t\t\t<div class=\"elementor-element elementor-element-54638f2 elementor-widget elementor-widget-heading\" data-id=\"54638f2\" data-element_type=\"widget\" data-e-type=\"widget\" data-widget_type=\"heading.default\">\n\t\t\t\t\t<h2 class=\"elementor-heading-title elementor-size-default\">Arquivo<\/h2>\t\t\t\t<\/div>\n\t\t\t\t<div class=\"elementor-element elementor-element-bd5d3f3 elementor-grid-tablet-1 elementor-grid-3 elementor-grid-mobile-1 elementor-posts--thumbnail-top elementor-widget elementor-widget-posts\" data-id=\"bd5d3f3\" data-element_type=\"widget\" data-e-type=\"widget\" data-settings=\"{&quot;classic_columns_tablet&quot;:&quot;1&quot;,&quot;classic_columns&quot;:&quot;3&quot;,&quot;classic_columns_mobile&quot;:&quot;1&quot;,&quot;classic_row_gap&quot;:{&quot;unit&quot;:&quot;px&quot;,&quot;size&quot;:35,&quot;sizes&quot;:[]},&quot;classic_row_gap_laptop&quot;:{&quot;unit&quot;:&quot;px&quot;,&quot;size&quot;:&quot;&quot;,&quot;sizes&quot;:[]},&quot;classic_row_gap_tablet&quot;:{&quot;unit&quot;:&quot;px&quot;,&quot;size&quot;:&quot;&quot;,&quot;sizes&quot;:[]},&quot;classic_row_gap_mobile&quot;:{&quot;unit&quot;:&quot;px&quot;,&quot;size&quot;:&quot;&quot;,&quot;sizes&quot;:[]}}\" data-widget_type=\"posts.classic\">\n\t\t\t\t<div class=\"elementor-widget-container\">\n\t\t\t\t\t\t\t<div class=\"elementor-posts-container elementor-posts elementor-posts--skin-classic elementor-grid\" role=\"list\">\n\t\t\t\t<article class=\"elementor-post elementor-grid-item post-5358 post type-post status-publish format-standard hentry category-arquivo tag-corona tag-coronavirus tag-covid tag-covid19 tag-crise tag-embalagem tag-embalagens tag-graficas tag-impressao tag-offset tag-projetopack\" role=\"listitem\">\n\t\t\t\t<div class=\"elementor-post__text\">\n\t\t\t\t<h3 class=\"elementor-post__title\">\n\t\t\t<a href=\"https:\/\/projetopack.com.br\/en\/graficas-em-todo-o-brasil-comecam-a-fechar-por-falta-de-capital-de-giro\/\" >\n\t\t\t\tGr\u00e1ficas em todo o Brasil come\u00e7am a fechar por falta de capital de giro\t\t\t<\/a>\n\t\t<\/h3>\n\t\t\t\t<div class=\"elementor-post__excerpt\">\n\t\t\t<p>O jornal&nbsp;O Valor Econ\u00f4mico&nbsp;noticiou hoje que, embora o governo federal tenha anunciado o socorro bilion\u00e1rio em medidas para conter o colapso econ\u00f4mico, tais recursos ainda n\u00e3o chegaram ao tomador final. O impacto na ind\u00fastria gr\u00e1fica brasileira se fez sentir este m\u00eas, com exce\u00e7\u00e3o para o segmento de embalagens aliment\u00edcias, bebidas,<\/p>\n\t\t<\/div>\n\t\t\n\t\t<a class=\"elementor-post__read-more\" href=\"https:\/\/projetopack.com.br\/en\/graficas-em-todo-o-brasil-comecam-a-fechar-por-falta-de-capital-de-giro\/\" aria-label=\"Read more about Gr\u00e1ficas em todo o Brasil come\u00e7am a fechar por falta de capital de giro\" tabindex=\"-1\" >\n\t\t\tContinue Lendo\t\t<\/a>\n\n\t\t\t\t<\/div>\n\t\t\t\t<\/article>\n\t\t\t\t<article class=\"elementor-post elementor-grid-item post-6044 post type-post status-publish format-standard hentry category-arquivo\" role=\"listitem\">\n\t\t\t\t<div class=\"elementor-post__text\">\n\t\t\t\t<h3 class=\"elementor-post__title\">\n\t\t\t<a href=\"https:\/\/projetopack.com.br\/en\/abief-publica-video-sobre-o-papel-do-plastico-na-preservacao-a-vida\/\" >\n\t\t\t\tABIEF publica v\u00eddeo sobre o papel do pl\u00e1stico na preserva\u00e7\u00e3o \u00e0 vida\t\t\t<\/a>\n\t\t<\/h3>\n\t\t\t\t<div class=\"elementor-post__excerpt\">\n\t\t\t<p>Com o prop\u00f3sito de transformar, como ind\u00fastria e como sociedade, a&nbsp;ABIEF&nbsp;apoia todas as iniciativas que t\u00eam como objetivo a preserva\u00e7\u00e3o da vida, com a seguran\u00e7a e qualidade que as embalagens pl\u00e1sticas representam neste momento \u00e1rduo e desafiador. Assista e compartilhe:<\/p>\n\t\t<\/div>\n\t\t\n\t\t<a class=\"elementor-post__read-more\" href=\"https:\/\/projetopack.com.br\/en\/abief-publica-video-sobre-o-papel-do-plastico-na-preservacao-a-vida\/\" aria-label=\"Read more about ABIEF publica v\u00eddeo sobre o papel do pl\u00e1stico na preserva\u00e7\u00e3o \u00e0 vida\" tabindex=\"-1\" >\n\t\t\tContinue Lendo\t\t<\/a>\n\n\t\t\t\t<\/div>\n\t\t\t\t<\/article>\n\t\t\t\t<article class=\"elementor-post elementor-grid-item post-6042 post type-post status-publish format-standard hentry category-arquivo\" role=\"listitem\">\n\t\t\t\t<div class=\"elementor-post__text\">\n\t\t\t\t<h3 class=\"elementor-post__title\">\n\t\t\t<a href=\"https:\/\/projetopack.com.br\/en\/braskem-abre-linha-de-credito-adicional-de-r-1-bi-para-clientes-da-cadeia-do-plastico\/\" >\n\t\t\t\tBraskem abre linha de cr\u00e9dito adicional de R$ 1 bi para clientes da cadeia do pl\u00e1stico\t\t\t<\/a>\n\t\t<\/h3>\n\t\t\t\t<div class=\"elementor-post__excerpt\">\n\t\t\t<p>A&nbsp;Braskem&nbsp;disponibilizar\u00e1 aos seus clientes no Brasil a partir de abril&nbsp;uma nova expans\u00e3o das linhas de cr\u00e9dito. Para todos os clientes adimplentes e com cr\u00e9dito j\u00e1 aprovado, uma linha adicional de R$ 1 bilh\u00e3o ao custo de 100% do CDI&nbsp;poder\u00e1 ser utilizada na compra de resinas pl\u00e1sticas&nbsp;(PE, PP, PVC), soda c\u00e1ustica,<\/p>\n\t\t<\/div>\n\t\t\n\t\t<a class=\"elementor-post__read-more\" href=\"https:\/\/projetopack.com.br\/en\/braskem-abre-linha-de-credito-adicional-de-r-1-bi-para-clientes-da-cadeia-do-plastico\/\" aria-label=\"Read more about Braskem abre linha de cr\u00e9dito adicional de R$ 1 bi para clientes da cadeia do pl\u00e1stico\" tabindex=\"-1\" >\n\t\t\tContinue Lendo\t\t<\/a>\n\n\t\t\t\t<\/div>\n\t\t\t\t<\/article>\n\t\t\t\t<\/div>\n\t\t\n\t\t\t\t\t\t<\/div>\n\t\t\t\t<\/div>\n\t\t\t\t<div class=\"elementor-element elementor-element-955586f elementor-align-left elementor-widget elementor-widget-button\" data-id=\"955586f\" data-element_type=\"widget\" data-e-type=\"widget\" data-widget_type=\"button.default\">\n\t\t\t\t\t\t\t\t\t\t<a class=\"elementor-button elementor-button-link elementor-size-sm\" href=\"https:\/\/projetopack.com.br\/category\/arquivo\/\">\n\t\t\t\t\t\t<span class=\"elementor-button-content-wrapper\">\n\t\t\t\t\t\t\t\t\t<span class=\"elementor-button-text\">Veja mais posts sobre Arquivo<\/span>\n\t\t\t\t\t<\/span>\n\t\t\t\t\t<\/a>\n\t\t\t\t\t\t\t\t<\/div>\n\t\t\t\t\t<\/div>\n\t\t\t\t<\/div>\n\t\t\t\t<\/div>\n\t\t","protected":false},"excerpt":{"rendered":"<p>BLOG Conte\u00fados exclusivos sobre o mundo gr\u00e1fico Hub de Conhecimento | Projeto Pack \u00a0A sua fonte de conte\u00fado exclusivo e aprofundado. Acesse an\u00e1lises de mercado, tend\u00eancias e os melhores insights da nossa Revista e Podcast sobre embalagens, impress\u00e3o e convers\u00e3o. Pesquisar Pack Lessons &#8211; seu espa\u00e7o para aprender sobre embalagens, r\u00f3tulos e sistemas de iimpress\u00e3o [&hellip;]<\/p>\n","protected":false},"author":12,"featured_media":5932,"parent":0,"menu_order":20,"comment_status":"closed","ping_status":"closed","template":"","meta":{"footnotes":""},"class_list":["post-4337","page","type-page","status-publish","has-post-thumbnail","hentry"],"yoast_head":"<!-- This site is optimized with the Yoast SEO Premium plugin v27.1 (Yoast SEO v27.1.1) - https:\/\/yoast.com\/product\/yoast-seo-premium-wordpress\/ -->\n<title>Insights | Projeto Pack<\/title>\n<meta name=\"description\" content=\"Leia os melhores insights da ind\u00fastria gr\u00e1fica, de embalagens e comunica\u00e7\u00e3o impressa e mantenha-se mais bem informado do que a concorr\u00eancia.\" \/>\n<meta name=\"robots\" content=\"index, follow, max-snippet:-1, max-image-preview:large, max-video-preview:-1\" \/>\n<link rel=\"canonical\" href=\"https:\/\/projetopack.com.br\/en\/insights\/\" \/>\n<meta property=\"og:locale\" content=\"en_US\" \/>\n<meta property=\"og:type\" content=\"article\" \/>\n<meta property=\"og:title\" content=\"Insights\" \/>\n<meta property=\"og:description\" content=\"Leia os melhores insights da ind\u00fastria gr\u00e1fica, de embalagens e comunica\u00e7\u00e3o impressa e mantenha-se mais bem informado do que a concorr\u00eancia.\" \/>\n<meta property=\"og:url\" content=\"https:\/\/projetopack.com.br\/en\/insights\/\" \/>\n<meta property=\"og:site_name\" content=\"ProjetoPack\" \/>\n<meta property=\"article:modified_time\" content=\"2025-11-10T12:27:33+00:00\" \/>\n<meta property=\"og:image\" content=\"https:\/\/projetopack.com.br\/wp-content\/uploads\/2020\/04\/Avatar-PP-Noticias.jpg\" \/>\n\t<meta property=\"og:image:width\" content=\"540\" \/>\n\t<meta property=\"og:image:height\" content=\"540\" \/>\n\t<meta property=\"og:image:type\" content=\"image\/jpeg\" \/>\n<meta name=\"twitter:card\" content=\"summary_large_image\" \/>\n<meta name=\"twitter:site\" content=\"@ProjetoPack\" \/>\n<meta name=\"twitter:label1\" content=\"Est. reading time\" \/>\n\t<meta name=\"twitter:data1\" content=\"22 minutes\" \/>\n<script type=\"application\/ld+json\" class=\"yoast-schema-graph\">{\"@context\":\"https:\/\/schema.org\",\"@graph\":[{\"@type\":\"WebPage\",\"@id\":\"https:\/\/projetopack.com.br\/insights\/\",\"url\":\"https:\/\/projetopack.com.br\/insights\/\",\"name\":\"Insights | Projeto Pack\",\"isPartOf\":{\"@id\":\"https:\/\/projetopack.com.br\/#website\"},\"primaryImageOfPage\":{\"@id\":\"https:\/\/projetopack.com.br\/insights\/#primaryimage\"},\"image\":{\"@id\":\"https:\/\/projetopack.com.br\/insights\/#primaryimage\"},\"thumbnailUrl\":\"https:\/\/projetopack.com.br\/wp-content\/uploads\/2020\/04\/Avatar-PP-Noticias.jpg\",\"datePublished\":\"2020-03-20T21:45:57+00:00\",\"dateModified\":\"2025-11-10T12:27:33+00:00\",\"description\":\"Leia os melhores insights da ind\u00fastria gr\u00e1fica, de embalagens e comunica\u00e7\u00e3o impressa e mantenha-se mais bem informado do que a concorr\u00eancia.\",\"breadcrumb\":{\"@id\":\"https:\/\/projetopack.com.br\/insights\/#breadcrumb\"},\"inLanguage\":\"en-US\",\"potentialAction\":[{\"@type\":\"ReadAction\",\"target\":[\"https:\/\/projetopack.com.br\/insights\/\"]}]},{\"@type\":\"ImageObject\",\"inLanguage\":\"en-US\",\"@id\":\"https:\/\/projetopack.com.br\/insights\/#primaryimage\",\"url\":\"https:\/\/projetopack.com.br\/wp-content\/uploads\/2020\/04\/Avatar-PP-Noticias.jpg\",\"contentUrl\":\"https:\/\/projetopack.com.br\/wp-content\/uploads\/2020\/04\/Avatar-PP-Noticias.jpg\",\"width\":540,\"height\":540,\"caption\":\"Not\u00edcias de Mercado\"},{\"@type\":\"BreadcrumbList\",\"@id\":\"https:\/\/projetopack.com.br\/insights\/#breadcrumb\",\"itemListElement\":[{\"@type\":\"ListItem\",\"position\":1,\"name\":\"P\u00e1gina Inicial\",\"item\":\"https:\/\/projetopack.com.br\/\"},{\"@type\":\"ListItem\",\"position\":2,\"name\":\"Insights\"}]},{\"@type\":\"WebSite\",\"@id\":\"https:\/\/projetopack.com.br\/#website\",\"url\":\"https:\/\/projetopack.com.br\/\",\"name\":\"ProjetoPack\",\"description\":\"Consultoria e servi\u00e7os para embalagens, r\u00f3tulos, etiquetas e processos de impress\u00e3o\",\"publisher\":{\"@id\":\"https:\/\/projetopack.com.br\/#organization\"},\"potentialAction\":[{\"@type\":\"SearchAction\",\"target\":{\"@type\":\"EntryPoint\",\"urlTemplate\":\"https:\/\/projetopack.com.br\/?s={search_term_string}\"},\"query-input\":{\"@type\":\"PropertyValueSpecification\",\"valueRequired\":true,\"valueName\":\"search_term_string\"}}],\"inLanguage\":\"en-US\"},{\"@type\":\"Organization\",\"@id\":\"https:\/\/projetopack.com.br\/#organization\",\"name\":\"ProjetoPack & Associados\",\"url\":\"https:\/\/projetopack.com.br\/\",\"logo\":{\"@type\":\"ImageObject\",\"inLanguage\":\"en-US\",\"@id\":\"https:\/\/projetopack.com.br\/#\/schema\/logo\/image\/\",\"url\":\"https:\/\/projetopack.com.br\/wp-content\/uploads\/2020\/09\/projetopack.png\",\"contentUrl\":\"https:\/\/projetopack.com.br\/wp-content\/uploads\/2020\/09\/projetopack.png\",\"width\":200,\"height\":200,\"caption\":\"ProjetoPack & Associados\"},\"image\":{\"@id\":\"https:\/\/projetopack.com.br\/#\/schema\/logo\/image\/\"},\"sameAs\":[\"https:\/\/x.com\/ProjetoPack\",\"https:\/\/www.linkedin.com\/company\/projetopack\/\"]}]}<\/script>\n<!-- \/ Yoast SEO Premium plugin. -->","yoast_head_json":{"title":"Insights | Projeto Pack","description":"Leia os melhores insights da ind\u00fastria gr\u00e1fica, de embalagens e comunica\u00e7\u00e3o impressa e mantenha-se mais bem informado do que a concorr\u00eancia.","robots":{"index":"index","follow":"follow","max-snippet":"max-snippet:-1","max-image-preview":"max-image-preview:large","max-video-preview":"max-video-preview:-1"},"canonical":"https:\/\/projetopack.com.br\/en\/insights\/","og_locale":"en_US","og_type":"article","og_title":"Insights","og_description":"Leia os melhores insights da ind\u00fastria gr\u00e1fica, de embalagens e comunica\u00e7\u00e3o impressa e mantenha-se mais bem informado do que a concorr\u00eancia.","og_url":"https:\/\/projetopack.com.br\/en\/insights\/","og_site_name":"ProjetoPack","article_modified_time":"2025-11-10T12:27:33+00:00","og_image":[{"width":540,"height":540,"url":"https:\/\/projetopack.com.br\/wp-content\/uploads\/2020\/04\/Avatar-PP-Noticias.jpg","type":"image\/jpeg"}],"twitter_card":"summary_large_image","twitter_site":"@ProjetoPack","twitter_misc":{"Est. reading time":"22 minutes"},"schema":{"@context":"https:\/\/schema.org","@graph":[{"@type":"WebPage","@id":"https:\/\/projetopack.com.br\/insights\/","url":"https:\/\/projetopack.com.br\/insights\/","name":"Insights | Projeto Pack","isPartOf":{"@id":"https:\/\/projetopack.com.br\/#website"},"primaryImageOfPage":{"@id":"https:\/\/projetopack.com.br\/insights\/#primaryimage"},"image":{"@id":"https:\/\/projetopack.com.br\/insights\/#primaryimage"},"thumbnailUrl":"https:\/\/projetopack.com.br\/wp-content\/uploads\/2020\/04\/Avatar-PP-Noticias.jpg","datePublished":"2020-03-20T21:45:57+00:00","dateModified":"2025-11-10T12:27:33+00:00","description":"Leia os melhores insights da ind\u00fastria gr\u00e1fica, de embalagens e comunica\u00e7\u00e3o impressa e mantenha-se mais bem informado do que a concorr\u00eancia.","breadcrumb":{"@id":"https:\/\/projetopack.com.br\/insights\/#breadcrumb"},"inLanguage":"en-US","potentialAction":[{"@type":"ReadAction","target":["https:\/\/projetopack.com.br\/insights\/"]}]},{"@type":"ImageObject","inLanguage":"en-US","@id":"https:\/\/projetopack.com.br\/insights\/#primaryimage","url":"https:\/\/projetopack.com.br\/wp-content\/uploads\/2020\/04\/Avatar-PP-Noticias.jpg","contentUrl":"https:\/\/projetopack.com.br\/wp-content\/uploads\/2020\/04\/Avatar-PP-Noticias.jpg","width":540,"height":540,"caption":"Not\u00edcias de Mercado"},{"@type":"BreadcrumbList","@id":"https:\/\/projetopack.com.br\/insights\/#breadcrumb","itemListElement":[{"@type":"ListItem","position":1,"name":"P\u00e1gina Inicial","item":"https:\/\/projetopack.com.br\/"},{"@type":"ListItem","position":2,"name":"Insights"}]},{"@type":"WebSite","@id":"https:\/\/projetopack.com.br\/#website","url":"https:\/\/projetopack.com.br\/","name":"ProjetoPack","description":"Consultoria e servi\u00e7os para embalagens, r\u00f3tulos, etiquetas e processos de impress\u00e3o","publisher":{"@id":"https:\/\/projetopack.com.br\/#organization"},"potentialAction":[{"@type":"SearchAction","target":{"@type":"EntryPoint","urlTemplate":"https:\/\/projetopack.com.br\/?s={search_term_string}"},"query-input":{"@type":"PropertyValueSpecification","valueRequired":true,"valueName":"search_term_string"}}],"inLanguage":"en-US"},{"@type":"Organization","@id":"https:\/\/projetopack.com.br\/#organization","name":"ProjetoPack & Associados","url":"https:\/\/projetopack.com.br\/","logo":{"@type":"ImageObject","inLanguage":"en-US","@id":"https:\/\/projetopack.com.br\/#\/schema\/logo\/image\/","url":"https:\/\/projetopack.com.br\/wp-content\/uploads\/2020\/09\/projetopack.png","contentUrl":"https:\/\/projetopack.com.br\/wp-content\/uploads\/2020\/09\/projetopack.png","width":200,"height":200,"caption":"ProjetoPack & Associados"},"image":{"@id":"https:\/\/projetopack.com.br\/#\/schema\/logo\/image\/"},"sameAs":["https:\/\/x.com\/ProjetoPack","https:\/\/www.linkedin.com\/company\/projetopack\/"]}]}},"_links":{"self":[{"href":"https:\/\/projetopack.com.br\/en\/wp-json\/wp\/v2\/pages\/4337","targetHints":{"allow":["GET"]}}],"collection":[{"href":"https:\/\/projetopack.com.br\/en\/wp-json\/wp\/v2\/pages"}],"about":[{"href":"https:\/\/projetopack.com.br\/en\/wp-json\/wp\/v2\/types\/page"}],"author":[{"embeddable":true,"href":"https:\/\/projetopack.com.br\/en\/wp-json\/wp\/v2\/users\/12"}],"replies":[{"embeddable":true,"href":"https:\/\/projetopack.com.br\/en\/wp-json\/wp\/v2\/comments?post=4337"}],"version-history":[{"count":0,"href":"https:\/\/projetopack.com.br\/en\/wp-json\/wp\/v2\/pages\/4337\/revisions"}],"wp:featuredmedia":[{"embeddable":true,"href":"https:\/\/projetopack.com.br\/en\/wp-json\/wp\/v2\/media\/5932"}],"wp:attachment":[{"href":"https:\/\/projetopack.com.br\/en\/wp-json\/wp\/v2\/media?parent=4337"}],"curies":[{"name":"wp","href":"https:\/\/api.w.org\/{rel}","templated":true}]}}