{"id":53411,"date":"2025-09-07T19:45:30","date_gmt":"2025-09-07T22:45:30","guid":{"rendered":"https:\/\/an1-homologacao.com.br\/projetopack\/?page_id=53411"},"modified":"2026-02-16T10:50:39","modified_gmt":"2026-02-16T13:50:39","slug":"think-tank","status":"publish","type":"page","link":"https:\/\/projetopack.com.br\/en\/think-tank\/","title":{"rendered":"Think Tank"},"content":{"rendered":"<div data-elementor-type=\"wp-page\" data-elementor-id=\"53411\" class=\"elementor elementor-53411\" data-elementor-post-type=\"page\">\n\t\t\t\t<div class=\"elementor-element elementor-element-6f8aa6f e-flex e-con-boxed e-con e-parent\" data-id=\"6f8aa6f\" data-element_type=\"container\" data-e-type=\"container\" data-settings=\"{&quot;background_background&quot;:&quot;video&quot;,&quot;jet_parallax_layout_list&quot;:[],&quot;background_video_link&quot;:&quot;https:\\\/\\\/projetopack.com.br\\\/wp-content\\\/uploads\\\/2025\\\/11\\\/Video2.mp4&quot;,&quot;background_video_start&quot;:0,&quot;background_play_on_mobile&quot;:&quot;yes&quot;}\">\n\t\t\t\t\t<div class=\"e-con-inner\">\n\t\t<div class=\"elementor-background-video-container\">\n\t\t\t\t\t\t\t<video class=\"elementor-background-video-hosted\" role=\"presentation\" autoplay muted playsinline loop><\/video>\n\t\t\t\t\t<\/div>\t\t<div class=\"elementor-element elementor-element-c9355b9 elementor-widget elementor-widget-image\" data-id=\"c9355b9\" data-element_type=\"widget\" data-e-type=\"widget\" data-widget_type=\"image.default\">\n\t\t\t\t\t\t\t\t\t\t\t\t\t\t\t<img fetchpriority=\"high\" decoding=\"async\" width=\"372\" height=\"154\" src=\"https:\/\/projetopack.com.br\/wp-content\/uploads\/2025\/09\/Print-Legacy-Initiative.png\" class=\"attachment-large size-large wp-image-53420\" alt=\"Print Legacy Initiative\" srcset=\"https:\/\/projetopack.com.br\/wp-content\/uploads\/2025\/09\/Print-Legacy-Initiative.png 372w, https:\/\/projetopack.com.br\/wp-content\/uploads\/2025\/09\/Print-Legacy-Initiative-300x124.png 300w, https:\/\/projetopack.com.br\/wp-content\/uploads\/2025\/09\/Print-Legacy-Initiative-18x7.png 18w\" sizes=\"(max-width: 372px) 100vw, 372px\" \/>\t\t\t\t\t\t\t\t\t\t\t\t\t\t\t<\/div>\n\t\t\t\t<div class=\"elementor-element elementor-element-1e00f67 elementor-widget elementor-widget-heading\" data-id=\"1e00f67\" data-element_type=\"widget\" data-e-type=\"widget\" data-widget_type=\"heading.default\">\n\t\t\t\t\t<h2 class=\"elementor-heading-title elementor-size-default\">Imprimindo um futuro melhor<\/h2>\t\t\t\t<\/div>\n\t\t\t\t<div class=\"elementor-element elementor-element-457b526 elementor-widget__width-initial elementor-widget elementor-widget-heading\" data-id=\"457b526\" data-element_type=\"widget\" data-e-type=\"widget\" data-widget_type=\"heading.default\">\n\t\t\t\t\t<h3 class=\"elementor-heading-title elementor-size-default\">UMA INICIATIVA DA PROJETOPACK<\/h3>\t\t\t\t<\/div>\n\t\t\t\t\t<\/div>\n\t\t\t\t<\/div>\n\t\t<div class=\"elementor-element elementor-element-96bbe24 e-flex e-con-boxed e-con e-parent\" data-id=\"96bbe24\" data-element_type=\"container\" data-e-type=\"container\" data-settings=\"{&quot;jet_parallax_layout_list&quot;:[],&quot;background_background&quot;:&quot;classic&quot;}\">\n\t\t\t\t\t<div class=\"e-con-inner\">\n\t\t\t\t<div class=\"elementor-element elementor-element-e238b86 elementor-widget elementor-widget-heading\" data-id=\"e238b86\" data-element_type=\"widget\" data-e-type=\"widget\" data-widget_type=\"heading.default\">\n\t\t\t\t\t<h1 class=\"elementor-heading-title elementor-size-default\">THINK TANK<\/h1>\t\t\t\t<\/div>\n\t\t\t\t<div class=\"elementor-element elementor-element-8d8cccc elementor-widget__width-initial elementor-widget elementor-widget-heading\" data-id=\"8d8cccc\" data-element_type=\"widget\" data-e-type=\"widget\" data-widget_type=\"heading.default\">\n\t\t\t\t\t<h2 class=\"elementor-heading-title elementor-size-default\">Imprimindo um futuro melhor<\/h2>\t\t\t\t<\/div>\n\t\t\t\t<div class=\"elementor-element elementor-element-f4edff4 elementor-widget__width-initial elementor-widget elementor-widget-text-editor\" data-id=\"f4edff4\" data-element_type=\"widget\" data-e-type=\"widget\" data-widget_type=\"text-editor.default\">\n\t\t\t\t\t\t\t\t\t<p>A <strong>ProjetoPack<\/strong> tem o orgulho de apresentar o primeiro Think Tank da <strong>Ind\u00fastria Gr\u00e1fica<\/strong> e de <strong>Impress\u00e3o<\/strong> do Mundo, o <strong>Print Legacy Initiative<\/strong>, dedicado a explorar, celebrar e promover o poder transformador da impress\u00e3o como ferramenta para resolver problemas sociais e humanos.<\/p><p>Acreditamos que, para al\u00e9m da sua fun\u00e7\u00e3o comercial e informativa, a <strong>ind\u00fastria gr\u00e1fica<\/strong> det\u00e9m um potencial imenso para ser uma <strong>for\u00e7a motriz de mudan\u00e7as positivas na sociedade<\/strong> e, mais amplamente, \u00e0 pr\u00f3pria ess\u00eancia do que \u00e9 \u201cser humano\u201d.<\/p>\t\t\t\t\t\t\t\t<\/div>\n\t\t\t\t\t<\/div>\n\t\t\t\t<\/div>\n\t\t<div class=\"elementor-element elementor-element-e76bfbb e-flex e-con-boxed e-con e-parent\" data-id=\"e76bfbb\" data-element_type=\"container\" data-e-type=\"container\" data-settings=\"{&quot;jet_parallax_layout_list&quot;:[]}\">\n\t\t\t\t\t<div class=\"e-con-inner\">\n\t\t<div class=\"elementor-element elementor-element-3919fb7 e-con-full e-flex e-con e-child\" data-id=\"3919fb7\" data-element_type=\"container\" data-e-type=\"container\" data-settings=\"{&quot;background_background&quot;:&quot;classic&quot;,&quot;jet_parallax_layout_list&quot;:[]}\">\n\t\t\t\t<div class=\"elementor-element elementor-element-a63140f elementor-widget__width-initial elementor-widget elementor-widget-heading\" data-id=\"a63140f\" data-element_type=\"widget\" data-e-type=\"widget\" data-widget_type=\"heading.default\">\n\t\t\t\t\t<h2 class=\"elementor-heading-title elementor-size-default\">Nossa miss\u00e3o<\/h2>\t\t\t\t<\/div>\n\t\t\t\t<div class=\"elementor-element elementor-element-719213d elementor-widget elementor-widget-text-editor\" data-id=\"719213d\" data-element_type=\"widget\" data-e-type=\"widget\" data-widget_type=\"text-editor.default\">\n\t\t\t\t\t\t\t\t\t<p>O <strong>Print Legacy Initiative<\/strong> nasce com a miss\u00e3o clara de <strong>dar visibilidade, voz e apoio<\/strong> a pessoas, projetos e ideias inovadoras que utilizam a impress\u00e3o \u2013 em todas as suas formas e tecnologias \u2013 para enfrentar desafios sociais contempor\u00e2neos e desafios humanos atemporais.<\/p><p>Queremos ser uma plataforma vibrante que conecta vision\u00e1rios, fomenta a colabora\u00e7\u00e3o, inspira a a\u00e7\u00e3o e demonstra como a criatividade e a capacidade produtiva do nosso setor podem gerar um impacto significativo e duradouro.<\/p>\t\t\t\t\t\t\t\t<\/div>\n\t\t\t\t<\/div>\n\t\t<div class=\"elementor-element elementor-element-ecab0a7 e-con-full e-flex e-con e-child\" data-id=\"ecab0a7\" data-element_type=\"container\" data-e-type=\"container\" data-settings=\"{&quot;background_background&quot;:&quot;classic&quot;,&quot;jet_parallax_layout_list&quot;:[]}\">\n\t\t\t\t<\/div>\n\t\t\t\t\t<\/div>\n\t\t\t\t<\/div>\n\t\t<div class=\"elementor-element elementor-element-4828cea e-flex e-con-boxed e-con e-parent\" data-id=\"4828cea\" data-element_type=\"container\" data-e-type=\"container\" data-settings=\"{&quot;jet_parallax_layout_list&quot;:[],&quot;background_background&quot;:&quot;classic&quot;}\">\n\t\t\t\t\t<div class=\"e-con-inner\">\n\t\t\t\t<div class=\"elementor-element elementor-element-6d0235a elementor-widget elementor-widget-heading\" data-id=\"6d0235a\" data-element_type=\"widget\" data-e-type=\"widget\" data-widget_type=\"heading.default\">\n\t\t\t\t\t<h3 class=\"elementor-heading-title elementor-size-default\">FOCOS DE ATUA\u00c7\u00c3O E INSPIRA\u00c7\u00c3O<\/h3>\t\t\t\t<\/div>\n\t\t\t\t<div class=\"elementor-element elementor-element-5e8064f elementor-widget__width-initial elementor-widget elementor-widget-heading\" data-id=\"5e8064f\" data-element_type=\"widget\" data-e-type=\"widget\" data-widget_type=\"heading.default\">\n\t\t\t\t\t<h2 class=\"elementor-heading-title elementor-size-default\">Buscamos identificar e destacar iniciativas que utilizam a impress\u00e3o para:<\/h2>\t\t\t\t<\/div>\n\t\t<div class=\"elementor-element elementor-element-9d3e795 e-con-full e-grid e-con e-child\" data-id=\"9d3e795\" data-element_type=\"container\" data-e-type=\"container\" data-settings=\"{&quot;jet_parallax_layout_list&quot;:[]}\">\n\t\t<a class=\"elementor-element elementor-element-658e9b4 e-con-full e-flex e-con e-child\" data-id=\"658e9b4\" data-element_type=\"container\" data-e-type=\"container\" data-settings=\"{&quot;jet_parallax_layout_list&quot;:[]}\" href=\"#\">\n\t\t\t\t<div class=\"elementor-element elementor-element-d8740d1 elementor-widget elementor-widget-image\" data-id=\"d8740d1\" data-element_type=\"widget\" data-e-type=\"widget\" data-widget_type=\"image.default\">\n\t\t\t\t\t\t\t\t\t\t\t\t\t\t\t<img decoding=\"async\" width=\"150\" height=\"150\" src=\"https:\/\/projetopack.com.br\/wp-content\/uploads\/2025\/09\/ico-educacao.png\" class=\"attachment-full size-full wp-image-53435\" alt=\"Educa\u00e7\u00e3o\" srcset=\"https:\/\/projetopack.com.br\/wp-content\/uploads\/2025\/09\/ico-educacao.png 150w, https:\/\/projetopack.com.br\/wp-content\/uploads\/2025\/09\/ico-educacao-12x12.png 12w\" sizes=\"(max-width: 150px) 100vw, 150px\" \/>\t\t\t\t\t\t\t\t\t\t\t\t\t\t\t<\/div>\n\t\t\t\t<div class=\"elementor-element elementor-element-07d40ff elementor-widget elementor-widget-heading\" data-id=\"07d40ff\" data-element_type=\"widget\" data-e-type=\"widget\" data-widget_type=\"heading.default\">\n\t\t\t\t\t<h3 class=\"elementor-heading-title elementor-size-default\">Educa\u00e7\u00e3o Transformadora<\/h3>\t\t\t\t<\/div>\n\t\t\t\t<div class=\"elementor-element elementor-element-cb35355 elementor-widget elementor-widget-text-editor\" data-id=\"cb35355\" data-element_type=\"widget\" data-e-type=\"widget\" data-widget_type=\"text-editor.default\">\n\t\t\t\t\t\t\t\t\t<p>Desenvolver e disseminar materiais did\u00e1ticos impressos acess\u00edveis, inovadores e inclusivos que melhorem a qualidade da educa\u00e7\u00e3o para crian\u00e7as e jovens, especialmente em comunidades carentes.<\/p>\t\t\t\t\t\t\t\t<\/div>\n\t\t\t\t<\/a>\n\t\t<a class=\"elementor-element elementor-element-b89162a e-con-full e-flex e-con e-child\" data-id=\"b89162a\" data-element_type=\"container\" data-e-type=\"container\" data-settings=\"{&quot;jet_parallax_layout_list&quot;:[]}\" href=\"#\">\n\t\t\t\t<div class=\"elementor-element elementor-element-df829e2 elementor-widget elementor-widget-image\" data-id=\"df829e2\" data-element_type=\"widget\" data-e-type=\"widget\" data-widget_type=\"image.default\">\n\t\t\t\t\t\t\t\t\t\t\t\t\t\t\t<img decoding=\"async\" width=\"150\" height=\"150\" src=\"https:\/\/projetopack.com.br\/wp-content\/uploads\/2025\/09\/ico-oportunidades.png\" class=\"attachment-large size-large wp-image-53434\" alt=\"Busca de Empregos\" srcset=\"https:\/\/projetopack.com.br\/wp-content\/uploads\/2025\/09\/ico-oportunidades.png 150w, https:\/\/projetopack.com.br\/wp-content\/uploads\/2025\/09\/ico-oportunidades-12x12.png 12w\" sizes=\"(max-width: 150px) 100vw, 150px\" \/>\t\t\t\t\t\t\t\t\t\t\t\t\t\t\t<\/div>\n\t\t\t\t<div class=\"elementor-element elementor-element-8d57736 elementor-widget elementor-widget-heading\" data-id=\"8d57736\" data-element_type=\"widget\" data-e-type=\"widget\" data-widget_type=\"heading.default\">\n\t\t\t\t\t<h3 class=\"elementor-heading-title elementor-size-default\">Gera\u00e7\u00e3o de Oportunidades<\/h3>\t\t\t\t<\/div>\n\t\t\t\t<div class=\"elementor-element elementor-element-910cc34 elementor-widget elementor-widget-text-editor\" data-id=\"910cc34\" data-element_type=\"widget\" data-e-type=\"widget\" data-widget_type=\"text-editor.default\">\n\t\t\t\t\t\t\t\t\t<p>Criar programas de capacita\u00e7\u00e3o e projetos que gerem emprego e renda atrav\u00e9s da tecnologia gr\u00e1fica e da produ\u00e7\u00e3o impressa, fomentando o empreendedorismo social.<\/p>\t\t\t\t\t\t\t\t<\/div>\n\t\t\t\t<\/a>\n\t\t<a class=\"elementor-element elementor-element-8d31eab e-con-full e-flex e-con e-child\" data-id=\"8d31eab\" data-element_type=\"container\" data-e-type=\"container\" data-settings=\"{&quot;jet_parallax_layout_list&quot;:[]}\" href=\"#\">\n\t\t\t\t<div class=\"elementor-element elementor-element-bf2a4de elementor-widget elementor-widget-image\" data-id=\"bf2a4de\" data-element_type=\"widget\" data-e-type=\"widget\" data-widget_type=\"image.default\">\n\t\t\t\t\t\t\t\t\t\t\t\t\t\t\t<img loading=\"lazy\" decoding=\"async\" width=\"150\" height=\"150\" src=\"https:\/\/projetopack.com.br\/wp-content\/uploads\/2025\/09\/ico-justica.png\" class=\"attachment-large size-large wp-image-53430\" alt=\"Justi\u00e7a e Redu\u00e7\u00e3o de Desigualdades\" srcset=\"https:\/\/projetopack.com.br\/wp-content\/uploads\/2025\/09\/ico-justica.png 150w, https:\/\/projetopack.com.br\/wp-content\/uploads\/2025\/09\/ico-justica-12x12.png 12w\" sizes=\"(max-width: 150px) 100vw, 150px\" \/>\t\t\t\t\t\t\t\t\t\t\t\t\t\t\t<\/div>\n\t\t\t\t<div class=\"elementor-element elementor-element-be91911 elementor-widget elementor-widget-heading\" data-id=\"be91911\" data-element_type=\"widget\" data-e-type=\"widget\" data-widget_type=\"heading.default\">\n\t\t\t\t\t<h3 class=\"elementor-heading-title elementor-size-default\">Redu\u00e7\u00e3o de Desigualdades<\/h3>\t\t\t\t<\/div>\n\t\t\t\t<div class=\"elementor-element elementor-element-1724802 elementor-widget elementor-widget-text-editor\" data-id=\"1724802\" data-element_type=\"widget\" data-e-type=\"widget\" data-widget_type=\"text-editor.default\">\n\t\t\t\t\t\t\t\t\t<p>Amplificar vozes de grupos menorizados, apoiar campanhas de conscientiza\u00e7\u00e3o sobre direitos humanos e promover a inclus\u00e3o social atrav\u00e9s de materiais impressos que informam e engajam.<\/p>\t\t\t\t\t\t\t\t<\/div>\n\t\t\t\t<\/a>\n\t\t<a class=\"elementor-element elementor-element-a3a838d e-con-full e-flex e-con e-child\" data-id=\"a3a838d\" data-element_type=\"container\" data-e-type=\"container\" data-settings=\"{&quot;jet_parallax_layout_list&quot;:[]}\" href=\"#\">\n\t\t\t\t<div class=\"elementor-element elementor-element-c1af8fd elementor-widget elementor-widget-image\" data-id=\"c1af8fd\" data-element_type=\"widget\" data-e-type=\"widget\" data-widget_type=\"image.default\">\n\t\t\t\t\t\t\t\t\t\t\t\t\t\t\t<img loading=\"lazy\" decoding=\"async\" width=\"150\" height=\"150\" src=\"https:\/\/projetopack.com.br\/wp-content\/uploads\/2025\/09\/ico-cultura.png\" class=\"attachment-large size-large wp-image-53429\" alt=\"Cultura\" srcset=\"https:\/\/projetopack.com.br\/wp-content\/uploads\/2025\/09\/ico-cultura.png 150w, https:\/\/projetopack.com.br\/wp-content\/uploads\/2025\/09\/ico-cultura-12x12.png 12w\" sizes=\"(max-width: 150px) 100vw, 150px\" \/>\t\t\t\t\t\t\t\t\t\t\t\t\t\t\t<\/div>\n\t\t\t\t<div class=\"elementor-element elementor-element-088f12d elementor-widget elementor-widget-heading\" data-id=\"088f12d\" data-element_type=\"widget\" data-e-type=\"widget\" data-widget_type=\"heading.default\">\n\t\t\t\t\t<h3 class=\"elementor-heading-title elementor-size-default\">Preserva\u00e7\u00e3o da Mem\u00f3ria e Cultura<\/h3>\t\t\t\t<\/div>\n\t\t\t\t<div class=\"elementor-element elementor-element-651978e elementor-widget elementor-widget-text-editor\" data-id=\"651978e\" data-element_type=\"widget\" data-e-type=\"widget\" data-widget_type=\"text-editor.default\">\n\t\t\t\t\t\t\t\t\tUtilizar a impress\u00e3o para registrar, proteger e divulgar o patrim\u00f4nio cultural, hist\u00f3rico e art\u00edstico, garantindo que a mem\u00f3ria coletiva seja preservada para as futuras gera\u00e7\u00f5es.\n\t\t\t\t\t\t\t\t<\/div>\n\t\t\t\t<\/a>\n\t\t<a class=\"elementor-element elementor-element-4443274 e-con-full e-flex e-con e-child\" data-id=\"4443274\" data-element_type=\"container\" data-e-type=\"container\" data-settings=\"{&quot;jet_parallax_layout_list&quot;:[]}\" href=\"#\">\n\t\t\t\t<div class=\"elementor-element elementor-element-94bfb80 elementor-widget elementor-widget-image\" data-id=\"94bfb80\" data-element_type=\"widget\" data-e-type=\"widget\" data-widget_type=\"image.default\">\n\t\t\t\t\t\t\t\t\t\t\t\t\t\t\t<img loading=\"lazy\" decoding=\"async\" width=\"150\" height=\"150\" src=\"https:\/\/projetopack.com.br\/wp-content\/uploads\/2025\/09\/ico-sustentabilidade.png\" class=\"attachment-large size-large wp-image-53428\" alt=\"Sustentabilidade\" srcset=\"https:\/\/projetopack.com.br\/wp-content\/uploads\/2025\/09\/ico-sustentabilidade.png 150w, https:\/\/projetopack.com.br\/wp-content\/uploads\/2025\/09\/ico-sustentabilidade-12x12.png 12w\" sizes=\"(max-width: 150px) 100vw, 150px\" \/>\t\t\t\t\t\t\t\t\t\t\t\t\t\t\t<\/div>\n\t\t\t\t<div class=\"elementor-element elementor-element-c1d61a2 elementor-widget elementor-widget-heading\" data-id=\"c1d61a2\" data-element_type=\"widget\" data-e-type=\"widget\" data-widget_type=\"heading.default\">\n\t\t\t\t\t<h3 class=\"elementor-heading-title elementor-size-default\">Sustentabilidade\nna Pr\u00e1tica<\/h3>\t\t\t\t<\/div>\n\t\t\t\t<div class=\"elementor-element elementor-element-2aedf0f elementor-widget elementor-widget-text-editor\" data-id=\"2aedf0f\" data-element_type=\"widget\" data-e-type=\"widget\" data-widget_type=\"text-editor.default\">\n\t\t\t\t\t\t\t\t\tPromover e dar luz a projetos que buscam ativamente diminuir o impacto ambiental da ind\u00fastria gr\u00e1fica e convertedora, incentivando o uso de tintas ecol\u00f3gicas, pap\u00e9is reciclados\/certificados, pl\u00e1sticos com maior circularidade, processos de produ\u00e7\u00e3o mais limpos, design para a circularidade e a redu\u00e7\u00e3o de res\u00edduos e desperd\u00edcios em toda a cadeia produtiva.\t\t\t\t\t\t\t\t<\/div>\n\t\t\t\t<\/a>\n\t\t<a class=\"elementor-element elementor-element-264f197 e-con-full e-flex e-con e-child\" data-id=\"264f197\" data-element_type=\"container\" data-e-type=\"container\" data-settings=\"{&quot;jet_parallax_layout_list&quot;:[]}\" href=\"#\">\n\t\t\t\t<div class=\"elementor-element elementor-element-ba85c20 elementor-widget elementor-widget-image\" data-id=\"ba85c20\" data-element_type=\"widget\" data-e-type=\"widget\" data-widget_type=\"image.default\">\n\t\t\t\t\t\t\t\t\t\t\t\t\t\t\t<img loading=\"lazy\" decoding=\"async\" width=\"150\" height=\"150\" src=\"https:\/\/projetopack.com.br\/wp-content\/uploads\/2025\/09\/ico-saude.png\" class=\"attachment-large size-large wp-image-53427\" alt=\"Sa\u00fade e Bem-Estar\" srcset=\"https:\/\/projetopack.com.br\/wp-content\/uploads\/2025\/09\/ico-saude.png 150w, https:\/\/projetopack.com.br\/wp-content\/uploads\/2025\/09\/ico-saude-12x12.png 12w\" sizes=\"(max-width: 150px) 100vw, 150px\" \/>\t\t\t\t\t\t\t\t\t\t\t\t\t\t\t<\/div>\n\t\t\t\t<div class=\"elementor-element elementor-element-7de531c elementor-widget elementor-widget-heading\" data-id=\"7de531c\" data-element_type=\"widget\" data-e-type=\"widget\" data-widget_type=\"heading.default\">\n\t\t\t\t\t<h3 class=\"elementor-heading-title elementor-size-default\">Sa\u00fade e Bem-Estar Comunit\u00e1rio<\/h3>\t\t\t\t<\/div>\n\t\t\t\t<div class=\"elementor-element elementor-element-492b531 elementor-widget elementor-widget-text-editor\" data-id=\"492b531\" data-element_type=\"widget\" data-e-type=\"widget\" data-widget_type=\"text-editor.default\">\n\t\t\t\t\t\t\t\t\t<p>Apoiar a cria\u00e7\u00e3o e distribui\u00e7\u00e3o de materiais impressos que eduquem sobre sa\u00fade preventiva, bem-estar e acesso a servi\u00e7os, contribuindo para comunidades mais saud\u00e1veis e informadas.<\/p>\t\t\t\t\t\t\t\t<\/div>\n\t\t\t\t<\/a>\n\t\t<a class=\"elementor-element elementor-element-07810fd e-con-full elementor-hidden-mobile e-flex e-con e-child\" data-id=\"07810fd\" data-element_type=\"container\" data-e-type=\"container\" data-settings=\"{&quot;jet_parallax_layout_list&quot;:[]}\" href=\"#\">\n\t\t\t\t<\/a>\n\t\t<a class=\"elementor-element elementor-element-5691efd e-con-full e-flex e-con e-child\" data-id=\"5691efd\" data-element_type=\"container\" data-e-type=\"container\" data-settings=\"{&quot;jet_parallax_layout_list&quot;:[]}\" href=\"#\">\n\t\t\t\t<div class=\"elementor-element elementor-element-3a40b3c elementor-widget elementor-widget-image\" data-id=\"3a40b3c\" data-element_type=\"widget\" data-e-type=\"widget\" data-widget_type=\"image.default\">\n\t\t\t\t\t\t\t\t\t\t\t\t\t\t\t<img loading=\"lazy\" decoding=\"async\" width=\"150\" height=\"150\" src=\"https:\/\/projetopack.com.br\/wp-content\/uploads\/2025\/09\/Estimulo-para-as-Novas-Geracoes-de-Graficos.png\" class=\"attachment-large size-large wp-image-53437\" alt=\"Est\u00edmulo para as Novas Gera\u00e7\u00f5es de Gr\u00e1ficos\" srcset=\"https:\/\/projetopack.com.br\/wp-content\/uploads\/2025\/09\/Estimulo-para-as-Novas-Geracoes-de-Graficos.png 150w, https:\/\/projetopack.com.br\/wp-content\/uploads\/2025\/09\/Estimulo-para-as-Novas-Geracoes-de-Graficos-12x12.png 12w\" sizes=\"(max-width: 150px) 100vw, 150px\" \/>\t\t\t\t\t\t\t\t\t\t\t\t\t\t\t<\/div>\n\t\t\t\t<div class=\"elementor-element elementor-element-b33aafb elementor-widget elementor-widget-heading\" data-id=\"b33aafb\" data-element_type=\"widget\" data-e-type=\"widget\" data-widget_type=\"heading.default\">\n\t\t\t\t\t<h3 class=\"elementor-heading-title elementor-size-default\">Est\u00edmulo para as Novas Gera\u00e7\u00f5es de Gr\u00e1ficos<\/h3>\t\t\t\t<\/div>\n\t\t\t\t<div class=\"elementor-element elementor-element-3d8f316 elementor-widget elementor-widget-text-editor\" data-id=\"3d8f316\" data-element_type=\"widget\" data-e-type=\"widget\" data-widget_type=\"text-editor.default\">\n\t\t\t\t\t\t\t\t\t<p>Fomentar iniciativas que estimulem o interesse e a atra\u00e7\u00e3o de jovens que ainda n\u00e3o escolheram suas profiss\u00f5es a considerar o m\u00e9tier gr\u00e1fico como uma op\u00e7\u00e3o de carreira.<\/p>\t\t\t\t\t\t\t\t<\/div>\n\t\t\t\t<\/a>\n\t\t\t\t<\/div>\n\t\t\t\t\t<\/div>\n\t\t\t\t<\/div>\n\t\t<div class=\"elementor-element elementor-element-77181ca e-flex e-con-boxed e-con e-parent\" data-id=\"77181ca\" data-element_type=\"container\" data-e-type=\"container\" data-settings=\"{&quot;jet_parallax_layout_list&quot;:[],&quot;background_background&quot;:&quot;classic&quot;}\">\n\t\t\t\t\t<div class=\"e-con-inner\">\n\t\t\t\t<div class=\"elementor-element elementor-element-ff6a4c5 elementor-widget elementor-widget-heading\" data-id=\"ff6a4c5\" data-element_type=\"widget\" data-e-type=\"widget\" data-widget_type=\"heading.default\">\n\t\t\t\t\t<h2 class=\"elementor-heading-title elementor-size-default\">COMO ATUAREMOS<\/h2>\t\t\t\t<\/div>\n\t\t\t\t<div class=\"elementor-element elementor-element-df92807 elementor-widget__width-initial elementor-widget elementor-widget-heading\" data-id=\"df92807\" data-element_type=\"widget\" data-e-type=\"widget\" data-widget_type=\"heading.default\">\n\t\t\t\t\t<h3 class=\"elementor-heading-title elementor-size-default\">O Print Legacy Initiative ir\u00e1:<\/h3>\t\t\t\t<\/div>\n\t\t\t\t<div class=\"elementor-element elementor-element-4092e38 elementor-widget elementor-widget-jet-horizontal-timeline\" data-id=\"4092e38\" data-element_type=\"widget\" data-e-type=\"widget\" data-settings=\"{&quot;columns&quot;:4,&quot;columns_tablet&quot;:2,&quot;columns_mobile&quot;:1}\" data-widget_type=\"jet-horizontal-timeline.default\">\n\t\t\t\t<div class=\"elementor-widget-container\">\n\t\t\t\t\t<div class=\"elementor-jet-horizontal-timeline jet-elements\">\n<div class=\"jet-hor-timeline jet-hor-timeline--layout-bottom jet-hor-timeline--align-left jet-hor-timeline--scroll-bar\">\n\t<div class=\"jet-hor-timeline-inner\">\n\t\t<div class=\"jet-hor-timeline-track\">\n\t\t\t<div class=\"jet-hor-timeline-list jet-hor-timeline-list--top\">\n<div class=\"jet-hor-timeline-item elementor-repeater-item-8048faa is-active\" data-item-id=\"8048faa\">\n\t\t\t\t<\/div>\n\n<div class=\"jet-hor-timeline-item elementor-repeater-item-0db7b30 is-active\" data-item-id=\"0db7b30\">\n\t\t\t\t<\/div>\n\n<div class=\"jet-hor-timeline-item elementor-repeater-item-1196f96 is-active\" data-item-id=\"1196f96\">\n\t\t\t\t<\/div>\n\n<div class=\"jet-hor-timeline-item elementor-repeater-item-d1567b9 is-active\" data-item-id=\"d1567b9\">\n\t\t\t\t<\/div>\n<\/div>\t\t\t<div class=\"jet-hor-timeline-list jet-hor-timeline-list--middle\">\n\t<div class=\"jet-hor-timeline__line\"><\/div>\n\n<div class=\"jet-hor-timeline-item elementor-repeater-item-8048faa is-active\" data-item-id=\"8048faa\">\n\t<div class=\"jet-hor-timeline-item__point\"><div class=\"jet-hor-timeline-item__point-content\"><span class=\"jet-elements-icon\"><svg aria-hidden=\"true\" class=\"e-font-icon-svg e-fas-circle\" viewbox=\"0 0 512 512\" xmlns=\"http:\/\/www.w3.org\/2000\/svg\"><path d=\"M256 8C119 8 8 119 8 256s111 248 248 248 248-111 248-248S393 8 256 8z\"><\/path><\/svg><\/span><\/div><\/div><\/div>\n\n<div class=\"jet-hor-timeline-item elementor-repeater-item-0db7b30 is-active\" data-item-id=\"0db7b30\">\n\t<div class=\"jet-hor-timeline-item__point\"><div class=\"jet-hor-timeline-item__point-content\"><span class=\"jet-elements-icon\"><svg aria-hidden=\"true\" class=\"e-font-icon-svg e-fas-circle\" viewbox=\"0 0 512 512\" xmlns=\"http:\/\/www.w3.org\/2000\/svg\"><path d=\"M256 8C119 8 8 119 8 256s111 248 248 248 248-111 248-248S393 8 256 8z\"><\/path><\/svg><\/span><\/div><\/div><\/div>\n\n<div class=\"jet-hor-timeline-item elementor-repeater-item-1196f96 is-active\" data-item-id=\"1196f96\">\n\t<div class=\"jet-hor-timeline-item__point\"><div class=\"jet-hor-timeline-item__point-content\"><span class=\"jet-elements-icon\"><svg aria-hidden=\"true\" class=\"e-font-icon-svg e-fas-circle\" viewbox=\"0 0 512 512\" xmlns=\"http:\/\/www.w3.org\/2000\/svg\"><path d=\"M256 8C119 8 8 119 8 256s111 248 248 248 248-111 248-248S393 8 256 8z\"><\/path><\/svg><\/span><\/div><\/div><\/div>\n\n<div class=\"jet-hor-timeline-item elementor-repeater-item-d1567b9 is-active\" data-item-id=\"d1567b9\">\n\t<div class=\"jet-hor-timeline-item__point\"><div class=\"jet-hor-timeline-item__point-content\"><span class=\"jet-elements-icon\"><svg aria-hidden=\"true\" class=\"e-font-icon-svg e-fas-circle\" viewbox=\"0 0 512 512\" xmlns=\"http:\/\/www.w3.org\/2000\/svg\"><path d=\"M256 8C119 8 8 119 8 256s111 248 248 248 248-111 248-248S393 8 256 8z\"><\/path><\/svg><\/span><\/div><\/div><\/div>\n<\/div>\t\t\t<div class=\"jet-hor-timeline-list jet-hor-timeline-list--bottom\">\n<div class=\"jet-hor-timeline-item elementor-repeater-item-8048faa is-active\" data-item-id=\"8048faa\">\n\t\t\t\n<div class=\"jet-hor-timeline-item__card\">\n\t<div class=\"jet-hor-timeline-item__card-inner\">\n\t\t<div class=\"jet-hor-timeline-item__card-desc\">Mapear e divulgar estudos de caso inspiradores.<\/div>\t<\/div>\n\t<\/div>\n\t<\/div>\n\n<div class=\"jet-hor-timeline-item elementor-repeater-item-0db7b30 is-active\" data-item-id=\"0db7b30\">\n\t\t\t\n<div class=\"jet-hor-timeline-item__card\">\n\t<div class=\"jet-hor-timeline-item__card-inner\">\n\t\t<div class=\"jet-hor-timeline-item__card-desc\">Promover debates, webinars e encontros com especialistas e protagonistas dessas iniciativas.<\/div>\t<\/div>\n\t<\/div>\n\t<\/div>\n\n<div class=\"jet-hor-timeline-item elementor-repeater-item-1196f96 is-active\" data-item-id=\"1196f96\">\n\t\t\t\n<div class=\"jet-hor-timeline-item__card\">\n\t<div class=\"jet-hor-timeline-item__card-inner\">\n\t\t<div class=\"jet-hor-timeline-item__card-desc\">Facilitar conex\u00f5es entre idealizadores de projetos, empresas do setor gr\u00e1fico e potenciais investidores\/apoiadores.<\/div>\t<\/div>\n\t<\/div>\n\t<\/div>\n\n<div class=\"jet-hor-timeline-item elementor-repeater-item-d1567b9 is-active\" data-item-id=\"d1567b9\">\n\t\t\t\n<div class=\"jet-hor-timeline-item__card\">\n\t<div class=\"jet-hor-timeline-item__card-inner\">\n\t\t<div class=\"jet-hor-timeline-item__card-desc\">Produzir conte\u00fado relevante (artigos, relat\u00f3rios, v\u00eddeos) que dissemine conhecimento e inspire novas a\u00e7\u00f5es.<\/div>\t<\/div>\n\t<\/div>\n\t<\/div>\n<\/div>\t\t<\/div>\n\t<\/div>\n\t<\/div><\/div>\t\t\t\t<\/div>\n\t\t\t\t<\/div>\n\t\t\t\t\t<\/div>\n\t\t\t\t<\/div>\n\t\t\t\t<\/div>","protected":false},"excerpt":{"rendered":"<p>Imprimindo um futuro melhor UMA INICIATIVA DA PROJETOPACK THINK TANK Imprimindo um futuro melhor A ProjetoPack tem o orgulho de apresentar o primeiro Think Tank da Ind\u00fastria Gr\u00e1fica e de Impress\u00e3o do Mundo, o Print Legacy Initiative, dedicado a explorar, celebrar e promover o poder transformador da impress\u00e3o como ferramenta para resolver problemas sociais e [&hellip;]<\/p>\n","protected":false},"author":12,"featured_media":0,"parent":0,"menu_order":0,"comment_status":"closed","ping_status":"closed","template":"","meta":{"footnotes":""},"class_list":["post-53411","page","type-page","status-publish","hentry"],"yoast_head":"<!-- This site is optimized with the Yoast SEO Premium plugin v27.1 (Yoast SEO v27.1.1) - https:\/\/yoast.com\/product\/yoast-seo-premium-wordpress\/ -->\n<title>Think Tank - ProjetoPack<\/title>\n<meta name=\"robots\" content=\"index, follow, max-snippet:-1, max-image-preview:large, max-video-preview:-1\" \/>\n<link rel=\"canonical\" href=\"https:\/\/projetopack.com.br\/en\/think-tank\/\" \/>\n<meta property=\"og:locale\" content=\"en_US\" \/>\n<meta property=\"og:type\" content=\"article\" \/>\n<meta property=\"og:title\" content=\"Think Tank\" \/>\n<meta property=\"og:description\" content=\"Imprimindo um futuro melhor UMA INICIATIVA DA PROJETOPACK THINK TANK Imprimindo um futuro melhor A ProjetoPack tem o orgulho de apresentar o primeiro Think Tank da Ind\u00fastria Gr\u00e1fica e de Impress\u00e3o do Mundo, o Print Legacy Initiative, dedicado a explorar, celebrar e promover o poder transformador da impress\u00e3o como ferramenta para resolver problemas sociais e [&hellip;]\" \/>\n<meta property=\"og:url\" content=\"https:\/\/projetopack.com.br\/en\/think-tank\/\" \/>\n<meta property=\"og:site_name\" content=\"ProjetoPack\" \/>\n<meta property=\"article:modified_time\" content=\"2026-02-16T13:50:39+00:00\" \/>\n<meta property=\"og:image\" content=\"https:\/\/projetopack.com.br\/wp-content\/uploads\/2025\/09\/Print-Legacy-Initiative.png\" \/>\n\t<meta property=\"og:image:width\" content=\"372\" \/>\n\t<meta property=\"og:image:height\" content=\"154\" \/>\n\t<meta property=\"og:image:type\" content=\"image\/png\" \/>\n<meta name=\"twitter:card\" content=\"summary_large_image\" \/>\n<meta name=\"twitter:site\" content=\"@ProjetoPack\" \/>\n<meta name=\"twitter:label1\" content=\"Est. reading time\" \/>\n\t<meta name=\"twitter:data1\" content=\"1 minute\" \/>\n<script type=\"application\/ld+json\" class=\"yoast-schema-graph\">{\"@context\":\"https:\/\/schema.org\",\"@graph\":[{\"@type\":\"WebPage\",\"@id\":\"https:\/\/projetopack.com.br\/think-tank\/\",\"url\":\"https:\/\/projetopack.com.br\/think-tank\/\",\"name\":\"Think Tank - ProjetoPack\",\"isPartOf\":{\"@id\":\"https:\/\/projetopack.com.br\/#website\"},\"primaryImageOfPage\":{\"@id\":\"https:\/\/projetopack.com.br\/think-tank\/#primaryimage\"},\"image\":{\"@id\":\"https:\/\/projetopack.com.br\/think-tank\/#primaryimage\"},\"thumbnailUrl\":\"https:\/\/projetopack.com.br\/wp-content\/uploads\/2025\/09\/Print-Legacy-Initiative.png\",\"datePublished\":\"2025-09-07T22:45:30+00:00\",\"dateModified\":\"2026-02-16T13:50:39+00:00\",\"breadcrumb\":{\"@id\":\"https:\/\/projetopack.com.br\/think-tank\/#breadcrumb\"},\"inLanguage\":\"en-US\",\"potentialAction\":[{\"@type\":\"ReadAction\",\"target\":[\"https:\/\/projetopack.com.br\/think-tank\/\"]}]},{\"@type\":\"ImageObject\",\"inLanguage\":\"en-US\",\"@id\":\"https:\/\/projetopack.com.br\/think-tank\/#primaryimage\",\"url\":\"https:\/\/projetopack.com.br\/wp-content\/uploads\/2025\/09\/Print-Legacy-Initiative.png\",\"contentUrl\":\"https:\/\/projetopack.com.br\/wp-content\/uploads\/2025\/09\/Print-Legacy-Initiative.png\"},{\"@type\":\"BreadcrumbList\",\"@id\":\"https:\/\/projetopack.com.br\/think-tank\/#breadcrumb\",\"itemListElement\":[{\"@type\":\"ListItem\",\"position\":1,\"name\":\"P\u00e1gina Inicial\",\"item\":\"https:\/\/projetopack.com.br\/\"},{\"@type\":\"ListItem\",\"position\":2,\"name\":\"Think Tank\"}]},{\"@type\":\"WebSite\",\"@id\":\"https:\/\/projetopack.com.br\/#website\",\"url\":\"https:\/\/projetopack.com.br\/\",\"name\":\"ProjetoPack\",\"description\":\"Consultoria e servi\u00e7os para embalagens, r\u00f3tulos, etiquetas e processos de impress\u00e3o\",\"publisher\":{\"@id\":\"https:\/\/projetopack.com.br\/#organization\"},\"potentialAction\":[{\"@type\":\"SearchAction\",\"target\":{\"@type\":\"EntryPoint\",\"urlTemplate\":\"https:\/\/projetopack.com.br\/?s={search_term_string}\"},\"query-input\":{\"@type\":\"PropertyValueSpecification\",\"valueRequired\":true,\"valueName\":\"search_term_string\"}}],\"inLanguage\":\"en-US\"},{\"@type\":\"Organization\",\"@id\":\"https:\/\/projetopack.com.br\/#organization\",\"name\":\"ProjetoPack & Associados\",\"url\":\"https:\/\/projetopack.com.br\/\",\"logo\":{\"@type\":\"ImageObject\",\"inLanguage\":\"en-US\",\"@id\":\"https:\/\/projetopack.com.br\/#\/schema\/logo\/image\/\",\"url\":\"https:\/\/projetopack.com.br\/wp-content\/uploads\/2020\/09\/projetopack.png\",\"contentUrl\":\"https:\/\/projetopack.com.br\/wp-content\/uploads\/2020\/09\/projetopack.png\",\"width\":200,\"height\":200,\"caption\":\"ProjetoPack & Associados\"},\"image\":{\"@id\":\"https:\/\/projetopack.com.br\/#\/schema\/logo\/image\/\"},\"sameAs\":[\"https:\/\/x.com\/ProjetoPack\",\"https:\/\/www.linkedin.com\/company\/projetopack\/\"]}]}<\/script>\n<!-- \/ Yoast SEO Premium plugin. -->","yoast_head_json":{"title":"Think Tank - ProjetoPack","robots":{"index":"index","follow":"follow","max-snippet":"max-snippet:-1","max-image-preview":"max-image-preview:large","max-video-preview":"max-video-preview:-1"},"canonical":"https:\/\/projetopack.com.br\/en\/think-tank\/","og_locale":"en_US","og_type":"article","og_title":"Think Tank","og_description":"Imprimindo um futuro melhor UMA INICIATIVA DA PROJETOPACK THINK TANK Imprimindo um futuro melhor A ProjetoPack tem o orgulho de apresentar o primeiro Think Tank da Ind\u00fastria Gr\u00e1fica e de Impress\u00e3o do Mundo, o Print Legacy Initiative, dedicado a explorar, celebrar e promover o poder transformador da impress\u00e3o como ferramenta para resolver problemas sociais e [&hellip;]","og_url":"https:\/\/projetopack.com.br\/en\/think-tank\/","og_site_name":"ProjetoPack","article_modified_time":"2026-02-16T13:50:39+00:00","og_image":[{"width":372,"height":154,"url":"https:\/\/projetopack.com.br\/wp-content\/uploads\/2025\/09\/Print-Legacy-Initiative.png","type":"image\/png"}],"twitter_card":"summary_large_image","twitter_site":"@ProjetoPack","twitter_misc":{"Est. reading time":"1 minute"},"schema":{"@context":"https:\/\/schema.org","@graph":[{"@type":"WebPage","@id":"https:\/\/projetopack.com.br\/think-tank\/","url":"https:\/\/projetopack.com.br\/think-tank\/","name":"Think Tank - ProjetoPack","isPartOf":{"@id":"https:\/\/projetopack.com.br\/#website"},"primaryImageOfPage":{"@id":"https:\/\/projetopack.com.br\/think-tank\/#primaryimage"},"image":{"@id":"https:\/\/projetopack.com.br\/think-tank\/#primaryimage"},"thumbnailUrl":"https:\/\/projetopack.com.br\/wp-content\/uploads\/2025\/09\/Print-Legacy-Initiative.png","datePublished":"2025-09-07T22:45:30+00:00","dateModified":"2026-02-16T13:50:39+00:00","breadcrumb":{"@id":"https:\/\/projetopack.com.br\/think-tank\/#breadcrumb"},"inLanguage":"en-US","potentialAction":[{"@type":"ReadAction","target":["https:\/\/projetopack.com.br\/think-tank\/"]}]},{"@type":"ImageObject","inLanguage":"en-US","@id":"https:\/\/projetopack.com.br\/think-tank\/#primaryimage","url":"https:\/\/projetopack.com.br\/wp-content\/uploads\/2025\/09\/Print-Legacy-Initiative.png","contentUrl":"https:\/\/projetopack.com.br\/wp-content\/uploads\/2025\/09\/Print-Legacy-Initiative.png"},{"@type":"BreadcrumbList","@id":"https:\/\/projetopack.com.br\/think-tank\/#breadcrumb","itemListElement":[{"@type":"ListItem","position":1,"name":"P\u00e1gina Inicial","item":"https:\/\/projetopack.com.br\/"},{"@type":"ListItem","position":2,"name":"Think Tank"}]},{"@type":"WebSite","@id":"https:\/\/projetopack.com.br\/#website","url":"https:\/\/projetopack.com.br\/","name":"ProjetoPack","description":"Consultoria e servi\u00e7os para embalagens, r\u00f3tulos, etiquetas e processos de impress\u00e3o","publisher":{"@id":"https:\/\/projetopack.com.br\/#organization"},"potentialAction":[{"@type":"SearchAction","target":{"@type":"EntryPoint","urlTemplate":"https:\/\/projetopack.com.br\/?s={search_term_string}"},"query-input":{"@type":"PropertyValueSpecification","valueRequired":true,"valueName":"search_term_string"}}],"inLanguage":"en-US"},{"@type":"Organization","@id":"https:\/\/projetopack.com.br\/#organization","name":"ProjetoPack & Associados","url":"https:\/\/projetopack.com.br\/","logo":{"@type":"ImageObject","inLanguage":"en-US","@id":"https:\/\/projetopack.com.br\/#\/schema\/logo\/image\/","url":"https:\/\/projetopack.com.br\/wp-content\/uploads\/2020\/09\/projetopack.png","contentUrl":"https:\/\/projetopack.com.br\/wp-content\/uploads\/2020\/09\/projetopack.png","width":200,"height":200,"caption":"ProjetoPack & Associados"},"image":{"@id":"https:\/\/projetopack.com.br\/#\/schema\/logo\/image\/"},"sameAs":["https:\/\/x.com\/ProjetoPack","https:\/\/www.linkedin.com\/company\/projetopack\/"]}]}},"_links":{"self":[{"href":"https:\/\/projetopack.com.br\/en\/wp-json\/wp\/v2\/pages\/53411","targetHints":{"allow":["GET"]}}],"collection":[{"href":"https:\/\/projetopack.com.br\/en\/wp-json\/wp\/v2\/pages"}],"about":[{"href":"https:\/\/projetopack.com.br\/en\/wp-json\/wp\/v2\/types\/page"}],"author":[{"embeddable":true,"href":"https:\/\/projetopack.com.br\/en\/wp-json\/wp\/v2\/users\/12"}],"replies":[{"embeddable":true,"href":"https:\/\/projetopack.com.br\/en\/wp-json\/wp\/v2\/comments?post=53411"}],"version-history":[{"count":0,"href":"https:\/\/projetopack.com.br\/en\/wp-json\/wp\/v2\/pages\/53411\/revisions"}],"wp:attachment":[{"href":"https:\/\/projetopack.com.br\/en\/wp-json\/wp\/v2\/media?parent=53411"}],"curies":[{"name":"wp","href":"https:\/\/api.w.org\/{rel}","templated":true}]}}